{"id":2250,"date":"2026-06-14T15:56:37","date_gmt":"2026-06-14T13:56:37","guid":{"rendered":"http:\/\/selbecke125.de\/?page_id=2250"},"modified":"2026-08-01T11:56:34","modified_gmt":"2026-08-01T09:56:34","slug":"die-turnerschaft-singt-nicht-mehr","status":"publish","type":"page","link":"http:\/\/selbecke125.de\/?page_id=2250","title":{"rendered":"Die Turnerschaft singt nicht mehr \u2026"},"content":{"rendered":"\t\t<div data-elementor-type=\"wp-post\" data-elementor-id=\"2250\" class=\"elementor elementor-2250\" data-elementor-post-type=\"page\">\n\t\t\t\t<div class=\"elementor-element elementor-element-5dc2cf0 e-flex e-con-boxed e-con e-parent\" data-id=\"5dc2cf0\" data-element_type=\"container\" data-settings=\"{&quot;jet_parallax_layout_list&quot;:[]}\">\n\t\t\t\t\t<div class=\"e-con-inner\">\n\t\t\t\t<div class=\"elementor-element elementor-element-7b04b5e elementor-widget elementor-widget-spacer\" data-id=\"7b04b5e\" data-element_type=\"widget\" data-widget_type=\"spacer.default\">\n\t\t\t\t<div class=\"elementor-widget-container\">\n\t\t\t\t\t\t\t<div class=\"elementor-spacer\">\n\t\t\t<div class=\"elementor-spacer-inner\"><\/div>\n\t\t<\/div>\n\t\t\t\t\t\t<\/div>\n\t\t\t\t<\/div>\n\t\t\t\t\t<\/div>\n\t\t\t\t<\/div>\n\t\t<div class=\"elementor-element elementor-element-00e04a6 e-flex e-con-boxed e-con e-parent\" data-id=\"00e04a6\" data-element_type=\"container\" data-settings=\"{&quot;jet_parallax_layout_list&quot;:[]}\">\n\t\t\t\t\t<div class=\"e-con-inner\">\n\t\t\t\t<div class=\"elementor-element elementor-element-e107356 elementor-widget elementor-widget-heading\" data-id=\"e107356\" data-element_type=\"widget\" data-widget_type=\"heading.default\">\n\t\t\t\t<div class=\"elementor-widget-container\">\n\t\t\t\t\t<h2 class=\"elementor-heading-title elementor-size-default\">Singen die denn nicht mehr?<\/h2>\t\t\t\t<\/div>\n\t\t\t\t<\/div>\n\t\t\t\t\t<\/div>\n\t\t\t\t<\/div>\n\t\t<div class=\"elementor-element elementor-element-98f89a1 e-flex e-con-boxed e-con e-parent\" data-id=\"98f89a1\" data-element_type=\"container\" data-settings=\"{&quot;jet_parallax_layout_list&quot;:[]}\">\n\t\t\t\t\t<div class=\"e-con-inner\">\n\t\t\t\t<div class=\"elementor-element elementor-element-f19dd41 elementor-widget elementor-widget-spacer\" data-id=\"f19dd41\" data-element_type=\"widget\" data-widget_type=\"spacer.default\">\n\t\t\t\t<div class=\"elementor-widget-container\">\n\t\t\t\t\t\t\t<div class=\"elementor-spacer\">\n\t\t\t<div class=\"elementor-spacer-inner\"><\/div>\n\t\t<\/div>\n\t\t\t\t\t\t<\/div>\n\t\t\t\t<\/div>\n\t\t\t\t\t<\/div>\n\t\t\t\t<\/div>\n\t\t<div class=\"elementor-element elementor-element-d51971d e-flex e-con-boxed e-con e-parent\" data-id=\"d51971d\" data-element_type=\"container\" data-settings=\"{&quot;jet_parallax_layout_list&quot;:[]}\">\n\t\t\t\t\t<div class=\"e-con-inner\">\n\t\t\t\t<div class=\"elementor-element elementor-element-d05ebf0 elementor-widget elementor-widget-text-editor\" data-id=\"d05ebf0\" data-element_type=\"widget\" data-widget_type=\"text-editor.default\">\n\t\t\t\t<div class=\"elementor-widget-container\">\n\t\t\t\t\t\t\t\t\t<p>Kommt man heute an einem Sonntag in die Rundturnhalle, und die Mannschaften der Turnerschaft haben ihre Gegner <em>in eigener Halle<\/em> zu Gast, so kann man sich \u00fcber mangelnde Beschallung nicht beschweren: Die Anh\u00e4ngerInnen der eigenen Mannschaften und die der G\u00e4ste tun alles, um die je eigenen Mannschaften zu unterst\u00fctzen. Dazu werden Schallger\u00e4te unterschiedlicher Art verwendet, Zwischenansagen zu den erzielten Toren kommen \u00fcber Lautsprecher, manchmal begleitet von eindringlicher Musik und dem Jubel der ZuschauerInnen. Um Missverst\u00e4ndnissen vorzubeugen: Alle Sportsfreunde und \u2013freundinnen gehen mit, sie erfreuen sich am sportlichen Wettbewerb, an den Ritualen und dem Event-Charakter der sportlichen Begegnungen, und das ist gut so, auch und gerade f\u00fcr unseren eher kleineren Verein!<\/p><p>Was einem alten Handballer, der schon auf Kleinfeld gespielt, aber auch noch zu Feldhandballspielen aufgelaufen ist, dabei auff\u00e4llt: Es wird nicht mehr gesungen! Nicht vor, w\u00e4hrend und nach einem Spiel, auch nicht bei sich anschlie\u00dfendem Beisammensein, und auch nicht am Bierstand oder bei Vereinsfesten \u2013 eine Vereinskneipe gibt\u00b4s ja schon lange nicht mehr.<\/p><p>Vielleicht lohnt es sich, diesem Ph\u00e4nomen nachzugehen?<\/p><p>Bereits in der Festschrift zum 100j\u00e4hrigen Bestehen der Selbecker Turnerschaft ist ein Beitrag des langj\u00e4hrigen Vorsitzenden unseres Vereins enthalten:<\/p>\t\t\t\t\t\t\t\t<\/div>\n\t\t\t\t<\/div>\n\t\t\t\t\t<\/div>\n\t\t\t\t<\/div>\n\t\t<div class=\"elementor-element elementor-element-4880548 e-flex e-con-boxed e-con e-parent\" data-id=\"4880548\" data-element_type=\"container\" data-settings=\"{&quot;jet_parallax_layout_list&quot;:[]}\">\n\t\t\t\t\t<div class=\"e-con-inner\">\n\t\t<div class=\"elementor-element elementor-element-de14e65 e-con-full e-flex e-con e-child\" data-id=\"de14e65\" data-element_type=\"container\" data-settings=\"{&quot;jet_parallax_layout_list&quot;:[]}\">\n\t\t\t\t<\/div>\n\t\t<div class=\"elementor-element elementor-element-955f3d1 e-con-full e-flex e-con e-child\" data-id=\"955f3d1\" data-element_type=\"container\" data-settings=\"{&quot;jet_parallax_layout_list&quot;:[]}\">\n\t\t\t\t<div class=\"elementor-element elementor-element-4866e34 elementor-widget elementor-widget-image\" data-id=\"4866e34\" data-element_type=\"widget\" data-widget_type=\"image.default\">\n\t\t\t\t<div class=\"elementor-widget-container\">\n\t\t\t\t\t\t\t\t\t\t\t\t\t\t\t<img fetchpriority=\"high\" decoding=\"async\" width=\"1024\" height=\"537\" src=\"http:\/\/selbecke125.de\/wp-content\/uploads\/2026\/06\/turnen-und-gesang-1024x537.png\" class=\"attachment-large size-large wp-image-2251\" alt=\"\" srcset=\"http:\/\/selbecke125.de\/wp-content\/uploads\/2026\/06\/turnen-und-gesang-1024x537.png 1024w, http:\/\/selbecke125.de\/wp-content\/uploads\/2026\/06\/turnen-und-gesang-300x157.png 300w, http:\/\/selbecke125.de\/wp-content\/uploads\/2026\/06\/turnen-und-gesang-768x403.png 768w, http:\/\/selbecke125.de\/wp-content\/uploads\/2026\/06\/turnen-und-gesang.png 1294w\" sizes=\"(max-width: 1024px) 100vw, 1024px\" \/>\t\t\t\t\t\t\t\t\t\t\t\t\t\t\t<\/div>\n\t\t\t\t<\/div>\n\t\t\t\t<\/div>\n\t\t<div class=\"elementor-element elementor-element-de6a8e6 e-con-full e-flex e-con e-child\" data-id=\"de6a8e6\" data-element_type=\"container\" data-settings=\"{&quot;jet_parallax_layout_list&quot;:[]}\">\n\t\t\t\t<\/div>\n\t\t\t\t\t<\/div>\n\t\t\t\t<\/div>\n\t\t<div class=\"elementor-element elementor-element-7131760 e-flex e-con-boxed e-con e-parent\" data-id=\"7131760\" data-element_type=\"container\" data-settings=\"{&quot;jet_parallax_layout_list&quot;:[]}\">\n\t\t\t\t\t<div class=\"e-con-inner\">\n\t\t\t\t<div class=\"elementor-element elementor-element-53fca45 elementor-widget elementor-widget-text-editor\" data-id=\"53fca45\" data-element_type=\"widget\" data-widget_type=\"text-editor.default\">\n\t\t\t\t<div class=\"elementor-widget-container\">\n\t\t\t\t\t\t\t\t\t<p>Karl Klawonn, 1. Vorsitzender von 1968 bis 1978,\u00a0 schreibt sicher aus der Tradition der <strong>Turn<\/strong>-Vereine, von der sich unser Verein bereits vor 1996 gel\u00f6st hatte; sein Beitrag ist im Hinblick auf Selbecker Rituale gleichwohl lesenswert:<\/p><p>So endete <em>in den Nachkriegsjahren jede Vereinsversammlung, jede Vorstandssitzung und jede Feier [\u2026] mit der alten Turnerhymne \u201eTurner, auf zum Streite \u2026\u201c<\/em>; die aktiven Sportler, <em>die immer weniger reine Turner als fast nur noch Handballer <\/em>waren, sangen die Vereinshymne \u201eGr\u00fcn und wei\u00df, wie lieb ich dich \u2026\u201c, und in geselliger Runde dann den Hammerschmied (<em>Es ist ja kein D\u00f6rflein so klein<\/em> \u2026).<\/p><p>Im weiteren Verlauf seines Textes geht er der Frage nach, wie fr\u00fcher in Turn- und Sportlerkreisen gesungen wurde. Er folgt der Devise \u201efrisch, fromm, fr\u00f6hlich, frei\u201c von Turnvater Jahn und f\u00fchrt vielf\u00e4ltige Beispiele alter Sanges-Kultur an (vgl. hierzu: Karl Klawonn: TURNEN UND GESANG).<\/p><p>Sein Fazit:<\/p><p><em>Turnen und Gesang, die enge Bindung besteht nicht mehr, ist auch wohl nicht mehr in der beschriebenen Form wiederzubeleben. Die heutige Jugend, wenn nicht die ganze Gesellschaft, ist mit einem \u00fcppigen Medien\u00fcberangebot gesegnet, das fast keinen Bedarf mehr aufkommen l\u00e4sst nach Gesang. <\/em><\/p><p><em>Die Erinnerung aber an besinnliches, feierliches, fr\u00f6hliches, auch wohl tr\u00f6stliches, Singen bleibt.<\/em><\/p><p>Immerhin kommt es immer wieder dazu, dass, wenn einige Alte zusammenstehen, der <em>Hammerschmied<\/em> gesungen wird, <em>S\u00e4\u0259lbke 1-2-3<\/em> schlie\u00dft sich an, und <em>Wer hat unser Spiel heut verlooren ? <\/em>In beliebiger Reihenfolge folgen dann <em>Lot<\/em> s<em>\u0259 us alle wat dri:ten &#8212; \u00a0Gr\u00fcn und wei\u00df \u00a0&#8212; Wir Selbecker Jungen \/ M\u00e4dchen &#8212; Et gi\u0259t kein Verein im Su\u0259land \u2026 <\/em>und <em>inne Bunnesrepublik &#8230;<\/em><\/p><p>Wenn Karl Klawonn bereits 1996 von einem <em>\u00fcppigen Medienangebot<\/em> spricht, so hat sich dieses in den letzten 30 Jahren noch potenziert. Noch bis in die 1980er Jahre waren die seit der Kindheit gewachsenen Beziehungen zwischen den Vereinsmitgliedern ein enges Band mit gemeinsamen Erinnerungen, und mit gemeinsamer (Trink- und) Gesangskultur; sp\u00e4ter wurden, wohl auch wegen der heterogeneren Mitgliederstruktur, Traditionen nicht weiter gegeben, sie verschwanden.<\/p><p>Irgendwann wurden in der Vereinsarbeit andere Priorit\u00e4ten gesetzt, die Leistung von Mannschaften z\u00e4hlte auf andere Weise (\u201edieses Jahr m\u00fcssen wir aufsteigen\u201c), Spielerinnen und Spieler aus anderen Vereinen erg\u00e4nzten den urspr\u00fcnglichen Selbecker Kader, sie wurden und werden f\u00fcr die Zeit ihres Einsatzes in einer Mannschaft zu Vereinsmitgliedern, mit vielf\u00e4ltigen oder keinen besonderen Erwartungen an das Vereinsleben; und nach dem Spiel geht\u00b4s ab nach Hause.<\/p><p>Falls es vom Vorstand, der Handballabteilungsleitung oder einzelnen \u201e\u00e4lteren\u201c Selbecker Spielerinnen und Spielern Bem\u00fchungen gegeben h\u00e4tte die Tradition zu singen fortzuf\u00fchren: H\u00e4tte es gelingen k\u00f6nnen? W\u00e4re es gew\u00fcnscht gewesen? Oder allenfalls geduldet?<\/p><p>Sp\u00e4testens hier ist eine Bemerkung n\u00f6tig: Der Verfasser ist nicht der Meinung, dass unser Verein eine falsche Richtung eingeschlagen hat, im Gegenteil: Das gro\u00dfe Engagement seiner Mitglieder und seiner Entscheidungstr\u00e4gerInnen hat dazu gef\u00fchrt, dass wir als Vorstadtverein manche Nachbarvereine \u00fcberlebt haben, dass er lebt und weiterhin gro\u00dfe sportliche Attraktivit\u00e4t bietet, dass er mit seinen Festen und Unternehmungen \u00fcber seine Mitglieder hinaus das Leben im Stadtteil pr\u00e4gt und belebt.<\/p><p>Allenfalls mag man anf\u00fchren, dass manche Erfahrungen und Gedanken der \u00c4lteren (so viele gibt es ja nicht mehr) es verdient h\u00e4tten in \u00dcberlegungen zur Weiterentwicklung des Vereins einbezogen zu werden.<\/p><p>Und nun?<\/p><p>Wir, die Alten, die dem Verein nach wie vor nahe stehen, haben u.a. \u00fcber unsere Lieder Gef\u00fchle von Gemeinschaft und emotionaler Zugeh\u00f6rigkeit zum Verein und zum Stadtteil entwickelt, nicht umsonst sind einige von uns immer noch dabei; noch heute bringen uns Lieder in diese besondere Stimmung, sorgen f\u00fcr Lachen \u2013 und wohl auch f\u00fcr ein bisschen Wehmut. Also, finden wir uns damit ab, nur gelegentlich am Bierstand alte Lieder zu singen?<\/p><p>\u00a0Und sie, die Jungen und oft Ortsfremden und Zugereisten, die seit 30 Jahren keine Lieder mehr singen: Ist f\u00fcr sie eine Wiederbelebung der Sangesrituale \u00fcberhaupt vorstellbar, und w\u00fcnschenswert?<\/p><p>W\u00fcrde das \u00fcberhaupt emotional passen, f\u00fcr die Alten und f\u00fcr die J\u00fcngeren?<\/p><p>Mal angenommen, man k\u00e4me zu dem Ergebnis, dass es einen Versuch wert sei zu versuchen das Singen wieder einzuf\u00fchren, immerhin haben wir in der Nachbarschaft gro\u00dfe Vorbilder: Borussia Dortmund \u2013 <em>You\u00b4ll never walk alone<\/em>; Schalke 04 \u2013 <em>Blau und wei\u00df, wie lieb ich dich<\/em>. Wie k\u00f6nnten wir dann unsere Lieder wieder reaktivieren? Unabh\u00e4ngig davon, ob sich eine emotionale Bindung zum Verein und zur Selbecke einstellt &#8211; ein paar Gedankenspiele:<\/p><ul><li>Eine Gruppe \u00c4lterer f\u00e4ngt bei Veranstaltungen an, eine Liederliste liegt aus \u2026<\/li><li>Zu Beginn eines Spiels in der Sporthalle wird die Vereinshymne (<em>Gr\u00fcn und Wei\u00df<\/em> \u2026 aufgenommen von einer Gruppe der \u00e4lteren und alten Spielerinnen und Spieler) \u00fcber den Hallenlautsprecher gespielt \u2026<\/li><li>Zum Ende eines (gewonnenen) Spiels folgt der Hammerschmied (<em>Es ist ja kein D\u00f6rflein<\/em> \u2026)<\/li><li>Bei Vereinsfesten k\u00f6nnte man es einplanen, \u00fcben, ritualisieren \u2026<\/li><li>Die Hymne k\u00f6nnte man Jugendlichen nahe bringen \u2013 bei den Trinkliedern sollten wir besser warten \u2026<\/li><li>Bei Mitgliederehrungen in lockerer Atmosph\u00e4re: Aufstehen und Singen \u2026<\/li><li>Wohl angestaubt, oder doch attraktiv, weil alternativ?: Die JHV mit einem Lied beginnen \u2026<\/li><li>Eine Liederliste mit den Texten erstellen \u2026<\/li><li>Die aufgenommenen Lieder auf der Homepage und in Sozialen Medien verf\u00fcgbar machen \u2026<\/li><li>Haben wir einen DJ, der zum Singen animieren k\u00f6nnte? \u2026<\/li><li>Die Alten m\u00fcssten Vorbilder sein und in mit fr\u00fcher vergleichbaren Situationen loslegen \u2026<\/li><li>\u2026 und auf dese Weise langsam versuchen eine neue alte Tradition zu etablieren.<\/li><\/ul>\t\t\t\t\t\t\t\t<\/div>\n\t\t\t\t<\/div>\n\t\t\t\t\t<\/div>\n\t\t\t\t<\/div>\n\t\t\t\t<\/div>\n\t\t","protected":false},"excerpt":{"rendered":"<p>Singen die denn nicht mehr? Kommt man heute an einem Sonntag in die Rundturnhalle, und die Mannschaften der Turnerschaft haben ihre Gegner in eigener Halle zu Gast, so kann man sich \u00fcber mangelnde Beschallung nicht beschweren: Die Anh\u00e4ngerInnen der eigenen Mannschaften und die der G\u00e4ste tun alles, um die je eigenen Mannschaften zu unterst\u00fctzen. Dazu [&hellip;]<\/p>\n","protected":false},"author":1,"featured_media":0,"parent":0,"menu_order":0,"comment_status":"closed","ping_status":"closed","template":"elementor_header_footer","meta":{"_acf_changed":false,"footnotes":""},"class_list":["post-2250","page","type-page","status-publish","hentry"],"acf":[],"_links":{"self":[{"href":"http:\/\/selbecke125.de\/index.php?rest_route=\/wp\/v2\/pages\/2250","targetHints":{"allow":["GET"]}}],"collection":[{"href":"http:\/\/selbecke125.de\/index.php?rest_route=\/wp\/v2\/pages"}],"about":[{"href":"http:\/\/selbecke125.de\/index.php?rest_route=\/wp\/v2\/types\/page"}],"author":[{"embeddable":true,"href":"http:\/\/selbecke125.de\/index.php?rest_route=\/wp\/v2\/users\/1"}],"replies":[{"embeddable":true,"href":"http:\/\/selbecke125.de\/index.php?rest_route=%2Fwp%2Fv2%2Fcomments&post=2250"}],"version-history":[{"count":9,"href":"http:\/\/selbecke125.de\/index.php?rest_route=\/wp\/v2\/pages\/2250\/revisions"}],"predecessor-version":[{"id":2267,"href":"http:\/\/selbecke125.de\/index.php?rest_route=\/wp\/v2\/pages\/2250\/revisions\/2267"}],"wp:attachment":[{"href":"http:\/\/selbecke125.de\/index.php?rest_route=%2Fwp%2Fv2%2Fmedia&parent=2250"}],"curies":[{"name":"wp","href":"https:\/\/api.w.org\/{rel}","templated":true}]}}