{"id":2232,"date":"2025-08-10T20:56:56","date_gmt":"2025-08-10T18:56:56","guid":{"rendered":"https:\/\/selbecke125.de\/?page_id=2232"},"modified":"2025-08-10T21:13:29","modified_gmt":"2025-08-10T19:13:29","slug":"vor-20-jahren-der-verein-in-den-jahren-2004-05","status":"publish","type":"page","link":"http:\/\/selbecke125.de\/?page_id=2232","title":{"rendered":"Vor 20 Jahren: Der Verein in den Jahren 2004 \u2013 05"},"content":{"rendered":"\t\t<div data-elementor-type=\"wp-post\" data-elementor-id=\"2232\" class=\"elementor elementor-2232\" data-elementor-post-type=\"page\">\n\t\t\t\t<div class=\"elementor-element elementor-element-5dc2cf0 e-flex e-con-boxed e-con e-parent\" data-id=\"5dc2cf0\" data-element_type=\"container\" data-settings=\"{&quot;jet_parallax_layout_list&quot;:[]}\">\n\t\t\t\t\t<div class=\"e-con-inner\">\n\t\t\t\t<div class=\"elementor-element elementor-element-7b04b5e elementor-widget elementor-widget-spacer\" data-id=\"7b04b5e\" data-element_type=\"widget\" data-widget_type=\"spacer.default\">\n\t\t\t\t<div class=\"elementor-widget-container\">\n\t\t\t\t\t\t\t<div class=\"elementor-spacer\">\n\t\t\t<div class=\"elementor-spacer-inner\"><\/div>\n\t\t<\/div>\n\t\t\t\t\t\t<\/div>\n\t\t\t\t<\/div>\n\t\t\t\t\t<\/div>\n\t\t\t\t<\/div>\n\t\t<div class=\"elementor-element elementor-element-f683b15 e-flex e-con-boxed e-con e-parent\" data-id=\"f683b15\" data-element_type=\"container\" data-settings=\"{&quot;jet_parallax_layout_list&quot;:[]}\">\n\t\t\t\t\t<div class=\"e-con-inner\">\n\t\t\t\t<div class=\"elementor-element elementor-element-a7779e5 elementor-widget elementor-widget-heading\" data-id=\"a7779e5\" data-element_type=\"widget\" data-widget_type=\"heading.default\">\n\t\t\t\t<div class=\"elementor-widget-container\">\n\t\t\t\t\t<h2 class=\"elementor-heading-title elementor-size-default\">Vor 20 Jahren: Der Verein in den Jahren 2004 \u2013 05<\/h2>\t\t\t\t<\/div>\n\t\t\t\t<\/div>\n\t\t\t\t<div class=\"elementor-element elementor-element-d9fb698 elementor-widget elementor-widget-spacer\" data-id=\"d9fb698\" data-element_type=\"widget\" data-widget_type=\"spacer.default\">\n\t\t\t\t<div class=\"elementor-widget-container\">\n\t\t\t\t\t\t\t<div class=\"elementor-spacer\">\n\t\t\t<div class=\"elementor-spacer-inner\"><\/div>\n\t\t<\/div>\n\t\t\t\t\t\t<\/div>\n\t\t\t\t<\/div>\n\t\t\t\t\t<\/div>\n\t\t\t\t<\/div>\n\t\t<div class=\"elementor-element elementor-element-08936fd e-flex e-con-boxed e-con e-parent\" data-id=\"08936fd\" data-element_type=\"container\" data-settings=\"{&quot;jet_parallax_layout_list&quot;:[]}\">\n\t\t\t\t\t<div class=\"e-con-inner\">\n\t\t<div class=\"elementor-element elementor-element-e218de6 e-con-full e-flex e-con e-child\" data-id=\"e218de6\" data-element_type=\"container\" data-settings=\"{&quot;jet_parallax_layout_list&quot;:[]}\">\n\t\t\t\t<div class=\"elementor-element elementor-element-13488ce elementor-widget elementor-widget-image\" data-id=\"13488ce\" data-element_type=\"widget\" data-widget_type=\"image.default\">\n\t\t\t\t<div class=\"elementor-widget-container\">\n\t\t\t\t\t\t\t\t\t\t\t\t\t\t\t<img fetchpriority=\"high\" decoding=\"async\" width=\"744\" height=\"1024\" src=\"https:\/\/selbecke125.de\/wp-content\/uploads\/2025\/08\/2004-5-1-744x1024.png\" class=\"attachment-large size-large wp-image-2235\" alt=\"\" srcset=\"https:\/\/selbecke125.de\/wp-content\/uploads\/2025\/08\/2004-5-1-744x1024.png 744w, https:\/\/selbecke125.de\/wp-content\/uploads\/2025\/08\/2004-5-1-218x300.png 218w, https:\/\/selbecke125.de\/wp-content\/uploads\/2025\/08\/2004-5-1-768x1057.png 768w, https:\/\/selbecke125.de\/wp-content\/uploads\/2025\/08\/2004-5-1-1116x1536.png 1116w, https:\/\/selbecke125.de\/wp-content\/uploads\/2025\/08\/2004-5-1.png 1275w\" sizes=\"(max-width: 744px) 100vw, 744px\" \/>\t\t\t\t\t\t\t\t\t\t\t\t\t\t\t<\/div>\n\t\t\t\t<\/div>\n\t\t\t\t<\/div>\n\t\t<div class=\"elementor-element elementor-element-1ce2645 e-con-full e-flex e-con e-child\" data-id=\"1ce2645\" data-element_type=\"container\" data-settings=\"{&quot;jet_parallax_layout_list&quot;:[]}\">\n\t\t\t\t<div class=\"elementor-element elementor-element-c65d436 elementor-widget elementor-widget-text-editor\" data-id=\"c65d436\" data-element_type=\"widget\" data-widget_type=\"text-editor.default\">\n\t\t\t\t<div class=\"elementor-widget-container\">\n\t\t\t\t\t\t\t\t\t<p>Schon vor den <em>bewegten 70er Jahren<\/em><\/p><p>gab es die eine oder andere Neuerung im Verein:<\/p><p>\u00a0<\/p><p>Im Dezember 1968 erschien die erste Ausgabe der <em>Vereinsnachrichten<\/em>. Eine Gruppe j\u00fcngerer Vereinsmitglieder hatte angeregt auf diese Weise die Vereinsmitglieder\u00a0 \u00fcber das Geschehen im Verein zu informieren.<\/p><p>\u00a0<\/p><p>Sie sammelten Beitr\u00e4ge der Vorstands-mitglieder und Abteilungsleiter \u2013 und der damals einzigen Abteilungsleiterin: <em>Gisela Klawonn<\/em>\u00a0 leitete das M\u00e4dchen-turnen. Dann sorgten sie f\u00fcr ein einheitliches Textbild (d.h. alle eingehenden Texte wurden auf einer Schreibmaschine abgeschrieben), trafen sich anschlie\u00dfend zum gemeinsamen Kopieren, Sortieren und Eint\u00fcten und zur Vorbereitung f\u00fcr den Postversand \u2013 in der Regel mit \u00b4nem Bierchen zwischendurch<\/p>\t\t\t\t\t\t\t\t<\/div>\n\t\t\t\t<\/div>\n\t\t\t\t<\/div>\n\t\t\t\t\t<\/div>\n\t\t\t\t<\/div>\n\t\t<div class=\"elementor-element elementor-element-e704708 e-flex e-con-boxed e-con e-parent\" data-id=\"e704708\" data-element_type=\"container\" data-settings=\"{&quot;jet_parallax_layout_list&quot;:[]}\">\n\t\t\t\t\t<div class=\"e-con-inner\">\n\t\t\t\t<div class=\"elementor-element elementor-element-efccb5b elementor-widget elementor-widget-text-editor\" data-id=\"efccb5b\" data-element_type=\"widget\" data-widget_type=\"text-editor.default\">\n\t\t\t\t<div class=\"elementor-widget-container\">\n\t\t\t\t\t\t\t\t\t<p>Nach den Vereinsnachrichten kam <strong><em>die m\u00fchle<\/em><\/strong>, ein Mitteilungsblatt, das auch durchaus kritische Berichte enthielt, sp\u00e4ter dann das <strong><em>info<\/em><\/strong> des Vereins. Manche dieser Schriften sind erhalten und erm\u00f6glichen uns einen Blick in die Historie der Turnerschaft.<\/p><p>Obwohl seit \u00fcber 200 Jahren keine Post mehr verkehrt, ist das Wegest\u00fcck immer noch unter dem Namen \u201eAlter Postweg&#8220; in der Bev\u00f6lkerung bekannt. Laut \u201eMeiers Geschichte des Amtes Breckerfeld&#8220; ist dieser Weg jedoch nie als ordentliche Postlinie benutzt worden. Reitposten oder fahrende Boten m\u00fcssen den Postverkehr zwischen Hagen und Breckerfeld erledigt haben.<\/p>\t\t\t\t\t\t\t\t<\/div>\n\t\t\t\t<\/div>\n\t\t\t\t\t<\/div>\n\t\t\t\t<\/div>\n\t\t<div class=\"elementor-element elementor-element-2254988 e-flex e-con-boxed e-con e-parent\" data-id=\"2254988\" data-element_type=\"container\" data-settings=\"{&quot;jet_parallax_layout_list&quot;:[]}\">\n\t\t\t\t\t<div class=\"e-con-inner\">\n\t\t\t\t<div class=\"elementor-element elementor-element-878703f elementor-widget elementor-widget-spacer\" data-id=\"878703f\" data-element_type=\"widget\" data-widget_type=\"spacer.default\">\n\t\t\t\t<div class=\"elementor-widget-container\">\n\t\t\t\t\t\t\t<div class=\"elementor-spacer\">\n\t\t\t<div class=\"elementor-spacer-inner\"><\/div>\n\t\t<\/div>\n\t\t\t\t\t\t<\/div>\n\t\t\t\t<\/div>\n\t\t\t\t\t<\/div>\n\t\t\t\t<\/div>\n\t\t<div class=\"elementor-element elementor-element-8311a46 e-flex e-con-boxed e-con e-parent\" data-id=\"8311a46\" data-element_type=\"container\" data-settings=\"{&quot;jet_parallax_layout_list&quot;:[]}\">\n\t\t\t\t\t<div class=\"e-con-inner\">\n\t\t<div class=\"elementor-element elementor-element-3042000 e-con-full e-flex e-con e-child\" data-id=\"3042000\" data-element_type=\"container\" data-settings=\"{&quot;jet_parallax_layout_list&quot;:[]}\">\n\t\t\t\t<div class=\"elementor-element elementor-element-899a5de elementor-widget elementor-widget-image\" data-id=\"899a5de\" data-element_type=\"widget\" data-widget_type=\"image.default\">\n\t\t\t\t<div class=\"elementor-widget-container\">\n\t\t\t\t\t\t\t\t\t\t\t\t\t\t\t<img decoding=\"async\" width=\"202\" height=\"300\" src=\"https:\/\/selbecke125.de\/wp-content\/uploads\/2025\/08\/2004-5-2-202x300.jpg\" class=\"attachment-medium size-medium wp-image-2237\" alt=\"\" srcset=\"https:\/\/selbecke125.de\/wp-content\/uploads\/2025\/08\/2004-5-2-202x300.jpg 202w, https:\/\/selbecke125.de\/wp-content\/uploads\/2025\/08\/2004-5-2-691x1024.jpg 691w, https:\/\/selbecke125.de\/wp-content\/uploads\/2025\/08\/2004-5-2-768x1139.jpg 768w, https:\/\/selbecke125.de\/wp-content\/uploads\/2025\/08\/2004-5-2.jpg 849w\" sizes=\"(max-width: 202px) 100vw, 202px\" \/>\t\t\t\t\t\t\t\t\t\t\t\t\t\t\t<\/div>\n\t\t\t\t<\/div>\n\t\t\t\t<\/div>\n\t\t<div class=\"elementor-element elementor-element-ea85c63 e-con-full e-flex e-con e-child\" data-id=\"ea85c63\" data-element_type=\"container\" data-settings=\"{&quot;jet_parallax_layout_list&quot;:[]}\">\n\t\t\t\t<div class=\"elementor-element elementor-element-75d7f09 elementor-widget elementor-widget-text-editor\" data-id=\"75d7f09\" data-element_type=\"widget\" data-widget_type=\"text-editor.default\">\n\t\t\t\t<div class=\"elementor-widget-container\">\n\t\t\t\t\t\t\t\t\t<p>Die Vereinsnachrichten von 1968 sind \u2013 nat\u00fcrlich \u2013 in diesem 84-seitigen Heft nicht wiederzuerkennen. Ann\u00e4hernd jede zweite Seite enth\u00e4lt Werbung der unterschiedlichsten Gewerbe, von Handwerksbetrieben, Gastst\u00e4tten, Versicherungen, Partyservice und Bestattungsunternehmen u.a.<\/p><p>\u00a0<\/p><p>Im Vorwort schreibt der 1. Vorsitzende <strong>Horst Heumann<\/strong>, dass die Selbecker Handballtage zu Pfingsten wieder <em>Treffpunkt f\u00fcr Jung uns Alt<\/em> waren, und die renovierte Rundturnhalle sei zu einem <em>Schmuckst\u00fcck<\/em> geworden. Im Vorstand legte nach 13 Jahren Angelika Bangert das Amt \u00a0der Kassiererin nieder, ihre Nachfolgerin wurde Claudia Dannen-Risse.<\/p>\t\t\t\t\t\t\t\t<\/div>\n\t\t\t\t<\/div>\n\t\t\t\t<\/div>\n\t\t\t\t\t<\/div>\n\t\t\t\t<\/div>\n\t\t<div class=\"elementor-element elementor-element-5c60416 e-flex e-con-boxed e-con e-parent\" data-id=\"5c60416\" data-element_type=\"container\" data-settings=\"{&quot;jet_parallax_layout_list&quot;:[]}\">\n\t\t\t\t\t<div class=\"e-con-inner\">\n\t\t<div class=\"elementor-element elementor-element-a0b0377 e-con-full e-flex e-con e-child\" data-id=\"a0b0377\" data-element_type=\"container\" data-settings=\"{&quot;jet_parallax_layout_list&quot;:[]}\">\n\t\t\t\t<div class=\"elementor-element elementor-element-9012285 elementor-widget elementor-widget-image\" data-id=\"9012285\" data-element_type=\"widget\" data-widget_type=\"image.default\">\n\t\t\t\t<div class=\"elementor-widget-container\">\n\t\t\t\t\t\t\t\t\t\t\t\t\t\t\t<img decoding=\"async\" width=\"768\" height=\"963\" src=\"https:\/\/selbecke125.de\/wp-content\/uploads\/2025\/08\/2004-5-3-768x963.png\" class=\"attachment-medium_large size-medium_large wp-image-2238\" alt=\"\" srcset=\"https:\/\/selbecke125.de\/wp-content\/uploads\/2025\/08\/2004-5-3-768x963.png 768w, https:\/\/selbecke125.de\/wp-content\/uploads\/2025\/08\/2004-5-3-239x300.png 239w, https:\/\/selbecke125.de\/wp-content\/uploads\/2025\/08\/2004-5-3.png 812w\" sizes=\"(max-width: 768px) 100vw, 768px\" \/>\t\t\t\t\t\t\t\t\t\t\t\t\t\t\t<\/div>\n\t\t\t\t<\/div>\n\t\t\t\t<\/div>\n\t\t<div class=\"elementor-element elementor-element-31eda9a e-con-full e-flex e-con e-child\" data-id=\"31eda9a\" data-element_type=\"container\" data-settings=\"{&quot;jet_parallax_layout_list&quot;:[]}\">\n\t\t\t\t<div class=\"elementor-element elementor-element-f6541cf elementor-widget elementor-widget-text-editor\" data-id=\"f6541cf\" data-element_type=\"widget\" data-widget_type=\"text-editor.default\">\n\t\t\t\t<div class=\"elementor-widget-container\">\n\t\t\t\t\t\t\t\t\t<p>Wenn wir dem Inhaltsverzeichnis folgen, dann muss es zu dieser Zeit einen regelrechten H\u00f6hepunkt im Bereich der spielenden Handballmannschaften gegeben haben: 4 Herren- , 2 Damenmannschaften und 7 Jugendmannschaften!<\/p><p>\u00a0<\/p><p>Der Handballabteilungsleiter <strong>Thomas Lorch<\/strong> merkt an, dass <em>besonders im Jugendbereich die Koordination des Trainings- bzw. Spielbetriebs nicht leichter <\/em>geworden sei. F\u00fcr die 1. Mannschaft in der Bezirksliga erwartet er eine schwierige Saison; f\u00fcr die 2. Mannschaft sollte es Ziel sein, <em>wieder ein Wort auf dem Weg in die Kreisliga mitzusprechen<\/em>.\u00a0 Die im vorhergehenden Jahr in der 4. Kreisklasse gestartete 4. Mannschaft schaffte sofort den Aufstieg, die 3. behauptete sich in der 1. Kreisklasse.<\/p>\t\t\t\t\t\t\t\t<\/div>\n\t\t\t\t<\/div>\n\t\t\t\t<\/div>\n\t\t\t\t\t<\/div>\n\t\t\t\t<\/div>\n\t\t<div class=\"elementor-element elementor-element-f5fed2b e-flex e-con-boxed e-con e-parent\" data-id=\"f5fed2b\" data-element_type=\"container\" data-settings=\"{&quot;jet_parallax_layout_list&quot;:[]}\">\n\t\t\t\t\t<div class=\"e-con-inner\">\n\t\t\t\t<div class=\"elementor-element elementor-element-c9551ed elementor-widget elementor-widget-text-editor\" data-id=\"c9551ed\" data-element_type=\"widget\" data-widget_type=\"text-editor.default\">\n\t\t\t\t<div class=\"elementor-widget-container\">\n\t\t\t\t\t\t\t\t\t<p>Unter <strong><em>Personalien<\/em><\/strong> wurden der Tod des langj\u00e4hrigen Kassierers des F\u00f6rderkreises, G\u00fcnter Stange, erw\u00e4hnt; auf der Jahreshauptversammlung bekamen Horst Kampmann und Fritz Schmidt die Gold-nadel des Vereins f\u00fcr 40-j\u00e4hrige und Stefan Hauser, Peter Rommel, Anni Schweisberger und Ingrid Vrba die Silbernadel f\u00fcr 25-j\u00e4hrige Mitgliedschaft im Verein. F\u00fcr besondere Verdienste wurden Margret Axmann (30 Jahre Beisitzerin im Vorstand), Ingold Hackenberg-Stein (30 Jahre Kassen-wartin der Jugendabteilung) und Angelika Bangert (langj\u00e4hrige Hauptkassiererin) geehrt.\u00a0\u00a0<\/p><p>Es folgen Berichte \u00fcber die Mannschaften von Frank Eichhorn (1.), Wolfgang Graf (2.), Thomas Lorch (3.), Reiner Heumann (4.), Ralf Kaschube (1. Damen) und Michael (Petz) Piepenstock (2. Damen).\u00a0<\/p><p>Neben den o.a. Langzeit-Funktion\u00e4ren stellt <strong>Manfred Middeldorf<\/strong> nach 20 Jahren im Vorstand und als Jugendleiter sein Amt zur Verf\u00fcgung. In seinem Beitrag schreibt er u.a.: \u00a0\u00a0\u00a0<\/p>\t\t\t\t\t\t\t\t<\/div>\n\t\t\t\t<\/div>\n\t\t\t\t\t<\/div>\n\t\t\t\t<\/div>\n\t\t<div class=\"elementor-element elementor-element-f266041 e-flex e-con-boxed e-con e-parent\" data-id=\"f266041\" data-element_type=\"container\" data-settings=\"{&quot;jet_parallax_layout_list&quot;:[]}\">\n\t\t\t\t\t<div class=\"e-con-inner\">\n\t\t<div class=\"elementor-element elementor-element-841f7b1 e-con-full e-flex e-con e-child\" data-id=\"841f7b1\" data-element_type=\"container\" data-settings=\"{&quot;jet_parallax_layout_list&quot;:[]}\">\n\t\t\t\t<div class=\"elementor-element elementor-element-6eef837 elementor-widget elementor-widget-text-editor\" data-id=\"6eef837\" data-element_type=\"widget\" data-widget_type=\"text-editor.default\">\n\t\t\t\t<div class=\"elementor-widget-container\">\n\t\t\t\t\t\t\t\t\t<p><em>[\u2026] Mit einem guten Team an der Seite, konnten wir in diesen Jahren in der Selbecke viel bewegen. Im Handball- und Turnbereich stiegen <\/em><\/p><p><em>die Mitgliederzahlen immer weiter an, sodass wir jetzt im Jahre 2004 auf\u00a0 8\u00a0 Handballmann-schaften stolz sein k\u00f6nnen. Aber auch andere Aktivit\u00e4ten haben unsere Kinder und Jugendliche gerne angenommen. Wie zum Beispiel:<\/em><em>\u00a0<\/em><\/p><p><em>Jugendherbergsaufenthalte,\u00a0 ein selbst organi-sierter Weihnachtsmarkt, Fahrten zu Turnieren nach Holland, Weihnachtsfeiern, Nachtwanderun- <\/em><\/p><p><em>gen,\u00a0\u00a0\u00a0\u00a0 Auff\u00fchrungen bei Weihnachtsfeiern, Kino-besuchen, Fahrt ins Westfalenstadion <\/em><\/p><p><em>(Fu\u00dfballbundesliga), Fahrt in die K\u00f6ln-Arena zum Bundesligahandballspiel usw.<\/em><\/p>\t\t\t\t\t\t\t\t<\/div>\n\t\t\t\t<\/div>\n\t\t\t\t<\/div>\n\t\t<div class=\"elementor-element elementor-element-c75c64f e-con-full e-flex e-con e-child\" data-id=\"c75c64f\" data-element_type=\"container\" data-settings=\"{&quot;jet_parallax_layout_list&quot;:[]}\">\n\t\t\t\t<div class=\"elementor-element elementor-element-ea0cef1 elementor-widget elementor-widget-text-editor\" data-id=\"ea0cef1\" data-element_type=\"widget\" data-widget_type=\"text-editor.default\">\n\t\t\t\t<div class=\"elementor-widget-container\">\n\t\t\t\t\t\t\t\t\t<p><em>Besonders attraktiv sind unsere eigenen Jugend-turniere auf der Selbecke. Sie werden von den <\/em><\/p><p><em>befreundeten Vereinen jedes Jahr gerne ange-nommen. [\u2026]<\/em><em>\u00a0<\/em><\/p><p><em>Im neuen Spieljahr 2004\/2005 haben wir wieder einen Unterbau mit einer F-Jugend geschaffen. Mit <\/em><\/p><p><em>dem \u00dcbungsleiter Andreas Pelka tummeln sich 15 Kinder von 5-7 Jahren in der neuen Rundturnhalle.<\/em><em>\u00a0<\/em><\/p><p><em>Im Turnbereich k\u00f6nnen M\u00fctter und Kinder, oder nat\u00fcrlich auch V\u00e4ter und Kinder, in der jetzt kalten Jahreszeit, zusammen mit Ute Lex in der kleinen Turnhalle an der Selbecker Schule spielen und turnen.\u00a0\u00a0 [\u2026]<\/em><\/p>\t\t\t\t\t\t\t\t<\/div>\n\t\t\t\t<\/div>\n\t\t\t\t<\/div>\n\t\t\t\t\t<\/div>\n\t\t\t\t<\/div>\n\t\t<div class=\"elementor-element elementor-element-f8118eb e-flex e-con-boxed e-con e-parent\" data-id=\"f8118eb\" data-element_type=\"container\" data-settings=\"{&quot;jet_parallax_layout_list&quot;:[]}\">\n\t\t\t\t\t<div class=\"e-con-inner\">\n\t\t\t\t<div class=\"elementor-element elementor-element-e6670ef elementor-widget elementor-widget-text-editor\" data-id=\"e6670ef\" data-element_type=\"widget\" data-widget_type=\"text-editor.default\">\n\t\t\t\t<div class=\"elementor-widget-container\">\n\t\t\t\t\t\t\t\t\t<p>Zu dem oben stehenden Beitrag passt ein Bericht\u00a0 von Marko Pepperkorn \u00fcber die zweit\u00e4gige Fahrt der Kinder und Jugendlichen mit ihren \u00dcbungsleiterinnen und \u2013 leitern\u00a0 und dem Jugendvorstand ins <strong>Schullandheim Meinerzhagen<\/strong>.<\/p><p>Die <strong>39. Selbecker Handballtage<\/strong> an Pfingsten fielen f\u00fcr einige Jugendmannschaften ins Wasser, die Hartgesottenen B- und C-Jugendlichen <em>[\u2026] mussten aber leider einsehen, dass der \u00dcPlatz unter wasser stand und die Kreidelinien weggesp\u00fclt worden waren. Daher war ein Spielen unm\u00f6glich; d<\/em>ie f\u00fcr den Nachmittag vorgesehen Spiele der E- und D-Jugendmannschaften konnten wegen des st\u00e4rker werdenden regens auch nicht ausgetragen werden. <strong>Martina Lorch<\/strong> schreibt weiter: <em>Es gab aber auch lachende Kinder. Das Spielmobil, der S\u00fc\u00dfwarenstand und das Basketball-Spielger\u00e4t an allen Tagen und der Kletterberg am Freitag und Samstag brachte den Kindern wieder viel Spa\u00df und es kam keinen Langeweile auf.<\/em><em>\u00a0<\/em><\/p><p>Auch zu den <strong>Handballtagen<\/strong> wird \u00fcber die gro\u00dfe Tombola berichtet, dessen 1. Preis ein Wochenende zum Formel-1-Rennen ins belgische nach Spa f\u00fcr 2 Personen war. W\u00e4hrend sich die Selbecker Handballtage <em>zu einer festen, von unseren G\u00e4sten gesch\u00e4tzten Einrichtung entwickelt <\/em>haben, die auch <em>immer mehr ausw\u00e4rtige Besucher<\/em> anzieht, ist die Entwicklubng bei der Anzahl der Helfer nicht so erfreulich. <em>Jahr f\u00fcr Jahr sind es die gleichen Gesichter, die sich um das Sommerfest k\u00fcmmern<\/em>.<\/p><p>\u00dcber die <strong>Jugendmannschaften<\/strong> berichten Andi und Fitti (weibl. B-Jugend, Stephan Lorch (C-1 Jugend), Marko Pepperkorn (C-2 Jugend), Anna Hahn (weibl. C-Jugend), der Jugendvorstand (gemischte D-Jugend und gemischte EJugend) und Andreas Pelka (gemischte F-Jugend)<\/p><p>Zum <strong>F\u00f6rderkreis<\/strong> wird an die Aktivit\u00e4ten zum 30J\u00e4hrigen erinnert, und dass aus den 25 Mitgliedern im Gr\u00fcndungsjahr nunmehr 107 geworden sind; das Spendenaufkommen seit der Gr\u00fcndung liegt bei \u00fcber 140.000 \u20ac.<\/p><p>Zu einer der <strong>Damengymnastikgruppen<\/strong> (wohl eher f\u00fcr die \u00e4lteren Damen) schreibt Birgit Demmrich-Sapok unter der \u00dcberschrift <em>Woran erkennt man, dass wieder ein Jahr vergangen ist<\/em>, einen unterhaltsamen Beitrag. Dass das mit dem Beitrag f\u00fcr die Vereinszeitung <em>eigentlich ganz einfach<\/em> ist: <em>Also setzt man sich hin, \u00fcberlegt, zitiert, verwirft, schiebt es auf den n\u00e4chsten Tag. Es kommt was dazwischen, man vergisst, wird freundlichst erinnert, [\u2026] und das freundliche Erinnern wird zum freundschaftlich, nachhaltigen Druck.<\/em><\/p><p>Ziel der w\u00f6chentlichen \u00dcbungsstunden sei die <em>Erhaltung der Elastizit\u00e4t<\/em>, und das gehe nicht ohne Anstrengung, wobei <em>Lachen, der Spa\u00df und die Freude am Sport und an der Gemeinschaft Priorit\u00e4t<\/em> haben \u2013 und das liege an den unterschiedlichen Typen Mensch, die <em>vor dem Betreten der Halle den Schalk in den Augen haben<\/em>, oder <em>plappern wie ein Wasserfall<\/em>,\u00a0 oder die <em>Witze einschieben, die den \u00dcbungsbetrieb minutenlang au\u00dfer Kraft setzen<\/em> o.a.<\/p><p>Zur anderen <strong>Damengymnastikgruppe <\/strong>schreibt Gaby \u00fcber guten Zuspruch gerade beim Fitnessprogramm, bei Problemzonentraining und Wirbels\u00e4ulengymnastik. Weiterhin berichtet sie \u00fcber die Jahreswanderung durch das M\u00e4ckingerbachtal und das anschlie\u00dfende Essen in der Priorlinde; die Weihnachtsfeier wurde auf Mitte Dezember verlegt, <em>so konnten wir noch l\u00e4nger unsere Kondition und unsere Bauchmuskeln trainieren \u2013 und sind somit fit f\u00fcr die Weihnachtsgans.<\/em> Weil ein befreundeter Verein Steppbretter in der Sporthalle lagern musste, konnten die Teilnehmerinnen diese f\u00fcr Stepp-Aerobic nutzen, mit gro\u00dfem Erfolg: <em>M\u00e4dels, ich bin stolz auf euch!<\/em><\/p><p>Ute Vrba berichtet, dass es nach einem Jahr Pause wieder <strong>Mutter-und-Kind-Turnen<\/strong> angeboten wird, sie l\u00e4dt M\u00fctter und V\u00e4ter mit ihren Kindern ein teilzunehmen. Beim <strong>Kinderturnen<\/strong> ist die Anzahl der teilnehmenden Kinder geringer geworden, Ute und Bianca Binder w\u00fcrden sich freuen, wen dir Gruppe neuen Zuwachs erhalten w\u00fcrde.<\/p><p>\u00a0Auch die vor Jahren von <em>Schnieke<\/em> Vrba gegr\u00fcndete <strong>Wandergruppe <\/strong>ist weiterhin aktiv, <em>Jupp <\/em>berichtet \u00fcber eine Winterwanderung zum Kuhfeld durch knietiefen Schnee. Wandertag ist jeder 3. Samstag im Monat.<\/p><p>Im Vorjahr war das traditionelle Sportangebot des Vereins durch <strong>Bujinkan Budo<\/strong> erweitert worden. Martin W\u00fcrfel berichtet, dass eine kleine Gruppe gleichgesinnter Kampkunstfreunde in der Rundturnhalle trainiert. <em>Auch heute noch bieten die Schulen des Bujinkan eine hervorragende M\u00f6glichkeit K\u00f6rper und Geist zu kr\u00e4ftigen [\u2026] und einige alte japanische Traditionen hautnahn zu erfaheren und f\u00fcr sich zu entdecken.<\/em><em>\u00a0<\/em><\/p><p>Der Webmaster des Netzauftritts <strong><em>ts-selbecke.de<\/em><\/strong>, J\u00fcrgen Schmidt, k\u00fcndigt an, dass der Internetauftritt <em>rundum neu gestaltet<\/em> werden solle; wegen verschiedener Verz\u00f6gerungen habe auch die Aktualit\u00e4t gelitten. Am neuen Outfit der Seite werde er weiter basteln, <em>so dass der ganz gro\u00dfe Wurf vielleicht doch noch gelingt<\/em>.<\/p><p>Von einem besonderen Termin berichtet Stephan Lorch: Der Manager der Handballer von VfL Eintracht, Ralf Wilke, war an ihn heran getreten mit der Bitte, dass wir unser Verein sich an einer <strong>Blutspendeaktion<\/strong> in der Halle Mittelstadt beteiligen. 14 Mitglieder der Turnerschaft haben sich an der Aktion beteiligt; im Anschluss wurde eine Spende von 400,00 \u20ac der Leiterin des Kinderschutzbundes, Frau Burghardt, \u00fcbergeben.<\/p>\t\t\t\t\t\t\t\t<\/div>\n\t\t\t\t<\/div>\n\t\t\t\t\t<\/div>\n\t\t\t\t<\/div>\n\t\t\t\t<\/div>\n\t\t","protected":false},"excerpt":{"rendered":"<p>Vor 20 Jahren: Der Verein in den Jahren 2004 \u2013 05 Schon vor den bewegten 70er Jahren gab es die eine oder andere Neuerung im Verein: \u00a0 Im Dezember 1968 erschien die erste Ausgabe der Vereinsnachrichten. Eine Gruppe j\u00fcngerer Vereinsmitglieder hatte angeregt auf diese Weise die Vereinsmitglieder\u00a0 \u00fcber das Geschehen im Verein zu informieren. \u00a0 [&hellip;]<\/p>\n","protected":false},"author":1,"featured_media":0,"parent":0,"menu_order":0,"comment_status":"closed","ping_status":"closed","template":"elementor_header_footer","meta":{"_acf_changed":false,"footnotes":""},"class_list":["post-2232","page","type-page","status-publish","hentry"],"acf":[],"_links":{"self":[{"href":"http:\/\/selbecke125.de\/index.php?rest_route=\/wp\/v2\/pages\/2232","targetHints":{"allow":["GET"]}}],"collection":[{"href":"http:\/\/selbecke125.de\/index.php?rest_route=\/wp\/v2\/pages"}],"about":[{"href":"http:\/\/selbecke125.de\/index.php?rest_route=\/wp\/v2\/types\/page"}],"author":[{"embeddable":true,"href":"http:\/\/selbecke125.de\/index.php?rest_route=\/wp\/v2\/users\/1"}],"replies":[{"embeddable":true,"href":"http:\/\/selbecke125.de\/index.php?rest_route=%2Fwp%2Fv2%2Fcomments&post=2232"}],"version-history":[{"count":4,"href":"http:\/\/selbecke125.de\/index.php?rest_route=\/wp\/v2\/pages\/2232\/revisions"}],"predecessor-version":[{"id":2241,"href":"http:\/\/selbecke125.de\/index.php?rest_route=\/wp\/v2\/pages\/2232\/revisions\/2241"}],"wp:attachment":[{"href":"http:\/\/selbecke125.de\/index.php?rest_route=%2Fwp%2Fv2%2Fmedia&parent=2232"}],"curies":[{"name":"wp","href":"https:\/\/api.w.org\/{rel}","templated":true}]}}