{"id":2213,"date":"2025-08-10T20:37:27","date_gmt":"2025-08-10T18:37:27","guid":{"rendered":"https:\/\/selbecke125.de\/?page_id=2213"},"modified":"2025-08-10T20:38:37","modified_gmt":"2025-08-10T18:38:37","slug":"altes-und-aktuelles","status":"publish","type":"page","link":"http:\/\/selbecke125.de\/?page_id=2213","title":{"rendered":"Altes und Aktuelles"},"content":{"rendered":"\t\t<div data-elementor-type=\"wp-post\" data-elementor-id=\"2213\" class=\"elementor elementor-2213\" data-elementor-post-type=\"page\">\n\t\t\t\t<div class=\"elementor-element elementor-element-5dc2cf0 e-flex e-con-boxed e-con e-parent\" data-id=\"5dc2cf0\" data-element_type=\"container\" data-settings=\"{&quot;jet_parallax_layout_list&quot;:[]}\">\n\t\t\t\t\t<div class=\"e-con-inner\">\n\t\t\t\t<div class=\"elementor-element elementor-element-7b04b5e elementor-widget elementor-widget-spacer\" data-id=\"7b04b5e\" data-element_type=\"widget\" data-widget_type=\"spacer.default\">\n\t\t\t\t<div class=\"elementor-widget-container\">\n\t\t\t\t\t\t\t<div class=\"elementor-spacer\">\n\t\t\t<div class=\"elementor-spacer-inner\"><\/div>\n\t\t<\/div>\n\t\t\t\t\t\t<\/div>\n\t\t\t\t<\/div>\n\t\t\t\t\t<\/div>\n\t\t\t\t<\/div>\n\t\t<div class=\"elementor-element elementor-element-f683b15 e-flex e-con-boxed e-con e-parent\" data-id=\"f683b15\" data-element_type=\"container\" data-settings=\"{&quot;jet_parallax_layout_list&quot;:[]}\">\n\t\t\t\t\t<div class=\"e-con-inner\">\n\t\t\t\t<div class=\"elementor-element elementor-element-a7779e5 elementor-widget elementor-widget-heading\" data-id=\"a7779e5\" data-element_type=\"widget\" data-widget_type=\"heading.default\">\n\t\t\t\t<div class=\"elementor-widget-container\">\n\t\t\t\t\t<h2 class=\"elementor-heading-title elementor-size-default\">Altes und Aktuelles<\/h2>\t\t\t\t<\/div>\n\t\t\t\t<\/div>\n\t\t\t\t<div class=\"elementor-element elementor-element-d9fb698 elementor-widget elementor-widget-spacer\" data-id=\"d9fb698\" data-element_type=\"widget\" data-widget_type=\"spacer.default\">\n\t\t\t\t<div class=\"elementor-widget-container\">\n\t\t\t\t\t\t\t<div class=\"elementor-spacer\">\n\t\t\t<div class=\"elementor-spacer-inner\"><\/div>\n\t\t<\/div>\n\t\t\t\t\t\t<\/div>\n\t\t\t\t<\/div>\n\t\t\t\t\t<\/div>\n\t\t\t\t<\/div>\n\t\t<div class=\"elementor-element elementor-element-e704708 e-flex e-con-boxed e-con e-parent\" data-id=\"e704708\" data-element_type=\"container\" data-settings=\"{&quot;jet_parallax_layout_list&quot;:[]}\">\n\t\t\t\t\t<div class=\"e-con-inner\">\n\t\t\t\t<div class=\"elementor-element elementor-element-efccb5b elementor-widget elementor-widget-text-editor\" data-id=\"efccb5b\" data-element_type=\"widget\" data-widget_type=\"text-editor.default\">\n\t\t\t\t<div class=\"elementor-widget-container\">\n\t\t\t\t\t\t\t\t\t<p>Viele der Aktivit\u00e4ten, die das Vereinsleben pr\u00e4gen, nachhaltiger als die alle Jahre mal stattfinden Jubil\u00e4en, gehen auf traditionelle Unternehmungen und Veranstaltungen zur\u00fcck.<\/p>\n<p>Manchmal erkennt man \u00e4ltere Muster wieder \u2013 wie es z.B.\u00a0 ein Vergleich der aktuellen 1. Mai \u2013 Wanderung durch die Donau zur Hinnenwiese mit der fr\u00fcheren Himmelfahrts- (Vatertags-)\u00a0 Wanderung durch das M\u00e4ckingerbachtal zun\u00e4chst bis zum Klingelbach, sp\u00e4ter bis zum Kuhfeld zeigt.<\/p>\n<p>Bei den heute in der Rundturnhalle stattfindenden Handballtagen sind die \u00c4hnlichkeiten mit den bis in die 90er Jahre durchgef\u00fchrten Handballtagen auf dem Sportplatz und dem Schulhof an der Selbecker Schule weit weniger deutlich.<\/p>\n<p>Gegen\u00fcberstellungen k\u00f6nnen gew\u00fcnschte Entwicklungen des Vereinsgeschehens verdeutlichen. Sie k\u00f6nnen aber auch aufzeigen, inwiefern aktuellere gesellschaftlichen Ver\u00e4nderungen einstige Wesensmerkmale unseres Vereins, die die \u00c4lteren noch gelebt haben, abhanden kommen; dies mag man bedauern, oder begr\u00fc\u00dfen, oder einfach akzeptieren: Immer sollte es darum gehen, dass wir uns bem\u00fchen, die Turnerschaft zu st\u00fctzen und ihren Bestand zu sichern \u2013 wohl auch im Hinblick auf verlorene, oder vergessene Tugenden und Traditionen.<\/p>\n<p>Obwohl seit \u00fcber 200 Jahren keine Post mehr verkehrt, ist das Wegest\u00fcck immer noch unter dem Namen \u201eAlter Postweg&#8220; in der Bev\u00f6lkerung bekannt. Laut \u201eMeiers Geschichte des Amtes Breckerfeld&#8220; ist dieser Weg jedoch nie als ordentliche Postlinie benutzt worden. Reitposten oder fahrende Boten m\u00fcssen den Postverkehr zwischen Hagen und Breckerfeld erledigt haben.<\/p>\n<p>\u00a0<\/p>\t\t\t\t\t\t\t\t<\/div>\n\t\t\t\t<\/div>\n\t\t\t\t\t<\/div>\n\t\t\t\t<\/div>\n\t\t\t\t<\/div>\n\t\t","protected":false},"excerpt":{"rendered":"<p>Altes und Aktuelles Viele der Aktivit\u00e4ten, die das Vereinsleben pr\u00e4gen, nachhaltiger als die alle Jahre mal stattfinden Jubil\u00e4en, gehen auf traditionelle Unternehmungen und Veranstaltungen zur\u00fcck. Manchmal erkennt man \u00e4ltere Muster wieder \u2013 wie es z.B.\u00a0 ein Vergleich der aktuellen 1. Mai \u2013 Wanderung durch die Donau zur Hinnenwiese mit der fr\u00fcheren Himmelfahrts- (Vatertags-)\u00a0 Wanderung durch [&hellip;]<\/p>\n","protected":false},"author":1,"featured_media":0,"parent":0,"menu_order":0,"comment_status":"closed","ping_status":"closed","template":"elementor_header_footer","meta":{"_acf_changed":false,"footnotes":""},"class_list":["post-2213","page","type-page","status-publish","hentry"],"acf":[],"_links":{"self":[{"href":"http:\/\/selbecke125.de\/index.php?rest_route=\/wp\/v2\/pages\/2213","targetHints":{"allow":["GET"]}}],"collection":[{"href":"http:\/\/selbecke125.de\/index.php?rest_route=\/wp\/v2\/pages"}],"about":[{"href":"http:\/\/selbecke125.de\/index.php?rest_route=\/wp\/v2\/types\/page"}],"author":[{"embeddable":true,"href":"http:\/\/selbecke125.de\/index.php?rest_route=\/wp\/v2\/users\/1"}],"replies":[{"embeddable":true,"href":"http:\/\/selbecke125.de\/index.php?rest_route=%2Fwp%2Fv2%2Fcomments&post=2213"}],"version-history":[{"count":4,"href":"http:\/\/selbecke125.de\/index.php?rest_route=\/wp\/v2\/pages\/2213\/revisions"}],"predecessor-version":[{"id":2217,"href":"http:\/\/selbecke125.de\/index.php?rest_route=\/wp\/v2\/pages\/2213\/revisions\/2217"}],"wp:attachment":[{"href":"http:\/\/selbecke125.de\/index.php?rest_route=%2Fwp%2Fv2%2Fmedia&parent=2213"}],"curies":[{"name":"wp","href":"https:\/\/api.w.org\/{rel}","templated":true}]}}