{"id":2200,"date":"2025-07-27T16:41:48","date_gmt":"2025-07-27T14:41:48","guid":{"rendered":"https:\/\/selbecke125.de\/?page_id=2200"},"modified":"2025-07-27T16:48:52","modified_gmt":"2025-07-27T14:48:52","slug":"ein-stadtteil-in-bewegung-fuenf-tage-im-juni-1978","status":"publish","type":"page","link":"http:\/\/selbecke125.de\/?page_id=2200","title":{"rendered":"Ein Stadtteil in Bewegung &#8211; f\u00fcnf Tage im Juni\u00a0 1978"},"content":{"rendered":"\t\t<div data-elementor-type=\"wp-post\" data-elementor-id=\"2200\" class=\"elementor elementor-2200\" data-elementor-post-type=\"page\">\n\t\t\t\t<div class=\"elementor-element elementor-element-5dc2cf0 e-flex e-con-boxed e-con e-parent\" data-id=\"5dc2cf0\" data-element_type=\"container\" data-settings=\"{&quot;jet_parallax_layout_list&quot;:[]}\">\n\t\t\t\t\t<div class=\"e-con-inner\">\n\t\t\t\t<div class=\"elementor-element elementor-element-7b04b5e elementor-widget elementor-widget-spacer\" data-id=\"7b04b5e\" data-element_type=\"widget\" data-widget_type=\"spacer.default\">\n\t\t\t\t<div class=\"elementor-widget-container\">\n\t\t\t\t\t\t\t<div class=\"elementor-spacer\">\n\t\t\t<div class=\"elementor-spacer-inner\"><\/div>\n\t\t<\/div>\n\t\t\t\t\t\t<\/div>\n\t\t\t\t<\/div>\n\t\t\t\t\t<\/div>\n\t\t\t\t<\/div>\n\t\t<div class=\"elementor-element elementor-element-f683b15 e-flex e-con-boxed e-con e-parent\" data-id=\"f683b15\" data-element_type=\"container\" data-settings=\"{&quot;jet_parallax_layout_list&quot;:[]}\">\n\t\t\t\t\t<div class=\"e-con-inner\">\n\t\t\t\t<div class=\"elementor-element elementor-element-a7779e5 elementor-widget elementor-widget-heading\" data-id=\"a7779e5\" data-element_type=\"widget\" data-widget_type=\"heading.default\">\n\t\t\t\t<div class=\"elementor-widget-container\">\n\t\t\t\t\t<h2 class=\"elementor-heading-title elementor-size-default\">Ein Stadtteil in Bewegung - f\u00fcnf Tage im Juni  1978<\/h2>\t\t\t\t<\/div>\n\t\t\t\t<\/div>\n\t\t\t\t<div class=\"elementor-element elementor-element-d9fb698 elementor-widget elementor-widget-spacer\" data-id=\"d9fb698\" data-element_type=\"widget\" data-widget_type=\"spacer.default\">\n\t\t\t\t<div class=\"elementor-widget-container\">\n\t\t\t\t\t\t\t<div class=\"elementor-spacer\">\n\t\t\t<div class=\"elementor-spacer-inner\"><\/div>\n\t\t<\/div>\n\t\t\t\t\t\t<\/div>\n\t\t\t\t<\/div>\n\t\t\t\t\t<\/div>\n\t\t\t\t<\/div>\n\t\t<div class=\"elementor-element elementor-element-e704708 e-flex e-con-boxed e-con e-parent\" data-id=\"e704708\" data-element_type=\"container\" data-settings=\"{&quot;jet_parallax_layout_list&quot;:[]}\">\n\t\t\t\t\t<div class=\"e-con-inner\">\n\t\t\t\t<div class=\"elementor-element elementor-element-efccb5b elementor-widget elementor-widget-text-editor\" data-id=\"efccb5b\" data-element_type=\"widget\" data-widget_type=\"text-editor.default\">\n\t\t\t\t<div class=\"elementor-widget-container\">\n\t\t\t\t\t\t\t\t\t<p>Noch einige Jahre nach dem Krieg konnte man von gro\u00dfer Verbundenheit oder gar einer weitgehenden Einheit und von Sportverein und Selbecker Bev\u00f6lkerung sprechen, das hatte sich jedoch im Laufe der Zeit ge\u00e4ndert. Zwar f\u00fchrte das \u00fcber Jahre durchgef\u00fchrte Pfingstkonzert des <em>M\u00e4nnergesangvereins Liederlust<\/em> im Rosengarten viele Selbecker zusammen, ein etwas gr\u00f6\u00dferes Gef\u00fchl der Zusammengeh\u00f6rigkeit konnte sich jedoch wegen der vielen Neu-Selbecker, die die Geschichte des Stadtteils und ihrer Bewohner nicht kannten &#8211; und vielleicht auch nicht kennen lernen wollten \u2013 nicht erhalten.<\/p>\n<p>\u00a0<\/p>\n<p>Im September 1966 wurden die ersten Selbecker Handballtage durchgef\u00fchrt (zu dem die <em>Liederlust<\/em> am Sonntagmorgen ihren besonderen Beitrag leisteten); sie entwickelten sich zu einem regelm\u00e4\u00dfigen j\u00e4hrlichen H\u00f6hepunkt des Vereinslebens, und sie f\u00fchrten die alten Selbeckerinnen und Selbecker mit vielen neuen B\u00fcrgerinnen und B\u00fcrgern in der Selbecke zusammen. Enge Verbindungen zu den Nachbarvereinen, mit denen wir uns schon mal erbitterte Feldhandballduelle lieferten, f\u00fchrten zu einem mehrt\u00e4gigen Treffpunkt von Sportlern, Kommunalpolitikern und Vereinsmitgliedern und &#8211; vorst\u00e4nden weit \u00fcber den Verein hinaus.<\/p>\n<p>\u00a0<\/p>\n<p>Wir m\u00f6chten an ein typisches Jahr der Handballtage erinnern \u2013 1978.<\/p>\t\t\t\t\t\t\t\t<\/div>\n\t\t\t\t<\/div>\n\t\t\t\t\t<\/div>\n\t\t\t\t<\/div>\n\t\t<div class=\"elementor-element elementor-element-08936fd e-flex e-con-boxed e-con e-parent\" data-id=\"08936fd\" data-element_type=\"container\" data-settings=\"{&quot;jet_parallax_layout_list&quot;:[]}\">\n\t\t\t\t\t<div class=\"e-con-inner\">\n\t\t<div class=\"elementor-element elementor-element-e218de6 e-con-full e-flex e-con e-child\" data-id=\"e218de6\" data-element_type=\"container\" data-settings=\"{&quot;jet_parallax_layout_list&quot;:[]}\">\n\t\t\t\t<div class=\"elementor-element elementor-element-13488ce elementor-widget elementor-widget-image\" data-id=\"13488ce\" data-element_type=\"widget\" data-widget_type=\"image.default\">\n\t\t\t\t<div class=\"elementor-widget-container\">\n\t\t\t\t\t\t\t\t\t\t\t\t\t\t\t<img fetchpriority=\"high\" decoding=\"async\" width=\"701\" height=\"1024\" src=\"http:\/\/selbecke125.de\/wp-content\/uploads\/2025\/07\/2-701x1024.jpg\" class=\"attachment-large size-large wp-image-2203\" alt=\"\" srcset=\"http:\/\/selbecke125.de\/wp-content\/uploads\/2025\/07\/2-701x1024.jpg 701w, http:\/\/selbecke125.de\/wp-content\/uploads\/2025\/07\/2-205x300.jpg 205w, http:\/\/selbecke125.de\/wp-content\/uploads\/2025\/07\/2-768x1122.jpg 768w, http:\/\/selbecke125.de\/wp-content\/uploads\/2025\/07\/2-1051x1536.jpg 1051w, http:\/\/selbecke125.de\/wp-content\/uploads\/2025\/07\/2.jpg 1200w\" sizes=\"(max-width: 701px) 100vw, 701px\" \/>\t\t\t\t\t\t\t\t\t\t\t\t\t\t\t<\/div>\n\t\t\t\t<\/div>\n\t\t\t\t<\/div>\n\t\t<div class=\"elementor-element elementor-element-1ce2645 e-con-full e-flex e-con e-child\" data-id=\"1ce2645\" data-element_type=\"container\" data-settings=\"{&quot;jet_parallax_layout_list&quot;:[]}\">\n\t\t\t\t<div class=\"elementor-element elementor-element-c4e2dc7 elementor-widget elementor-widget-image\" data-id=\"c4e2dc7\" data-element_type=\"widget\" data-widget_type=\"image.default\">\n\t\t\t\t<div class=\"elementor-widget-container\">\n\t\t\t\t\t\t\t\t\t\t\t\t\t\t\t<img decoding=\"async\" width=\"744\" height=\"1024\" src=\"http:\/\/selbecke125.de\/wp-content\/uploads\/2025\/07\/3-744x1024.jpg\" class=\"attachment-large size-large wp-image-2204\" alt=\"\" srcset=\"http:\/\/selbecke125.de\/wp-content\/uploads\/2025\/07\/3-744x1024.jpg 744w, http:\/\/selbecke125.de\/wp-content\/uploads\/2025\/07\/3-218x300.jpg 218w, http:\/\/selbecke125.de\/wp-content\/uploads\/2025\/07\/3-768x1057.jpg 768w, http:\/\/selbecke125.de\/wp-content\/uploads\/2025\/07\/3-1116x1536.jpg 1116w, http:\/\/selbecke125.de\/wp-content\/uploads\/2025\/07\/3.jpg 1275w\" sizes=\"(max-width: 744px) 100vw, 744px\" \/>\t\t\t\t\t\t\t\t\t\t\t\t\t\t\t<\/div>\n\t\t\t\t<\/div>\n\t\t\t\t<\/div>\n\t\t\t\t\t<\/div>\n\t\t\t\t<\/div>\n\t\t<div class=\"elementor-element elementor-element-d42ae88 e-flex e-con-boxed e-con e-parent\" data-id=\"d42ae88\" data-element_type=\"container\" data-settings=\"{&quot;jet_parallax_layout_list&quot;:[]}\">\n\t\t\t\t\t<div class=\"e-con-inner\">\n\t\t\t\t<div class=\"elementor-element elementor-element-5a46f3b elementor-widget elementor-widget-spacer\" data-id=\"5a46f3b\" data-element_type=\"widget\" data-widget_type=\"spacer.default\">\n\t\t\t\t<div class=\"elementor-widget-container\">\n\t\t\t\t\t\t\t<div class=\"elementor-spacer\">\n\t\t\t<div class=\"elementor-spacer-inner\"><\/div>\n\t\t<\/div>\n\t\t\t\t\t\t<\/div>\n\t\t\t\t<\/div>\n\t\t\t\t\t<\/div>\n\t\t\t\t<\/div>\n\t\t<div class=\"elementor-element elementor-element-4203931 e-flex e-con-boxed e-con e-parent\" data-id=\"4203931\" data-element_type=\"container\" data-settings=\"{&quot;jet_parallax_layout_list&quot;:[]}\">\n\t\t\t\t\t<div class=\"e-con-inner\">\n\t\t\t\t<div class=\"elementor-element elementor-element-6d469ac elementor-widget elementor-widget-text-editor\" data-id=\"6d469ac\" data-element_type=\"widget\" data-widget_type=\"text-editor.default\">\n\t\t\t\t<div class=\"elementor-widget-container\">\n\t\t\t\t\t\t\t\t\t<p>Lange vor dem Beginn wurde gedacht, geplant, erwogen und entschieden, in den Abteilungen nachgefragt, wer helfen konnte und wollte \u2013 dies ist heute sicher nicht viel anders. Es waren nicht immer dieselben, die f\u00fcr einen reibungslosen Ablauf sorgten, es gab gro\u00dfe Bereitschaft zu helfen \u2013 und fast alle spielten neben den Arbeitseins\u00e4tzen in ihren Mannschaften die Kleinfeldturniere: Wir holten die Kleinfeldtore aus Delstern oder von anderswo in der Stadt, bauten den Bierstand auf einschlie\u00dflich der Wasser- und Stromversorgung, am Samstagabend eine weitere Theke in der Pausenhalle der Schule, dann Turnierleitung, Wurst- und Biermarkenverkaufsstand, Abfallcontainer \u2026 \u2013 wie so eine gro\u00dfe Veranstaltung f\u00fcr einen kleinen Verein l\u00e4uft.<\/p>\t\t\t\t\t\t\t\t<\/div>\n\t\t\t\t<\/div>\n\t\t\t\t\t<\/div>\n\t\t\t\t<\/div>\n\t\t<div class=\"elementor-element elementor-element-1aa42c0 e-flex e-con-boxed e-con e-parent\" data-id=\"1aa42c0\" data-element_type=\"container\" data-settings=\"{&quot;jet_parallax_layout_list&quot;:[]}\">\n\t\t\t\t\t<div class=\"e-con-inner\">\n\t\t\t\t<div class=\"elementor-element elementor-element-c5bd0cb elementor-widget elementor-widget-spacer\" data-id=\"c5bd0cb\" data-element_type=\"widget\" data-widget_type=\"spacer.default\">\n\t\t\t\t<div class=\"elementor-widget-container\">\n\t\t\t\t\t\t\t<div class=\"elementor-spacer\">\n\t\t\t<div class=\"elementor-spacer-inner\"><\/div>\n\t\t<\/div>\n\t\t\t\t\t\t<\/div>\n\t\t\t\t<\/div>\n\t\t\t\t\t<\/div>\n\t\t\t\t<\/div>\n\t\t<div class=\"elementor-element elementor-element-9cc871b e-flex e-con-boxed e-con e-parent\" data-id=\"9cc871b\" data-element_type=\"container\" data-settings=\"{&quot;jet_parallax_layout_list&quot;:[]}\">\n\t\t\t\t\t<div class=\"e-con-inner\">\n\t\t<div class=\"elementor-element elementor-element-b9f8178 e-con-full e-flex e-con e-child\" data-id=\"b9f8178\" data-element_type=\"container\" data-settings=\"{&quot;jet_parallax_layout_list&quot;:[]}\">\n\t\t\t\t<div class=\"elementor-element elementor-element-31a4238 elementor-widget elementor-widget-image\" data-id=\"31a4238\" data-element_type=\"widget\" data-widget_type=\"image.default\">\n\t\t\t\t<div class=\"elementor-widget-container\">\n\t\t\t\t\t\t\t\t\t\t\t\t\t\t\t<img decoding=\"async\" width=\"822\" height=\"1024\" src=\"http:\/\/selbecke125.de\/wp-content\/uploads\/2025\/07\/4-822x1024.jpg\" class=\"attachment-large size-large wp-image-2205\" alt=\"\" srcset=\"http:\/\/selbecke125.de\/wp-content\/uploads\/2025\/07\/4-822x1024.jpg 822w, http:\/\/selbecke125.de\/wp-content\/uploads\/2025\/07\/4-241x300.jpg 241w, http:\/\/selbecke125.de\/wp-content\/uploads\/2025\/07\/4-768x957.jpg 768w, http:\/\/selbecke125.de\/wp-content\/uploads\/2025\/07\/4.jpg 1116w\" sizes=\"(max-width: 822px) 100vw, 822px\" \/>\t\t\t\t\t\t\t\t\t\t\t\t\t\t\t<\/div>\n\t\t\t\t<\/div>\n\t\t\t\t<\/div>\n\t\t<div class=\"elementor-element elementor-element-437df47 e-con-full e-flex e-con e-child\" data-id=\"437df47\" data-element_type=\"container\" data-settings=\"{&quot;jet_parallax_layout_list&quot;:[]}\">\n\t\t\t\t<div class=\"elementor-element elementor-element-232d2fe elementor-widget elementor-widget-image\" data-id=\"232d2fe\" data-element_type=\"widget\" data-widget_type=\"image.default\">\n\t\t\t\t<div class=\"elementor-widget-container\">\n\t\t\t\t\t\t\t\t\t\t\t\t\t\t\t<img loading=\"lazy\" decoding=\"async\" width=\"727\" height=\"1024\" src=\"http:\/\/selbecke125.de\/wp-content\/uploads\/2025\/07\/5-727x1024.jpg\" class=\"attachment-large size-large wp-image-2206\" alt=\"\" srcset=\"http:\/\/selbecke125.de\/wp-content\/uploads\/2025\/07\/5-727x1024.jpg 727w, http:\/\/selbecke125.de\/wp-content\/uploads\/2025\/07\/5-213x300.jpg 213w, http:\/\/selbecke125.de\/wp-content\/uploads\/2025\/07\/5-768x1082.jpg 768w, http:\/\/selbecke125.de\/wp-content\/uploads\/2025\/07\/5-1090x1536.jpg 1090w, http:\/\/selbecke125.de\/wp-content\/uploads\/2025\/07\/5.jpg 1169w\" sizes=\"(max-width: 727px) 100vw, 727px\" \/>\t\t\t\t\t\t\t\t\t\t\t\t\t\t\t<\/div>\n\t\t\t\t<\/div>\n\t\t\t\t<\/div>\n\t\t\t\t\t<\/div>\n\t\t\t\t<\/div>\n\t\t<div class=\"elementor-element elementor-element-2254988 e-flex e-con-boxed e-con e-parent\" data-id=\"2254988\" data-element_type=\"container\" data-settings=\"{&quot;jet_parallax_layout_list&quot;:[]}\">\n\t\t\t\t\t<div class=\"e-con-inner\">\n\t\t\t\t<div class=\"elementor-element elementor-element-878703f elementor-widget elementor-widget-spacer\" data-id=\"878703f\" data-element_type=\"widget\" data-widget_type=\"spacer.default\">\n\t\t\t\t<div class=\"elementor-widget-container\">\n\t\t\t\t\t\t\t<div class=\"elementor-spacer\">\n\t\t\t<div class=\"elementor-spacer-inner\"><\/div>\n\t\t<\/div>\n\t\t\t\t\t\t<\/div>\n\t\t\t\t<\/div>\n\t\t\t\t\t<\/div>\n\t\t\t\t<\/div>\n\t\t<div class=\"elementor-element elementor-element-cb48320 e-flex e-con-boxed e-con e-parent\" data-id=\"cb48320\" data-element_type=\"container\" data-settings=\"{&quot;jet_parallax_layout_list&quot;:[]}\">\n\t\t\t\t\t<div class=\"e-con-inner\">\n\t\t\t\t<div class=\"elementor-element elementor-element-cdf1f22 elementor-widget elementor-widget-text-editor\" data-id=\"cdf1f22\" data-element_type=\"widget\" data-widget_type=\"text-editor.default\">\n\t\t\t\t<div class=\"elementor-widget-container\">\n\t\t\t\t\t\t\t\t\t<p>In den Siebzigern gab es noch genug interessierte Spielerinnen und Spieler und Vereine, die mit ihren Mannschaften in der Selbecke spielen wollten. Auf bis zu 4 Spielfeldern spielten 1. und 2. und 3. Mannschaften der M\u00e4nner und Frauen und alle Jugendmannschaften um die Pokale, dazu ein nostalgisches Feldhandballspiel, ein Fu\u00dfballturnier und ein Volleyballturnier des F\u00f6rderkreises \u2013 und nat\u00fcrlich reichlich Kinderprogramm.<\/p>\t\t\t\t\t\t\t\t<\/div>\n\t\t\t\t<\/div>\n\t\t\t\t\t<\/div>\n\t\t\t\t<\/div>\n\t\t<div class=\"elementor-element elementor-element-9d9d5de e-flex e-con-boxed e-con e-parent\" data-id=\"9d9d5de\" data-element_type=\"container\" data-settings=\"{&quot;jet_parallax_layout_list&quot;:[]}\">\n\t\t\t\t\t<div class=\"e-con-inner\">\n\t\t\t\t<div class=\"elementor-element elementor-element-6063568 elementor-widget elementor-widget-spacer\" data-id=\"6063568\" data-element_type=\"widget\" data-widget_type=\"spacer.default\">\n\t\t\t\t<div class=\"elementor-widget-container\">\n\t\t\t\t\t\t\t<div class=\"elementor-spacer\">\n\t\t\t<div class=\"elementor-spacer-inner\"><\/div>\n\t\t<\/div>\n\t\t\t\t\t\t<\/div>\n\t\t\t\t<\/div>\n\t\t\t\t\t<\/div>\n\t\t\t\t<\/div>\n\t\t<div class=\"elementor-element elementor-element-c51b63f e-flex e-con-boxed e-con e-parent\" data-id=\"c51b63f\" data-element_type=\"container\" data-settings=\"{&quot;jet_parallax_layout_list&quot;:[]}\">\n\t\t\t\t\t<div class=\"e-con-inner\">\n\t\t\t\t<div class=\"elementor-element elementor-element-16bd45f elementor-widget elementor-widget-image\" data-id=\"16bd45f\" data-element_type=\"widget\" data-widget_type=\"image.default\">\n\t\t\t\t<div class=\"elementor-widget-container\">\n\t\t\t\t\t\t\t\t\t\t\t\t\t\t\t<img loading=\"lazy\" decoding=\"async\" width=\"768\" height=\"1130\" src=\"http:\/\/selbecke125.de\/wp-content\/uploads\/2025\/07\/6-768x1130.jpg\" class=\"attachment-medium_large size-medium_large wp-image-2207\" alt=\"\" srcset=\"http:\/\/selbecke125.de\/wp-content\/uploads\/2025\/07\/6-768x1130.jpg 768w, http:\/\/selbecke125.de\/wp-content\/uploads\/2025\/07\/6-204x300.jpg 204w, http:\/\/selbecke125.de\/wp-content\/uploads\/2025\/07\/6-696x1024.jpg 696w, http:\/\/selbecke125.de\/wp-content\/uploads\/2025\/07\/6-1044x1536.jpg 1044w, http:\/\/selbecke125.de\/wp-content\/uploads\/2025\/07\/6.jpg 1158w\" sizes=\"(max-width: 768px) 100vw, 768px\" \/>\t\t\t\t\t\t\t\t\t\t\t\t\t\t\t<\/div>\n\t\t\t\t<\/div>\n\t\t\t\t\t<\/div>\n\t\t\t\t<\/div>\n\t\t\t\t<\/div>\n\t\t","protected":false},"excerpt":{"rendered":"<p>Ein Stadtteil in Bewegung &#8211; f\u00fcnf Tage im Juni 1978 Noch einige Jahre nach dem Krieg konnte man von gro\u00dfer Verbundenheit oder gar einer weitgehenden Einheit und von Sportverein und Selbecker Bev\u00f6lkerung sprechen, das hatte sich jedoch im Laufe der Zeit ge\u00e4ndert. Zwar f\u00fchrte das \u00fcber Jahre durchgef\u00fchrte Pfingstkonzert des M\u00e4nnergesangvereins Liederlust im Rosengarten viele [&hellip;]<\/p>\n","protected":false},"author":1,"featured_media":0,"parent":0,"menu_order":0,"comment_status":"closed","ping_status":"closed","template":"elementor_header_footer","meta":{"_acf_changed":false,"footnotes":""},"class_list":["post-2200","page","type-page","status-publish","hentry"],"acf":[],"_links":{"self":[{"href":"http:\/\/selbecke125.de\/index.php?rest_route=\/wp\/v2\/pages\/2200","targetHints":{"allow":["GET"]}}],"collection":[{"href":"http:\/\/selbecke125.de\/index.php?rest_route=\/wp\/v2\/pages"}],"about":[{"href":"http:\/\/selbecke125.de\/index.php?rest_route=\/wp\/v2\/types\/page"}],"author":[{"embeddable":true,"href":"http:\/\/selbecke125.de\/index.php?rest_route=\/wp\/v2\/users\/1"}],"replies":[{"embeddable":true,"href":"http:\/\/selbecke125.de\/index.php?rest_route=%2Fwp%2Fv2%2Fcomments&post=2200"}],"version-history":[{"count":4,"href":"http:\/\/selbecke125.de\/index.php?rest_route=\/wp\/v2\/pages\/2200\/revisions"}],"predecessor-version":[{"id":2210,"href":"http:\/\/selbecke125.de\/index.php?rest_route=\/wp\/v2\/pages\/2200\/revisions\/2210"}],"wp:attachment":[{"href":"http:\/\/selbecke125.de\/index.php?rest_route=%2Fwp%2Fv2%2Fmedia&parent=2200"}],"curies":[{"name":"wp","href":"https:\/\/api.w.org\/{rel}","templated":true}]}}