{"id":2187,"date":"2025-07-27T16:10:03","date_gmt":"2025-07-27T14:10:03","guid":{"rendered":"https:\/\/selbecke125.de\/?page_id=2187"},"modified":"2025-08-10T20:53:24","modified_gmt":"2025-08-10T18:53:24","slug":"zeitzeuge-august-siemes","status":"publish","type":"page","link":"http:\/\/selbecke125.de\/?page_id=2187","title":{"rendered":"Zeitzeuge August Siemes"},"content":{"rendered":"\t\t<div data-elementor-type=\"wp-post\" data-elementor-id=\"2187\" class=\"elementor elementor-2187\" data-elementor-post-type=\"page\">\n\t\t\t\t<div class=\"elementor-element elementor-element-5dc2cf0 e-flex e-con-boxed e-con e-parent\" data-id=\"5dc2cf0\" data-element_type=\"container\" data-settings=\"{&quot;jet_parallax_layout_list&quot;:[]}\">\n\t\t\t\t\t<div class=\"e-con-inner\">\n\t\t\t\t<div class=\"elementor-element elementor-element-7b04b5e elementor-widget elementor-widget-spacer\" data-id=\"7b04b5e\" data-element_type=\"widget\" data-widget_type=\"spacer.default\">\n\t\t\t\t<div class=\"elementor-widget-container\">\n\t\t\t\t\t\t\t<div class=\"elementor-spacer\">\n\t\t\t<div class=\"elementor-spacer-inner\"><\/div>\n\t\t<\/div>\n\t\t\t\t\t\t<\/div>\n\t\t\t\t<\/div>\n\t\t\t\t\t<\/div>\n\t\t\t\t<\/div>\n\t\t<div class=\"elementor-element elementor-element-f683b15 e-flex e-con-boxed e-con e-parent\" data-id=\"f683b15\" data-element_type=\"container\" data-settings=\"{&quot;jet_parallax_layout_list&quot;:[]}\">\n\t\t\t\t\t<div class=\"e-con-inner\">\n\t\t\t\t<div class=\"elementor-element elementor-element-a7779e5 elementor-widget elementor-widget-heading\" data-id=\"a7779e5\" data-element_type=\"widget\" data-widget_type=\"heading.default\">\n\t\t\t\t<div class=\"elementor-widget-container\">\n\t\t\t\t\t<h2 class=\"elementor-heading-title elementor-size-default\">Fr\u00fche Jahre der Turnerschaft: Zeitzeuge August Siemes<\/h2>\t\t\t\t<\/div>\n\t\t\t\t<\/div>\n\t\t\t\t<div class=\"elementor-element elementor-element-d9fb698 elementor-widget elementor-widget-spacer\" data-id=\"d9fb698\" data-element_type=\"widget\" data-widget_type=\"spacer.default\">\n\t\t\t\t<div class=\"elementor-widget-container\">\n\t\t\t\t\t\t\t<div class=\"elementor-spacer\">\n\t\t\t<div class=\"elementor-spacer-inner\"><\/div>\n\t\t<\/div>\n\t\t\t\t\t\t<\/div>\n\t\t\t\t<\/div>\n\t\t\t\t\t<\/div>\n\t\t\t\t<\/div>\n\t\t<div class=\"elementor-element elementor-element-08936fd e-flex e-con-boxed e-con e-parent\" data-id=\"08936fd\" data-element_type=\"container\" data-settings=\"{&quot;jet_parallax_layout_list&quot;:[]}\">\n\t\t\t\t\t<div class=\"e-con-inner\">\n\t\t\t\t<div class=\"elementor-element elementor-element-d5edfab elementor-widget__width-initial elementor-widget elementor-widget-image\" data-id=\"d5edfab\" data-element_type=\"widget\" data-widget_type=\"image.default\">\n\t\t\t\t<div class=\"elementor-widget-container\">\n\t\t\t\t\t\t\t\t\t\t\t\t\t\t\t<img fetchpriority=\"high\" decoding=\"async\" width=\"768\" height=\"981\" src=\"https:\/\/selbecke125.de\/wp-content\/uploads\/2025\/07\/portrait-768x981.jpg\" class=\"attachment-medium_large size-medium_large wp-image-2191\" alt=\"\" srcset=\"https:\/\/selbecke125.de\/wp-content\/uploads\/2025\/07\/portrait-768x981.jpg 768w, https:\/\/selbecke125.de\/wp-content\/uploads\/2025\/07\/portrait-235x300.jpg 235w, https:\/\/selbecke125.de\/wp-content\/uploads\/2025\/07\/portrait-802x1024.jpg 802w, https:\/\/selbecke125.de\/wp-content\/uploads\/2025\/07\/portrait.jpg 1024w\" sizes=\"(max-width: 768px) 100vw, 768px\" \/>\t\t\t\t\t\t\t\t\t\t\t\t\t\t\t<\/div>\n\t\t\t\t<\/div>\n\t\t<div class=\"elementor-element elementor-element-e218de6 e-con-full e-flex e-con e-child\" data-id=\"e218de6\" data-element_type=\"container\" data-settings=\"{&quot;jet_parallax_layout_list&quot;:[]}\">\n\t\t\t\t<\/div>\n\t\t<div class=\"elementor-element elementor-element-1ce2645 e-con-full e-flex e-con e-child\" data-id=\"1ce2645\" data-element_type=\"container\" data-settings=\"{&quot;jet_parallax_layout_list&quot;:[]}\">\n\t\t\t\t<div class=\"elementor-element elementor-element-efccb5b elementor-widget elementor-widget-text-editor\" data-id=\"efccb5b\" data-element_type=\"widget\" data-widget_type=\"text-editor.default\">\n\t\t\t\t<div class=\"elementor-widget-container\">\n\t\t\t\t\t\t\t\t\t<p>Im Rahmen seiner umfangreichen Recherchen zu seinem Beitrag <strong><em>75 Jahre Turnen und Sport in der Selbecke <\/em><\/strong>in der Festschrift zum 75j\u00e4hrigen Bestehen der Turnerschaft hat Armin Vo\u00df in den Jahren 1961 bis 1970 zahlreiche Gespr\u00e4che mit Selbeckern gef\u00fchrt. Zu diesen geh\u00f6rten auch einige der \u201ealten Selbecker\u201c, die an der Gr\u00fcndung der Turnerschaft beteiligt, im Vorstand oder als \u00dcbungsleiter t\u00e4tig waren. In den Aufzeichnungen dieser Gespr\u00e4che werden nicht nur die zur Zeit der Vereinsgr\u00fcndung ma\u00dfgeblichen M\u00e4nner genannt; die Berichte geben auch anschaulich und pers\u00f6nlich wesentliche Aspekte des sportlichen und gesellschaftlichen Geschehens wieder. Wir m\u00f6chten einige der Zeitzeugen auch in diesem Heft zu Wort kommen lassen.<\/p><p>Am 2.12.1961 berichtet <strong>August Siemes<\/strong>, geb. 1870, \u00fcber die Vereinsgeschichte der Selbecker Turnerschaft und von Germania Selbecke:<\/p>\t\t\t\t\t\t\t\t<\/div>\n\t\t\t\t<\/div>\n\t\t\t\t<\/div>\n\t\t\t\t\t<\/div>\n\t\t\t\t<\/div>\n\t\t<div class=\"elementor-element elementor-element-e704708 e-flex e-con-boxed e-con e-parent\" data-id=\"e704708\" data-element_type=\"container\" data-settings=\"{&quot;jet_parallax_layout_list&quot;:[]}\">\n\t\t\t\t\t<div class=\"e-con-inner\">\n\t\t\t\t<div class=\"elementor-element elementor-element-ce5747b elementor-widget elementor-widget-image\" data-id=\"ce5747b\" data-element_type=\"widget\" data-widget_type=\"image.default\">\n\t\t\t\t<div class=\"elementor-widget-container\">\n\t\t\t\t\t\t\t\t\t\t\t\t\t\t\t<img decoding=\"async\" width=\"768\" height=\"372\" src=\"https:\/\/selbecke125.de\/wp-content\/uploads\/2025\/07\/1-768x372.jpg\" class=\"attachment-medium_large size-medium_large wp-image-2192\" alt=\"\" srcset=\"https:\/\/selbecke125.de\/wp-content\/uploads\/2025\/07\/1-768x372.jpg 768w, https:\/\/selbecke125.de\/wp-content\/uploads\/2025\/07\/1-300x145.jpg 300w, https:\/\/selbecke125.de\/wp-content\/uploads\/2025\/07\/1-1024x496.jpg 1024w, https:\/\/selbecke125.de\/wp-content\/uploads\/2025\/07\/1-1536x743.jpg 1536w, https:\/\/selbecke125.de\/wp-content\/uploads\/2025\/07\/1-2048x991.jpg 2048w\" sizes=\"(max-width: 768px) 100vw, 768px\" \/>\t\t\t\t\t\t\t\t\t\t\t\t\t\t\t<\/div>\n\t\t\t\t<\/div>\n\t\t\t\t\t<\/div>\n\t\t\t\t<\/div>\n\t\t<div class=\"elementor-element elementor-element-efbbd74 e-flex e-con-boxed e-con e-parent\" data-id=\"efbbd74\" data-element_type=\"container\" data-settings=\"{&quot;jet_parallax_layout_list&quot;:[]}\">\n\t\t\t\t\t<div class=\"e-con-inner\">\n\t\t\t\t<div class=\"elementor-element elementor-element-b39c3c3 elementor-widget elementor-widget-text-editor\" data-id=\"b39c3c3\" data-element_type=\"widget\" data-widget_type=\"text-editor.default\">\n\t\t\t\t<div class=\"elementor-widget-container\">\n\t\t\t\t\t\t\t\t\t<ol><li>Ich war ein Schuljunge von 12 Jahren, als eines Sonntags die \u00c4lteren mit einer Liste auf der Selbecke herumgingen, um Mitglieder f\u00fcr den neuen Turnverein zu werben (1882). Sie traten auch damals an meine beiden \u00e4lteren Br\u00fcder heran. Der Verein Germania Selbecke mu\u00df in den Jahren 1882\/85 am Kluten gegr\u00fcndet worden sein. Gr\u00fcnder waren, soweit ich mich entsinnen kann, Bauer Goebel, dessen Onkel Fritz Sporbeck, Fritz Schaacke, August Stich und ein Herkelmann (aber nicht Heinken). Geturnt wurde auch am Kluten, und zwar solange, bis dann am Schaacken der neue Saal zur Verf\u00fcgung stand.<\/li><\/ol><ol start=\"2\"><li>Zwischen der Germania Selbecke und der Turnerschaft Selbecke gab es in den ersten zwei Jahren nach der Gr\u00fcndung der Selbecker Turnerschaft einige Reibereien. Dann aber wurde die Turnerschaft Selbecke schon zu Festen eingeladen, die von Germania in Schaacken\u00b4 Saal gefeiert wurden, Hin und wieder wechselten auch Mitglieder zwischen den\u00a0 beiden Vereinen, wie z.B. Heinken Herkelmann, der von Germania Selbecke zur Turnerschaft Selbecke \u00fcbertrat.Nach dem ersten Weltkrieg, etwa 1920\/21, wurde dann am Schaacken abgestimmt, und beide Vereine taten sich zusammen.<\/li><\/ol><ol start=\"3\"><li>Die Turnerschaft Selbecke wurde im Jahre 1896 gegr\u00fcndet. Es war im Sommer 1896, auf den genauen Gr\u00fcndungstag kann ich mich nicht mehr besinnen. Gr\u00fcnder waren j\u00fcngere Burschen im Alter von 25-26 Jahren, die sich beim sp\u00e4teren Vereinswirt Karl Klute zusammenfanden. Es waren &#8211; au\u00dfer mir &#8211; meine Br\u00fcder Gustav Siemes, Albert Siemes, mein Vetter Robert Siemes, dann Wilhelm Kampmann, Friedrich Kampmann, Otto Kampmann, Eugen Schmidt, Karl Hildebrand, Richard Sommer, Fritz Holkott, Albert Holkott, August Klute, Karl Klute.Zur Anmeldung beim Rathaus und beim mittel-m\u00e4rkischen Turnverband wurden gew\u00e4hlt:<br \/><br \/>als Vorsitzender: Karl Klute<br \/><br \/>als Zeugwart: \u00a0\u00a0\u00a0\u00a0\u00a0Richard Sommer<br \/><br \/>als Schriftwart : \u00a0\u00a0Fritz Holkott<br \/><br \/>als Turnwart :\u00a0\u00a0\u00a0\u00a0\u00a0 August Siemes<br \/><br \/>als Kassierer:\u00a0\u00a0\u00a0 \u00a0\u00a0August Klute<br \/><br \/>Nach Karl Klute wurde Fritz Holkott 1. Vorsitzender. Ich, August Siemes, war 5 &#8211; 6 Jahre Turnwart. Nachfolger von mir war mein Vetter Robert Siemes, der dieses Amt als Turnwart f\u00fcr die Dauer von ca. 8 &#8211; 1o Jahren innehatte.\u00a0\u00a0\u00a0\u00a0\u00a0<\/li><\/ol><ol start=\"4\"><li>Geturnt wurde am Kluten, im Saal der Kluteschen Wirtschaft. Aus eigenen Mitteln wurden angeschafft: 1 Reck, 1 Barren, 1 Matratze, 1 Sprungbrett mit Zubeh\u00f6r, 2 Stemmkugeln (100 und 50 Pfund) sowie 1 Stein. Im Sommer wurde am Dienstag und Samstag, im Winter nur samstags geturnt (\u00dcbungsabende). Die Turnfeste der Selbecker Turnerschaft wurden auf Kluten Wiese abgehalten; dort wurden auch Schauturnen, Festz\u00fcge, Volksfeste und allerlei Vergn\u00fcgungen (Kletterbaum, an dem Ballons und B\u00e4nder hingen) durchgef\u00fchrt.<\/li><\/ol><ol start=\"5\"><li>In den Anfangsjahren hatte die Turnerschaft Selbecke etwa 25 &#8211; 28 aktive Mitglieder. Die Turnerschaft Selbecke hat schon sehr bald eine Jugendabteilung eingerichtet. Sie umfa\u00dfte etwa 25 j\u00fcngere Burschen im Alter von 14- 17\/18 Jahren. Die Jugendlichen mu\u00dften einen monatlichen Beitrag von 25 Pf., die Erwachsenen (ab 18 Jahren) einen solchen von 50 Pf. bezahlen.<\/li><\/ol><ol start=\"6\"><li>Die Turnerschaft Selbecke, wie auch Germania Selbecke, hat immer der Mittelmark angeh\u00f6rt, erst sp\u00e4ter, etwa 1926, ist die Turnerschaft Selbecke der DT (Deutschen Turnerschaft) beigetreten. In der Mittelmark waren ausschlie\u00dflich die Arbeitervereine organisiert. Dem M\u00e4rkischen Turngau geh\u00f6rten die Vereine mit den \u201ebesseren Leuten\u201c an. Der Unterschied lag also im Geldbeutel.<\/li><\/ol><ol start=\"7\"><li>Im Laufe der Jahre wurden immer mehr Turnfeste besucht und es sammelten sich zahlreiche Ehrenpreise an, die in unserem Vereinsschrank aufbewahrt wurden. Es d\u00fcrften etwa 1o &#8211; l2 Fahnenschleifen, etwa 10 Trinkh\u00f6rner aus Steingut, 2 bis 5 B\u00fcgeleisen auf einer hufeisenf\u00f6rmigen Unterlage und mehrere Rapiere gewesen sein. Diese gesammelten Troph\u00e4en waren Zeichen f\u00fcr die von der Turnerschaft Selbecke errungenen 1. &#8211; 3. Mannschaftssiege. Einzelsiegerurkunden gab es damals noch nicht, wohl aber Eichenkr\u00e4nze, die der Einzelne aber selbst bekam und auch mit nach Hause nahm.\u00dcber die Teilnahme an Turnfesten und \u00fcberhaupt \u00fcber das Vereinsgeschehen gab es auch keine \u201eBuchf\u00fchrung&#8220; und wenn es irgendwelche Unterlagen gab, dann sind sie in den Kriegswirren 1914\/18 oder sp\u00e4ter verlorengegangen. Auch ich selbst habe keine Unterlagen mehr. Meine Frau hat alles, was ich an Vereinsbildern, Kr\u00e4nzen usw. hatte, verbrannt. Genaue Angaben kann auch sonst kein anderer mehr machen, weil schon alle, die dar\u00fcber etwas wissen k\u00f6nnten, gestorben sind.<\/li><\/ol><ol start=\"8\"><li>Zu Turnfesten wurde die Turnerschaft Selbecke vorwiegend von den Vereinen der Mittelmark\u00a0 aus dem Raume Hagen eingeladen. Die Turnerschaft Selbecke lud diese Vereine auch selbst ein. Zweimal war die Turnerschaft Selbecke in Ergste, vielemal in Eilpe, Delstern, Oberhagen, Eppenhausen und Altenhagen auf Turnfesten vertreten.Einmal war die Turnerschaft Selbecke auch auf einem Turnfest im Ruhrgebiet, auf den Namen des einladenden Vereins kann ich mich allerdings nicht mehr erinnern. Der Festverlauf wurde mit dem Antreten der Vereinsriegen er\u00f6ffnet. Jeder einzelne der Riege f\u00fchrte dann seine \u00dcbungen an den Ger\u00e4ten (Reck, Barren, Pferd) aus. Unter der Aufsicht des vom einladenden Verein gestellten Kampfgerichtes (4 &#8211; 5 Mann) wurde die beste Riege bestimmt.Bei besonderen Anl\u00e4ssen (Jubil\u00e4en usw.) wurde durch die Vereinsriegen auch noch ein Parademarschieren vorgef\u00fchrt. Dabei marschierte der Turnwart vor der Turnergruppe her, neben ihm ging der Fahnentr\u00e4ger. Rechts und links vom Fahnentr\u00e4ger marschierten dann zwei Rapiertr\u00e4ger. Beim Besuch von Nachbarfesten (z.B. Eilpe) umfasste die Gruppe der Selbecker Turnerschaft etwa 24 &#8211; 30 Mann, ausw\u00e4rts ca. 16- 18 Mann. Meistens wurden drei Preise f\u00fcr die besten Mannschaften verliehen. Das Turnen fand meistens nachmittags nach dem Festzug statt und dauerte bis abends an. Morgens bet\u00e4tigten sich Stemmer und Ringer. Gestemmt wurde damals beidarmig (100 Pf) und einarmig (50 Pfund). Gewinner beim Stemmen war derjenige, der das Gewicht am h\u00e4ufigsten zur Hochstrecke gebracht hatte; dabei kam es auch noch auf\u00a0 die Haltung an, d.h. ob das Gewicht gesto\u00dfen oder mit Kraft gedr\u00fcckt wurde.<br \/><br \/>Sehr beliebt war auch das Steinsto\u00dfen und das Springen vom Brett (Stabhoch &#8211; und Weitspringen ).Als Kraftsportler war von der Turnerschaft Selbecke Heinken Herkelmann, vorher in Germania Selbecke, weit \u00fcber die Grenzen des Hagener Raumes bekannt. Als Kraftringer und Stemmer hatte er kaum einen Gegner zu bef\u00fcrchten. Die Ringerpaarungen wurden damals ohne Gewichtsbegrenzung nach der Auslosung bestimmt. Wenn es dann vorkam, da\u00df ein k\u00f6rperlich sehr schwacher Gegner gegen Heinken kam, dann verzichtete der Gegner automatisch. Heinken galt damals \u00fcberall als Favorit und wenn er antrat, erkundigten sich die Gegner erst, ob er abends vorher gesoffen h\u00e4tte oder nicht. Hatte er nicht getrunken und war also ziemlich fit, dann verzichteten schon viele auf die Teilnahme, \u00dcber Heinken Herkelmann sei noch zu berichten, da\u00df er auf einem Turnfest in Ergste beim Parademarschieren in der Turnriege der Selbecker Turnerschaft zweimal denselben Fehler machteund damit die Aussicht auf den ersten Preis im Festzugmarschieren vereitelte. Das Kampfgericht hatte beim ersten Mal, als August Siemes seine Mannen vorbeif\u00fchrte, Heinkens Fehler noch nicht bemerkt. Beim zweiten Vorbeimarschieren , als Heinken den gleichen Fehler\u00a0 gemacht h\u00e4tte, w\u00e4re es von den Kampfrichtern bemerkt worden und mit dem ersten Preis w\u00e4re es vorbei gewesen. Als Springer war von der Turnerschaft Selbecke Richard Sommer sehr bekannt. Wenn Sommer und Hesse (letzterer vom Eilper Turnverein) zusammenkamen, holten diese beiden immer die ersten Preise weg. Richard Sommers Glanzzeit war in den Jahren 1897\/98.<\/li><\/ol><ol start=\"9\"><li>Von dem Vereinslied der Selbecker Turnerschaft kenne ich, August Siemes, nur noch die erste Strophe:Am Kluten, wer wei\u00df es nicht &#8211; der neue Turnverein, die Turner sitzen um den Tisch, hoch lebe der Verein. Und wenn der liebe Samstag kommt, halten zusammen wir, die Arbeit legen wir dahin und machen uns Plaisir. Wir laufen in Haufen zum Kluten wohl hin, das ist die Selbecker Turnerschaft &#8211; hat immer frohen Sinn.<\/li><\/ol><ol start=\"10\"><li>Der Sportplatz am M\u00e4ckingerbach steht der Selbecker Turnerschaft seit der Inflationszeit zur Verf\u00fcgung. Damals hatte sich Karl Klute f\u00fcr die Selbecker Turnerschaft mit dem Eigent\u00fcmer, dem Killinger Bauern, in Verbindung gesetzt und um \u00dcberlassung der Wiese gebeten. Daraufhin hatte der Killinger Bauer die Wiese an die Stadt verkauft.<\/li><\/ol><p>\u00a0<\/p>\t\t\t\t\t\t\t\t<\/div>\n\t\t\t\t<\/div>\n\t\t\t\t\t<\/div>\n\t\t\t\t<\/div>\n\t\t\t\t<\/div>\n\t\t","protected":false},"excerpt":{"rendered":"<p>Fr\u00fche Jahre der Turnerschaft: Zeitzeuge August Siemes Im Rahmen seiner umfangreichen Recherchen zu seinem Beitrag 75 Jahre Turnen und Sport in der Selbecke in der Festschrift zum 75j\u00e4hrigen Bestehen der Turnerschaft hat Armin Vo\u00df in den Jahren 1961 bis 1970 zahlreiche Gespr\u00e4che mit Selbeckern gef\u00fchrt. Zu diesen geh\u00f6rten auch einige der \u201ealten Selbecker\u201c, die an [&hellip;]<\/p>\n","protected":false},"author":1,"featured_media":0,"parent":0,"menu_order":0,"comment_status":"closed","ping_status":"closed","template":"elementor_header_footer","meta":{"_acf_changed":false,"footnotes":""},"class_list":["post-2187","page","type-page","status-publish","hentry"],"acf":[],"_links":{"self":[{"href":"http:\/\/selbecke125.de\/index.php?rest_route=\/wp\/v2\/pages\/2187","targetHints":{"allow":["GET"]}}],"collection":[{"href":"http:\/\/selbecke125.de\/index.php?rest_route=\/wp\/v2\/pages"}],"about":[{"href":"http:\/\/selbecke125.de\/index.php?rest_route=\/wp\/v2\/types\/page"}],"author":[{"embeddable":true,"href":"http:\/\/selbecke125.de\/index.php?rest_route=\/wp\/v2\/users\/1"}],"replies":[{"embeddable":true,"href":"http:\/\/selbecke125.de\/index.php?rest_route=%2Fwp%2Fv2%2Fcomments&post=2187"}],"version-history":[{"count":7,"href":"http:\/\/selbecke125.de\/index.php?rest_route=\/wp\/v2\/pages\/2187\/revisions"}],"predecessor-version":[{"id":2228,"href":"http:\/\/selbecke125.de\/index.php?rest_route=\/wp\/v2\/pages\/2187\/revisions\/2228"}],"wp:attachment":[{"href":"http:\/\/selbecke125.de\/index.php?rest_route=%2Fwp%2Fv2%2Fmedia&parent=2187"}],"curies":[{"name":"wp","href":"https:\/\/api.w.org\/{rel}","templated":true}]}}