{"id":2167,"date":"2025-07-12T14:01:27","date_gmt":"2025-07-12T12:01:27","guid":{"rendered":"https:\/\/selbecke125.de\/?page_id=2167"},"modified":"2025-08-10T20:45:08","modified_gmt":"2025-08-10T18:45:08","slug":"die-einigungsversammlung-im-juli-1921","status":"publish","type":"page","link":"http:\/\/selbecke125.de\/?page_id=2167","title":{"rendered":"Die Einigungsversammlung im Juli 1921"},"content":{"rendered":"\t\t<div data-elementor-type=\"wp-post\" data-elementor-id=\"2167\" class=\"elementor elementor-2167\" data-elementor-post-type=\"page\">\n\t\t\t\t<div class=\"elementor-element elementor-element-5dc2cf0 e-flex e-con-boxed e-con e-parent\" data-id=\"5dc2cf0\" data-element_type=\"container\" data-settings=\"{&quot;jet_parallax_layout_list&quot;:[]}\">\n\t\t\t\t\t<div class=\"e-con-inner\">\n\t\t\t\t<div class=\"elementor-element elementor-element-7b04b5e elementor-widget elementor-widget-spacer\" data-id=\"7b04b5e\" data-element_type=\"widget\" data-widget_type=\"spacer.default\">\n\t\t\t\t<div class=\"elementor-widget-container\">\n\t\t\t\t\t\t\t<div class=\"elementor-spacer\">\n\t\t\t<div class=\"elementor-spacer-inner\"><\/div>\n\t\t<\/div>\n\t\t\t\t\t\t<\/div>\n\t\t\t\t<\/div>\n\t\t\t\t\t<\/div>\n\t\t\t\t<\/div>\n\t\t<div class=\"elementor-element elementor-element-00e04a6 e-flex e-con-boxed e-con e-parent\" data-id=\"00e04a6\" data-element_type=\"container\" data-settings=\"{&quot;jet_parallax_layout_list&quot;:[]}\">\n\t\t\t\t\t<div class=\"e-con-inner\">\n\t\t\t\t<div class=\"elementor-element elementor-element-e107356 elementor-widget elementor-widget-heading\" data-id=\"e107356\" data-element_type=\"widget\" data-widget_type=\"heading.default\">\n\t\t\t\t<div class=\"elementor-widget-container\">\n\t\t\t\t\t<h2 class=\"elementor-heading-title elementor-size-default\">Die Einigungsversammlung im Juli 1921<\/h2>\t\t\t\t<\/div>\n\t\t\t\t<\/div>\n\t\t\t\t\t<\/div>\n\t\t\t\t<\/div>\n\t\t<div class=\"elementor-element elementor-element-98f89a1 e-flex e-con-boxed e-con e-parent\" data-id=\"98f89a1\" data-element_type=\"container\" data-settings=\"{&quot;jet_parallax_layout_list&quot;:[]}\">\n\t\t\t\t\t<div class=\"e-con-inner\">\n\t\t\t\t<div class=\"elementor-element elementor-element-f19dd41 elementor-widget elementor-widget-spacer\" data-id=\"f19dd41\" data-element_type=\"widget\" data-widget_type=\"spacer.default\">\n\t\t\t\t<div class=\"elementor-widget-container\">\n\t\t\t\t\t\t\t<div class=\"elementor-spacer\">\n\t\t\t<div class=\"elementor-spacer-inner\"><\/div>\n\t\t<\/div>\n\t\t\t\t\t\t<\/div>\n\t\t\t\t<\/div>\n\t\t\t\t\t<\/div>\n\t\t\t\t<\/div>\n\t\t<div class=\"elementor-element elementor-element-e3cca0c e-flex e-con-boxed e-con e-parent\" data-id=\"e3cca0c\" data-element_type=\"container\" data-settings=\"{&quot;jet_parallax_layout_list&quot;:[]}\">\n\t\t\t\t\t<div class=\"e-con-inner\">\n\t\t<div class=\"elementor-element elementor-element-e12645f e-con-full e-flex e-con e-child\" data-id=\"e12645f\" data-element_type=\"container\" data-settings=\"{&quot;jet_parallax_layout_list&quot;:[]}\">\n\t\t\t\t<div class=\"elementor-element elementor-element-cca64ba elementor-widget elementor-widget-image\" data-id=\"cca64ba\" data-element_type=\"widget\" data-widget_type=\"image.default\">\n\t\t\t\t<div class=\"elementor-widget-container\">\n\t\t\t\t\t\t\t\t\t\t\t\t\t\t\t<img fetchpriority=\"high\" decoding=\"async\" width=\"632\" height=\"800\" src=\"http:\/\/selbecke125.de\/wp-content\/uploads\/2025\/07\/Einigungsversammlung.jpg\" class=\"attachment-large size-large wp-image-2170\" alt=\"\" srcset=\"http:\/\/selbecke125.de\/wp-content\/uploads\/2025\/07\/Einigungsversammlung.jpg 632w, http:\/\/selbecke125.de\/wp-content\/uploads\/2025\/07\/Einigungsversammlung-237x300.jpg 237w\" sizes=\"(max-width: 632px) 100vw, 632px\" \/>\t\t\t\t\t\t\t\t\t\t\t\t\t\t\t<\/div>\n\t\t\t\t<\/div>\n\t\t\t\t<\/div>\n\t\t<div class=\"elementor-element elementor-element-1b022b3 e-con-full e-flex e-con e-child\" data-id=\"1b022b3\" data-element_type=\"container\" data-settings=\"{&quot;jet_parallax_layout_list&quot;:[]}\">\n\t\t\t\t<div class=\"elementor-element elementor-element-23e65ff elementor-widget elementor-widget-text-editor\" data-id=\"23e65ff\" data-element_type=\"widget\" data-widget_type=\"text-editor.default\">\n\t\t\t\t<div class=\"elementor-widget-container\">\n\t\t\t\t\t\t\t\t\t<p>Neben einem Bericht \u00fcber die Nachkriegsentwicklung der Selbecker Turnerschaft, <strong><em>Trend zum Ballspiel<\/em><\/strong> von Manfred M\u00f6ller, und Gedanken \u00fcber aktuelle Ver\u00e4nderungen und Reformen: <strong><em>Vereinsarbeit transparenter<\/em> <\/strong>von aladin, nimmt die Dokumentation <strong><em>75 Jahre Turnen und Sport in der Selbecke<\/em><\/strong> von Armin Vo\u00df den gr\u00f6\u00dften Raum ein.<\/p><p>\u00a0<\/p><p>Im letzten Teil seines Berichts \u00e4u\u00dfert sich Vo\u00df zu Problemen bei der Zusammenstellung von Vereins-historischen Tatsachen:<\/p><p>\u00a0<\/p><p><em>Beginnt man nachzuforschen, welche Selbecker Turner und Sportler sich seit Gr\u00fcndung der Selbecker Turnvereine am turnerisch-sportlichen Geschehen beteiligten, k\u00f6nnen Einzelheiten zum Teil nicht mehr oder aber nur unter erheblichen Schwierigkeiten ermittelt werden.<\/em><\/p>\t\t\t\t\t\t\t\t<\/div>\n\t\t\t\t<\/div>\n\t\t\t\t<\/div>\n\t\t\t\t\t<\/div>\n\t\t\t\t<\/div>\n\t\t<div class=\"elementor-element elementor-element-d51971d e-flex e-con-boxed e-con e-parent\" data-id=\"d51971d\" data-element_type=\"container\" data-settings=\"{&quot;jet_parallax_layout_list&quot;:[]}\">\n\t\t\t\t\t<div class=\"e-con-inner\">\n\t\t\t\t<div class=\"elementor-element elementor-element-d05ebf0 elementor-widget elementor-widget-text-editor\" data-id=\"d05ebf0\" data-element_type=\"widget\" data-widget_type=\"text-editor.default\">\n\t\t\t\t<div class=\"elementor-widget-container\">\n\t\t\t\t\t\t\t\t\t<p><em>Der Grund f\u00fcr diese unbefriedigende Feststellung ist offensichtlich. Alle Vereinsprotokolle und sonstigen Aufzeichnungen von 1896 bis 1945 sind in Verlust geraten. Auch die einschl\u00e4gigen Unterlagen der Nachkriegszeit weisen erhebliche L\u00fccken auf.. Hinzu kommt als weitere Erschwernis, dass die betrffeneden Belege verstreut \u2013 bei den einzelnen Turn- und Leichtathletikwarten \u2013 aufbewahrt werden. Was sich neben den Vereinsakten der 50er Jahre noch findet, sind hin und wieder alte Urkunden, Siegerkr\u00e4nze mit Schleifen und Fotogtrafien aus Privatbesitz. Mitunter kann auch auf Zeitungsberichte, Festschriften usw. zur\u00fcckgegriffen werden. Im Rahmen der diesbez\u00fcglichen\u00a0 Sucharbeit boten die Ausk\u00fcnfte einzelner Vereinsmitglieder eine wertvolle Hilfe.\u00a0\u00a0 <\/em>Aus: Festschrift <strong><em>75 Jahre Sport in der Selbecke<\/em><\/strong>, S. 63ff.<\/p><p><em>\u00a0<\/em>Zu den Dokumenten aus der Zeit vor dem Krieg , die erhalten geblieben sind, geh\u00f6ren Briefe der Stadt an den damaligen \u201ePlatzobmann des st\u00e4dt. Sportplatzes M\u00e4ckingerbach, Herrn Rich.Schaacke\u201c, Informationen \u00fcber <em>Werbeabenden <\/em>und<em> Gauturnfeste <\/em>in den 30er Jahren, und eine Abschrift des Protokolls der \u201e<strong><em>Einigungsversammlung der beiden Selbecker Turnvereine im Saale des Herrn Karl Schaacke am 26. Juli 1921<\/em><\/strong>\u201c.<\/p><p>Gegen Ende des 19. Jahrhunderts waren drei Turnvereine in der Selbecke gegr\u00fcndet worden: <em>Germania Selbecke 1882, Freie Turnerschaft Selbecke 1882, Turnerschaft Selbecke 1896. <\/em>1914 sollte die Selbecker Turnerschaft das Bergfest der Mittelmark ausrichten (vgl. zum Folgenden Festschrift, s.o., S. 53 ff); es konnte jedoch nicht mehr durchgef\u00fchrt werden, \u201eweil der Weltkrieg ausgebrochen und und eine Vielzahl der Turner schon zum Wehrdienst eingezogen war\u201c. Zun\u00e4chst wurde der Turnbetrieb noch von einigen Jugendlichen aufrecht erhalten, bis er 1915 ganz zum Erliegen kam.<\/p>\t\t\t\t\t\t\t\t<\/div>\n\t\t\t\t<\/div>\n\t\t\t\t\t<\/div>\n\t\t\t\t<\/div>\n\t\t<div class=\"elementor-element elementor-element-6c9a9ed e-flex e-con-boxed e-con e-parent\" data-id=\"6c9a9ed\" data-element_type=\"container\" data-settings=\"{&quot;jet_parallax_layout_list&quot;:[]}\">\n\t\t\t\t\t<div class=\"e-con-inner\">\n\t\t\t\t<div class=\"elementor-element elementor-element-1833daf elementor-widget elementor-widget-image\" data-id=\"1833daf\" data-element_type=\"widget\" data-widget_type=\"image.default\">\n\t\t\t\t<div class=\"elementor-widget-container\">\n\t\t\t\t\t\t\t\t\t\t\t\t\t\t\t<img decoding=\"async\" width=\"1024\" height=\"568\" src=\"http:\/\/selbecke125.de\/wp-content\/uploads\/2025\/07\/text-1024x568.jpg\" class=\"attachment-large size-large wp-image-2171\" alt=\"\" srcset=\"http:\/\/selbecke125.de\/wp-content\/uploads\/2025\/07\/text-1024x568.jpg 1024w, http:\/\/selbecke125.de\/wp-content\/uploads\/2025\/07\/text-300x166.jpg 300w, http:\/\/selbecke125.de\/wp-content\/uploads\/2025\/07\/text-768x426.jpg 768w, http:\/\/selbecke125.de\/wp-content\/uploads\/2025\/07\/text.jpg 1442w\" sizes=\"(max-width: 1024px) 100vw, 1024px\" \/>\t\t\t\t\t\t\t\t\t\t\t\t\t\t\t<\/div>\n\t\t\t\t<\/div>\n\t\t\t\t\t<\/div>\n\t\t\t\t<\/div>\n\t\t<div class=\"elementor-element elementor-element-8132a62 e-flex e-con-boxed e-con e-parent\" data-id=\"8132a62\" data-element_type=\"container\" data-settings=\"{&quot;jet_parallax_layout_list&quot;:[]}\">\n\t\t\t\t\t<div class=\"e-con-inner\">\n\t\t\t\t<div class=\"elementor-element elementor-element-6c146db elementor-widget elementor-widget-spacer\" data-id=\"6c146db\" data-element_type=\"widget\" data-widget_type=\"spacer.default\">\n\t\t\t\t<div class=\"elementor-widget-container\">\n\t\t\t\t\t\t\t<div class=\"elementor-spacer\">\n\t\t\t<div class=\"elementor-spacer-inner\"><\/div>\n\t\t<\/div>\n\t\t\t\t\t\t<\/div>\n\t\t\t\t<\/div>\n\t\t\t\t\t<\/div>\n\t\t\t\t<\/div>\n\t\t<div class=\"elementor-element elementor-element-ca57453 e-flex e-con-boxed e-con e-parent\" data-id=\"ca57453\" data-element_type=\"container\" data-settings=\"{&quot;jet_parallax_layout_list&quot;:[]}\">\n\t\t\t\t\t<div class=\"e-con-inner\">\n\t\t\t\t<div class=\"elementor-element elementor-element-3a90b47 elementor-widget elementor-widget-image\" data-id=\"3a90b47\" data-element_type=\"widget\" data-widget_type=\"image.default\">\n\t\t\t\t<div class=\"elementor-widget-container\">\n\t\t\t\t\t\t\t\t\t\t\t\t\t\t\t<img decoding=\"async\" width=\"678\" height=\"1024\" src=\"http:\/\/selbecke125.de\/wp-content\/uploads\/2025\/07\/text2-678x1024.jpg\" class=\"attachment-large size-large wp-image-2172\" alt=\"\" srcset=\"http:\/\/selbecke125.de\/wp-content\/uploads\/2025\/07\/text2-678x1024.jpg 678w, http:\/\/selbecke125.de\/wp-content\/uploads\/2025\/07\/text2-199x300.jpg 199w, http:\/\/selbecke125.de\/wp-content\/uploads\/2025\/07\/text2-768x1161.jpg 768w, http:\/\/selbecke125.de\/wp-content\/uploads\/2025\/07\/text2-1016x1536.jpg 1016w, http:\/\/selbecke125.de\/wp-content\/uploads\/2025\/07\/text2-1355x2048.jpg 1355w, http:\/\/selbecke125.de\/wp-content\/uploads\/2025\/07\/text2.jpg 1442w\" sizes=\"(max-width: 678px) 100vw, 678px\" \/>\t\t\t\t\t\t\t\t\t\t\t\t\t\t\t<\/div>\n\t\t\t\t<\/div>\n\t\t\t\t\t<\/div>\n\t\t\t\t<\/div>\n\t\t<div class=\"elementor-element elementor-element-85ed71d e-flex e-con-boxed e-con e-parent\" data-id=\"85ed71d\" data-element_type=\"container\" data-settings=\"{&quot;jet_parallax_layout_list&quot;:[]}\">\n\t\t\t\t\t<div class=\"e-con-inner\">\n\t\t\t\t<div class=\"elementor-element elementor-element-3d53a87 elementor-widget elementor-widget-text-editor\" data-id=\"3d53a87\" data-element_type=\"widget\" data-widget_type=\"text-editor.default\">\n\t\t\t\t<div class=\"elementor-widget-container\">\n\t\t\t\t\t\t\t\t\t<p>\u00dcbertragung des Protokolls:<br \/><u>Abschrift:<\/u>\u00a0 Richard Schaacke<\/p><p>\u00a0<\/p>\t\t\t\t\t\t\t\t<\/div>\n\t\t\t\t<\/div>\n\t\t\t\t\t<\/div>\n\t\t\t\t<\/div>\n\t\t<div class=\"elementor-element elementor-element-05be339 e-flex e-con-boxed e-con e-parent\" data-id=\"05be339\" data-element_type=\"container\" data-settings=\"{&quot;jet_parallax_layout_list&quot;:[]}\">\n\t\t\t\t\t<div class=\"e-con-inner\">\n\t\t\t\t<div class=\"elementor-element elementor-element-5bf43c1 elementor-widget elementor-widget-text-editor\" data-id=\"5bf43c1\" data-element_type=\"widget\" data-widget_type=\"text-editor.default\">\n\t\t\t\t<div class=\"elementor-widget-container\">\n\t\t\t\t\t\t\t\t\t<p>Einigungsversammlung der beiden Selbecker Turnvereine<\/p><p>im Saale des Herrn Schaacke am 26. J u l i\u00a0 1921<\/p><p>Laut Vorstandsversammlung vom Dienstag, den 22. Juli 1919, f\u00fchrte Turngenosse Richard Schaacke als Unparteiischer die Versammlung und ihm zur Seite Robert Schaacke als Schriftf\u00fchrer.<\/p><p>Begr\u00fcssung durch den Vorsitzenden. Hinweis auf die Vorteile der Vereinigung Alklgemeine Zustimmung.<\/p><p>Dann zu den Einigungsbedingungen:<\/p><ol><li>Namen des Vereins:<\/li><\/ol><p>\u00a0Der obere Verein beantragt Namen: \u201eTurnerschaft Selbecke\u201c\u00a0 Wiedersprruch des unteren Vereins, das laut Beschluss des gemeinsamen Vorstandes die Bezeichnung \u201eTurnverein Selbecke\u201c vorgesehen war. Hinweis des Turngenossen Rob. Schaacke, dass es doch gleich sei, wie der Verein sich schimpfe, in der Hauptsache k\u00e4me es doch auf die Kr\u00e4fte und die Kameradschaftlichkeit des einzelnen an. Dann Antrag des Turngenossen Richard Schaacke auf \u00dcbernahme der Bezeichnung \u201eTurnerschaft Selbecke\u201c aber unter Beibehaltung des Gr\u00fcndungsdatums des unteren Vereins Germania. Antrag angenommen<\/p><p>Abstimmung 33 gegen 7 bei 8 Stimmenthaltungen.<\/p><ol start=\"2\"><li>Kassenangelegenheiten: Verschmelzung der beiden Kassen angenommen. Blasberg soll die ausstehenden Gelder einziehen.<\/li><li>Lokalfrage machte Anfangs viel Schwierigkeiten. Vermittlungsantrag von Rich. Schaacke, w\u00f6chentlich abwechselnd im oberen und unteren Saale zwei Jahre lang zu turnen und dann nach 2 Jahren endg\u00fcltig \u00fcber Lokalsitz abzustimmen wurde einstimmig angenommen. Bis zum Bergfest im unteren Saale turnen.Hierzu bemerkte der Turngenosse August Faust, dass in dem oberen Verein die Rede gewesen w\u00e4re, Sicherungsmassnahmen sich vorzubehalten\u00a0 und zwar in der Weise, dass, solange noch 6 Mann des oberen Vereins auf Wiedertrennung best\u00e4nden, s\u00e4mtliche M\u00f6beln pp. Wieder abgegeben werden m\u00fcssen. Dies wurde jedoch vom Vorsitzenden schroff verworfen, dagegen machte Vorsitzender den Vorschlag zu beschliessen, dass alle wichtigen Bestimmungen (z.B. \u00dcbertritt zum M\u00e4rk. Gau oder Arbeiterturnverein mit einer 9\/10 Mehrheit unterliegen m\u00fcssen. Dieser Vorschlag wurde einstimmig angenommen mit der Bestimmung, dass dieser Beschluss f\u00fcr eine Zeitdauer von 2 Jahren Geltung habe und dass der obere Verein, falls dagegen verstossen werden sollte, innerhalb der zweij\u00e4hrigen Frist berechtigt sei, jederzeit mit Mobiliar pp. zur\u00fcckzutreten<\/li><\/ol><ol start=\"4\"><li>Fahnenangelegenheit: Untere Fahne beibehalten mit der entsprechenden Namens\u00e4nderung, obere Fahne f\u00fcr die Jugendabteilung. Einstimmig Annahme.<\/li><li>M\u00fctzenangelegenheit: Einstimmig beschlossen, Turnerm\u00fctzen abzuschaffen, dagegen gr\u00fcnweisse Kordel des unteren Vereins einzuf\u00fchren, die oberen blauroten sollen bei Rosendahl im Umtausch gegeben werden.<\/li><li>Wetturnordnung [!] und Statuten sollen auf Grundlage der obigen Beschl\u00fcsse neu aufgestellt werden und zwar von je 2 Mann des oberen und unteren Vereins.<\/li><li>Vorstandswahl ging erfreulicherweise schnell von statten.<\/li><\/ol><p>Ehrenvorsitzender Aug. Faust in Anbetracht seiner Verdienste des oberen Vereins, wo er in derselben Eigenschaft fungiert hat.<\/p><p>I .Vorsitzender Ewald Butz (derselbe nimmt die Wahl nach anf\u00e4nglichem Str\u00e4uben an)<\/p><ol><li>Vorsitzender Fritz Schaacke<\/li><\/ol><p>Kassierer: Wilhelm Herkelmann<\/p><ol><li>Turnwart: Wilhelm Keller<\/li><li>&#8220; : Otto Buschsieper<\/li><\/ol><p>Ferner wurde Robert Butz, der infolge Verhinderung nicht zugegen war, auf Vorschalg von Wilhelm Herkelmann, zum Turnwart der Jugendabteilung gew\u00e4hlt.<\/p><ol><li>Schriftf\u00fchrer: Heinrich Finken<\/li><li>&#8220; : Ernst Schulte<\/li><\/ol><p>Zeugwarte: Aug. Kirchhoff und Franz Wigge<\/p><p>Der vom oberen Verein geplante Ausflug nach Zurstrasse sollte beibehalten werden, verbunden mit Jugendabteilungswetturnen in zwei Klassen, was noch weiter ausgearbeitet werden sollte.<\/p><p>Hierzu Antrag des Turngenossen Rich. Schaacke auch die Veranstaltungen\u00a0 einer Einiigungsfeier im oberen Saale, wurde einstimmig beschlossen.<\/p><p>Ferner wurde die aktive Mitgliederschaft, oben 15 Jahre, unten 25 Jahre, auf das Mittel\u00a0 20 Jahre festgesetzt, dann ab deren Zeit keine Beitr\u00e4ge.<\/p><p>Im Punkt Verschiedenes kamen noch Festangelegenheiten zur Sprache, und deren Ausarbeitung der I. Vorsitzende Ewald Butz betraut wurde.<\/p><p>Am Schlusse ermahnt Rich. Schaacke nochmals, treu zu fahne zu halten, zum Wohle der ganzen Selbecker Turner.<\/p><p>Hagen-Selbecke, den 26. Juli 1921<\/p><p>gez. Richard Schaacke, Versammlungsleiter<\/p><p>gez. Robert Schaacke, Schriftf\u00fchrer<\/p>\t\t\t\t\t\t\t\t<\/div>\n\t\t\t\t<\/div>\n\t\t\t\t\t<\/div>\n\t\t\t\t<\/div>\n\t\t<div class=\"elementor-element elementor-element-de4ab1a e-flex e-con-boxed e-con e-parent\" data-id=\"de4ab1a\" data-element_type=\"container\" data-settings=\"{&quot;jet_parallax_layout_list&quot;:[]}\">\n\t\t\t\t\t<div class=\"e-con-inner\">\n\t\t\t\t<div class=\"elementor-element elementor-element-6352cb5 elementor-widget elementor-widget-spacer\" data-id=\"6352cb5\" data-element_type=\"widget\" data-widget_type=\"spacer.default\">\n\t\t\t\t<div class=\"elementor-widget-container\">\n\t\t\t\t\t\t\t<div class=\"elementor-spacer\">\n\t\t\t<div class=\"elementor-spacer-inner\"><\/div>\n\t\t<\/div>\n\t\t\t\t\t\t<\/div>\n\t\t\t\t<\/div>\n\t\t\t\t\t<\/div>\n\t\t\t\t<\/div>\n\t\t\t\t<\/div>\n\t\t","protected":false},"excerpt":{"rendered":"<p>Die Einigungsversammlung im Juli 1921 Neben einem Bericht \u00fcber die Nachkriegsentwicklung der Selbecker Turnerschaft, Trend zum Ballspiel von Manfred M\u00f6ller, und Gedanken \u00fcber aktuelle Ver\u00e4nderungen und Reformen: Vereinsarbeit transparenter von aladin, nimmt die Dokumentation 75 Jahre Turnen und Sport in der Selbecke von Armin Vo\u00df den gr\u00f6\u00dften Raum ein. \u00a0 Im letzten Teil seines Berichts [&hellip;]<\/p>\n","protected":false},"author":1,"featured_media":0,"parent":0,"menu_order":0,"comment_status":"closed","ping_status":"closed","template":"elementor_header_footer","meta":{"_acf_changed":false,"footnotes":""},"class_list":["post-2167","page","type-page","status-publish","hentry"],"acf":[],"_links":{"self":[{"href":"http:\/\/selbecke125.de\/index.php?rest_route=\/wp\/v2\/pages\/2167","targetHints":{"allow":["GET"]}}],"collection":[{"href":"http:\/\/selbecke125.de\/index.php?rest_route=\/wp\/v2\/pages"}],"about":[{"href":"http:\/\/selbecke125.de\/index.php?rest_route=\/wp\/v2\/types\/page"}],"author":[{"embeddable":true,"href":"http:\/\/selbecke125.de\/index.php?rest_route=\/wp\/v2\/users\/1"}],"replies":[{"embeddable":true,"href":"http:\/\/selbecke125.de\/index.php?rest_route=%2Fwp%2Fv2%2Fcomments&post=2167"}],"version-history":[{"count":7,"href":"http:\/\/selbecke125.de\/index.php?rest_route=\/wp\/v2\/pages\/2167\/revisions"}],"predecessor-version":[{"id":2224,"href":"http:\/\/selbecke125.de\/index.php?rest_route=\/wp\/v2\/pages\/2167\/revisions\/2224"}],"wp:attachment":[{"href":"http:\/\/selbecke125.de\/index.php?rest_route=%2Fwp%2Fv2%2Fmedia&parent=2167"}],"curies":[{"name":"wp","href":"https:\/\/api.w.org\/{rel}","templated":true}]}}