{"id":2122,"date":"2025-07-12T13:04:37","date_gmt":"2025-07-12T11:04:37","guid":{"rendered":"https:\/\/selbecke125.de\/?page_id=2122"},"modified":"2025-08-10T20:43:11","modified_gmt":"2025-08-10T18:43:11","slug":"1956-60-jahre-selbecker-turnerschaft","status":"publish","type":"page","link":"http:\/\/selbecke125.de\/?page_id=2122","title":{"rendered":"1956: \u00a060 Jahre Selbecker Turnerschaft"},"content":{"rendered":"\t\t<div data-elementor-type=\"wp-post\" data-elementor-id=\"2122\" class=\"elementor elementor-2122\" data-elementor-post-type=\"page\">\n\t\t\t\t<div class=\"elementor-element elementor-element-5dc2cf0 e-flex e-con-boxed e-con e-parent\" data-id=\"5dc2cf0\" data-element_type=\"container\" data-settings=\"{&quot;jet_parallax_layout_list&quot;:[]}\">\n\t\t\t\t\t<div class=\"e-con-inner\">\n\t\t\t\t<div class=\"elementor-element elementor-element-7b04b5e elementor-widget elementor-widget-spacer\" data-id=\"7b04b5e\" data-element_type=\"widget\" data-widget_type=\"spacer.default\">\n\t\t\t\t<div class=\"elementor-widget-container\">\n\t\t\t\t\t\t\t<div class=\"elementor-spacer\">\n\t\t\t<div class=\"elementor-spacer-inner\"><\/div>\n\t\t<\/div>\n\t\t\t\t\t\t<\/div>\n\t\t\t\t<\/div>\n\t\t\t\t\t<\/div>\n\t\t\t\t<\/div>\n\t\t<div class=\"elementor-element elementor-element-00e04a6 e-flex e-con-boxed e-con e-parent\" data-id=\"00e04a6\" data-element_type=\"container\" data-settings=\"{&quot;jet_parallax_layout_list&quot;:[]}\">\n\t\t\t\t\t<div class=\"e-con-inner\">\n\t\t\t\t<div class=\"elementor-element elementor-element-e107356 elementor-widget elementor-widget-heading\" data-id=\"e107356\" data-element_type=\"widget\" data-widget_type=\"heading.default\">\n\t\t\t\t<div class=\"elementor-widget-container\">\n\t\t\t\t\t<h2 class=\"elementor-heading-title elementor-size-default\">1956:  60 Jahre Selbecker Turnerschaft<\/h2>\t\t\t\t<\/div>\n\t\t\t\t<\/div>\n\t\t\t\t\t<\/div>\n\t\t\t\t<\/div>\n\t\t<div class=\"elementor-element elementor-element-98f89a1 e-flex e-con-boxed e-con e-parent\" data-id=\"98f89a1\" data-element_type=\"container\" data-settings=\"{&quot;jet_parallax_layout_list&quot;:[]}\">\n\t\t\t\t\t<div class=\"e-con-inner\">\n\t\t\t\t<div class=\"elementor-element elementor-element-f19dd41 elementor-widget elementor-widget-spacer\" data-id=\"f19dd41\" data-element_type=\"widget\" data-widget_type=\"spacer.default\">\n\t\t\t\t<div class=\"elementor-widget-container\">\n\t\t\t\t\t\t\t<div class=\"elementor-spacer\">\n\t\t\t<div class=\"elementor-spacer-inner\"><\/div>\n\t\t<\/div>\n\t\t\t\t\t\t<\/div>\n\t\t\t\t<\/div>\n\t\t\t\t\t<\/div>\n\t\t\t\t<\/div>\n\t\t<div class=\"elementor-element elementor-element-4181ca0 e-flex e-con-boxed e-con e-parent\" data-id=\"4181ca0\" data-element_type=\"container\" data-settings=\"{&quot;jet_parallax_layout_list&quot;:[]}\">\n\t\t\t\t\t<div class=\"e-con-inner\">\n\t\t<div class=\"elementor-element elementor-element-acf70a5 e-con-full e-flex e-con e-child\" data-id=\"acf70a5\" data-element_type=\"container\" data-settings=\"{&quot;jet_parallax_layout_list&quot;:[]}\">\n\t\t\t\t<div class=\"elementor-element elementor-element-d8ca654 elementor-widget elementor-widget-image\" data-id=\"d8ca654\" data-element_type=\"widget\" data-widget_type=\"image.default\">\n\t\t\t\t<div class=\"elementor-widget-container\">\n\t\t\t\t\t\t\t\t\t\t\t\t\t\t\t<img fetchpriority=\"high\" decoding=\"async\" width=\"304\" height=\"429\" src=\"http:\/\/selbecke125.de\/wp-content\/uploads\/2025\/07\/60Jahre.jpg\" class=\"attachment-large size-large wp-image-2126\" alt=\"\" srcset=\"http:\/\/selbecke125.de\/wp-content\/uploads\/2025\/07\/60Jahre.jpg 304w, http:\/\/selbecke125.de\/wp-content\/uploads\/2025\/07\/60Jahre-213x300.jpg 213w\" sizes=\"(max-width: 304px) 100vw, 304px\" \/>\t\t\t\t\t\t\t\t\t\t\t\t\t\t\t<\/div>\n\t\t\t\t<\/div>\n\t\t\t\t<\/div>\n\t\t<div class=\"elementor-element elementor-element-98ba2c2 e-con-full e-flex e-con e-child\" data-id=\"98ba2c2\" data-element_type=\"container\" data-settings=\"{&quot;jet_parallax_layout_list&quot;:[]}\">\n\t\t\t\t<div class=\"elementor-element elementor-element-d739de7 elementor-widget elementor-widget-text-editor\" data-id=\"d739de7\" data-element_type=\"widget\" data-widget_type=\"text-editor.default\">\n\t\t\t\t<div class=\"elementor-widget-container\">\n\t\t\t\t\t\t\t\t\t<p>Armin Vo\u00df ver\u00f6ffentlicht in seiner Dokumentation <em>75 Jahre Turnen und Sport in der Selbecke<\/em> in der Festschrift zum 75j\u00e4hrigen Jubil\u00e4um der Selbecker Turnerschaft eine umfassende, durchaus wissenschaftlichen Anspr\u00fcchen gen\u00fcgende \u00a0Darstellung der Geschichte des Vereins seit Ende des 19. Jahrhunderts.<\/p><p>In der Festschrift zum 60J\u00e4hrigen der Selbecker Turnerschaft, \u00a0\u00a0im Jahr 1956 enth\u00e4lt die Festschrift die fr\u00fcheste uns bekannte Darstellung der Geschichte des Vereins; sie ist noch deutlich gepr\u00e4gt durch die Sprache der ehemaligen Turner und Vereinsvertreter und deren N\u00e4he zu den Turnerorganisationen in den 20er Jahren..\u00a0\u00a0<\/p><p>Welche Aspekte ihrer Geschichte waren der Turnerschaft so wichtig, dass sie in der Festschrift aufgezeichnet wurden?\u00a0<\/p><p>Der Text beginnt mit einer Beschreibung des Alltagslebens, und wir k\u00f6nnen eine Vorstellung davon bekommen, <em>wie anders<\/em> es vor 125 Jahren war. Der Entwicklung Deutschlands zu einer \u201eindustriellen Gro\u00dfmacht\u201c wird \u201eunsere liebe Selbecke\u201c gegen\u00fcber gestellt. Sie wird als \u201estilles Fleckchen Erde\u201c beschrieben, in dem es M\u00e4nner gab, die \u201eunb\u00e4ndigen Lebenswillen\u201c hatten und sich mit Gesang und Turnen den Feierabend selbst gestalteten.<\/p>\t\t\t\t\t\t\t\t<\/div>\n\t\t\t\t<\/div>\n\t\t\t\t<\/div>\n\t\t\t\t\t<\/div>\n\t\t\t\t<\/div>\n\t\t<div class=\"elementor-element elementor-element-d51971d e-flex e-con-boxed e-con e-parent\" data-id=\"d51971d\" data-element_type=\"container\" data-settings=\"{&quot;jet_parallax_layout_list&quot;:[]}\">\n\t\t\t\t\t<div class=\"e-con-inner\">\n\t\t\t\t<div class=\"elementor-element elementor-element-d05ebf0 elementor-widget elementor-widget-text-editor\" data-id=\"d05ebf0\" data-element_type=\"widget\" data-widget_type=\"text-editor.default\">\n\t\t\t\t<div class=\"elementor-widget-container\">\n\t\t\t\t\t\t\t\t\t<p>Nachdem mit gro\u00dfer M\u00fche Turnger\u00e4te angeschafft werden konnten, wurde in Privatr\u00e4umen geturnt. Hier beherrschten die Ideale von Turnvater Jahn den Turnboden: Es ging darum, mit \u201e<em>k\u00f6rperlicher Schulung Leib und Seele der Jugend f\u00fcr den Lebenskampf zu ert\u00fcchtigen<\/em>!\u201c; das Ideal war der \u201e<em>muskelstarke K\u00f6rper<\/em>\u201c, und die Turner marschierten \u201e<em>in strammem Gleichschritt<\/em>\u201c.<\/p><p>Im Jahr 1908 wurde die erste Sch\u00fclergruppe gebildet; und trotz zahlreicher Bestrebungen die vielen Vereine der Umgebung zu einem gro\u00dfen Turnverein zusammenzuschlie\u00dfen, behielt die Turnerschaft ihre Selbst\u00e4ndigkeit.<\/p><p>Die Bombenjahre, des zweiten Weltkriegs, der daraus folgende Verlust der Turnger\u00e4te und der Vereinsfahne werden erw\u00e4hnt. \u00dcber den Nationalsozialismus findet sich kein Wort; in einer Zeit der politischen Sprachlosigkeit auf allen Ebenen befindet sich unser Verein hier in guter Gesellschaft.<\/p><p>Es folgen Ausf\u00fchrungen zur Neugr\u00fcndung des Vereins im Jahr 1948, zu Sportst\u00e4tten, zur Zusammenarbeit von Schule und Verein, zu Veranstaltungen, die Arbeit und M\u00fche lohnen \u2026<\/p><p>Wie aktuell der Text immer noch ist, zeigen die Ausf\u00fchrungen zur heranwachsenden Jugend, die \u201e<em>k\u00f6rperlich wie seelisch bedroht ist<\/em>\u201c, und zu M\u00e4nnern und Frauen (heute sagt man Trainer, \u00dcbungsleiter, Betreuer und Abteilungsleiter), \u201e<em>die zu solchem aufopfernden und selbstlosen Dienst jahraus jahrein immer wieder bereit sind<\/em>.\u201c<\/p><p>Wir geben hier nur einige Ausschnitte aus dieser Festschrift wieder. Sie erm\u00f6glichen, dass wir uns \u00fcber die Zeit und die Lebensumst\u00e4nde wundern, und auch die Arbeit der Vereins<strong>vertreter<\/strong> (Frauen werden nicht erw\u00e4hnt) anerkennen; und wir k\u00f6nnen das Fundament erkennen, auf dem unsere Turnerschaft \u2013 vielleicht &#8211; heute noch steht.<strong>\u00a0\u00a0\u00a0\u00a0\u00a0\u00a0\u00a0\u00a0\u00a0\u00a0 <\/strong><\/p>\t\t\t\t\t\t\t\t<\/div>\n\t\t\t\t<\/div>\n\t\t\t\t\t<\/div>\n\t\t\t\t<\/div>\n\t\t<div class=\"elementor-element elementor-element-8132a62 e-flex e-con-boxed e-con e-parent\" data-id=\"8132a62\" data-element_type=\"container\" data-settings=\"{&quot;jet_parallax_layout_list&quot;:[]}\">\n\t\t\t\t\t<div class=\"e-con-inner\">\n\t\t\t\t<div class=\"elementor-element elementor-element-6c146db elementor-widget elementor-widget-spacer\" data-id=\"6c146db\" data-element_type=\"widget\" data-widget_type=\"spacer.default\">\n\t\t\t\t<div class=\"elementor-widget-container\">\n\t\t\t\t\t\t\t<div class=\"elementor-spacer\">\n\t\t\t<div class=\"elementor-spacer-inner\"><\/div>\n\t\t<\/div>\n\t\t\t\t\t\t<\/div>\n\t\t\t\t<\/div>\n\t\t\t\t\t<\/div>\n\t\t\t\t<\/div>\n\t\t<div class=\"elementor-element elementor-element-181b695 e-flex e-con-boxed e-con e-parent\" data-id=\"181b695\" data-element_type=\"container\" data-settings=\"{&quot;jet_parallax_layout_list&quot;:[]}\">\n\t\t\t\t\t<div class=\"e-con-inner\">\n\t\t\t\t<div class=\"elementor-element elementor-element-1f82691 elementor-widget elementor-widget-heading\" data-id=\"1f82691\" data-element_type=\"widget\" data-widget_type=\"heading.default\">\n\t\t\t\t<div class=\"elementor-widget-container\">\n\t\t\t\t\t<h2 class=\"elementor-heading-title elementor-size-default\">60 Jahre Selbecker Turnerschaft<\/h2>\t\t\t\t<\/div>\n\t\t\t\t<\/div>\n\t\t\t\t\t<\/div>\n\t\t\t\t<\/div>\n\t\t<div class=\"elementor-element elementor-element-de4ab1a e-flex e-con-boxed e-con e-parent\" data-id=\"de4ab1a\" data-element_type=\"container\" data-settings=\"{&quot;jet_parallax_layout_list&quot;:[]}\">\n\t\t\t\t\t<div class=\"e-con-inner\">\n\t\t\t\t<div class=\"elementor-element elementor-element-6352cb5 elementor-widget elementor-widget-spacer\" data-id=\"6352cb5\" data-element_type=\"widget\" data-widget_type=\"spacer.default\">\n\t\t\t\t<div class=\"elementor-widget-container\">\n\t\t\t\t\t\t\t<div class=\"elementor-spacer\">\n\t\t\t<div class=\"elementor-spacer-inner\"><\/div>\n\t\t<\/div>\n\t\t\t\t\t\t<\/div>\n\t\t\t\t<\/div>\n\t\t\t\t\t<\/div>\n\t\t\t\t<\/div>\n\t\t<div class=\"elementor-element elementor-element-f752fe5 e-flex e-con-boxed e-con e-parent\" data-id=\"f752fe5\" data-element_type=\"container\" data-settings=\"{&quot;jet_parallax_layout_list&quot;:[]}\">\n\t\t\t\t\t<div class=\"e-con-inner\">\n\t\t\t\t<div class=\"elementor-element elementor-element-0ae1d05 elementor-widget elementor-widget-text-editor\" data-id=\"0ae1d05\" data-element_type=\"widget\" data-widget_type=\"text-editor.default\">\n\t\t\t\t<div class=\"elementor-widget-container\">\n\t\t\t\t\t\t\t\t\t<p>Im Juli 1896 wurde die Selbecker Turnerschaft gegr\u00fcndet. Seitdem sind 60 Jahre vergangen, und wir Heutigen k\u00f6nnen uns kaum noch vorstellen, wie das Leben in der damaligen Zeit war. Auf der Stra\u00dfe trottete noch der Fuhrmann mit der Peitsche in der Hand gem\u00e4chlich neben seinem Gaul her oder sa\u00df hoch oben auf dem Bock seines Wagens. Eine Verkehrsunfallstatistik, die uns heute in steigendem Ma\u00dfe in Schrecken versetzt, gab es noch nicht. Und doch war Deutschland damals in einer gewaltigen industriellen Revolution: Es hatte seit dem Kriege 1870\/71 fast 30 Jahre Frieden hinter sich, eine Zeit, in der es vom armen, ackerbautreibenden Lande zu einer industriellen Gro\u00dfmacht herangewachsen war. Die St\u00e4dte unseres Industriebezirks wuchsen unheimlich schnell, sie konnten die Menschmassen, die von allen Seiten hereinstr\u00f6mten, kaum fassen. Deutschland war in wenigen Jahrzehnten mit einem dichten Schienennetz \u00fcberzogen worden, und der Dampf hatte als Energiequelle den Gro\u00dfverkehr und die Fabrik erobert. Unsere liebe Selbecke freilich war auch damals noch ein stilles Fleckchen Erde. Die Stadt war nicht so leicht zu erreichen wie heute; es gab noch keine Stra\u00dfenbahn und die einzelnen Stadtteile waren baulich noch nicht so zusammengewachsen wie heute. Aber hier wie \u00fcberall regte sich bei der Bev\u00f6lkerung ein kr\u00e4ftiges Vereinsleben, das die M\u00e4nner nach schwerer Arbeit auf dem Felde oder in der Fabrik zur Freude und Erholung zusammen f\u00fchrte. Da\u00df die M\u00e4nner nach zw\u00f6lfst\u00fcndiger schwerer Fabrikarbeit noch die Kraft und die Begeisterung f\u00fcr die Verwirklichung idealer Bestrebungen aufbrachten, ist ein Zeichen f\u00fcr den unb\u00e4ndigen Lebenswillen, der im Volke herrschte. Es gab noch keine Vergn\u00fcgungsindustrie, die die Menschen nach getaner Arbeit aufsog; der arbeitende Mensch gestaltete sich seinen Feierabend selbst.<\/p><p>\u00a0<\/p><p>Da war neben dem Gesang vor allem das Turnen die beliebteste Erholung\u00a0 und Entspannung von der Tagesarbeit. Die wechselvollen politischen Schicksale des 19. Jahrhunderts und ein grundlegender\u00a0 gesellschaftlichen Wandlungen in dieser Zeit hatten nicht vermocht, die Ideale des Turnvaters Jahn im Volke vergessen zu machen: Durch k\u00f6rperliche Schulung Leib und Seele der Jugend f\u00fcr den Lebenskampf zu ert\u00fcchtigen! Heute freilich haben alle modernen Kulturstatten den hohen Wert einer sorgf\u00e4ltigen k\u00f6rperliche\u00a0 Erziehung erkannt, und es gibt keinen modernen Staat, der nicht bereit w\u00e4re, daf\u00fcr bedeutende Mittel bereit-zustellen, aber damals waren die M\u00e4nner, die sich zur Gr\u00fcndung von Turnvereinen entschlossen, ganz auf sich selbst gestellt. Zum Turnen geh\u00f6ren nun einmal Ger\u00e4te, und diese mu\u00dften sich die Turner aus eigenen bescheidenen Mitteln beschaffen. Die L\u00f6hne waren trotz der guten Besch\u00e4ftigungslage in der Industrie nicht eben hoch, und so kann man ermessen, welche finanziellen Opfer von jedem Mitglied der jungen Turngemeinde verlangt wurde, wenn es z. B. galt, ein Pferd zu beschaffen! Die M\u00e4nner, die die Selbecker Turnerschaft gr\u00fcndeten, und deren Namen wir in dankbarer Erinnerung behalten, waren:<\/p><p>\u00a0<\/p><p>Karl Klute, Vorsitzender (gestorben)<\/p><p>Fritz Hollkott, Schriftwart (gestorben)<\/p><p>August Siemes, Turnwart<\/p><p>Albert Hollkott<\/p><p>Friedrich Kampmann (gestorben)<\/p><p>Wilhelm Kampmann (gestorben)<\/p><p>Otto Kampmann<\/p><p>Albert Siemes<\/p><p>Robert Siemes<\/p><p>\u00a0<\/p><p>Geturnt wurde \u201eam Kluten\u201c, das ist die Stelle, an der heute das Hotel Schmidt steht, in einem Saale, der vor Jahren abgebrochen wurde. Und hier wurden auch fr\u00f6hliche Feste von der Selbecker Turnerschaft gefeiert, an denen alt und jung\u00a0 auf der Selbecke teilnahm.<\/p><p>Das Turnen selbst vollzog sich nach der Anschauung der damaligen Zeit in streng milit\u00e4rischem Stil, in strammer Haltung und unter scharfem Kommando; die k\u00fcnftigen Rekruten bekamen auf dem Turnboden den ersten \u201eSchliff\u201c. Das Ideal war damals der muskelstarke K\u00f6rper und die exakt ausgef\u00fchrte Bewegung. Die H\u00f6hepunkte aber im Turnerleben waren die Aufm\u00e4rsche auf den gro\u00dfen Turnerfesten. Da marschierten die Turner in wei\u00dfem Dre\u00df in strammem Gleichschritt unter dem Kommando von Turnkameraden, die milit\u00e4rische Ausbildung genossen hatten. Da wurden Gleichschritt und tadellose Haltung aufs h\u00f6chst gewertet. An Festpreisen gab es Trinkh\u00f6rner, Bowlen, Stammgl\u00e4ser und Bilder des Turnvaters Jahn. Noch heute findet man in alten Gastst\u00e4tten diesen Troph\u00e4en, in Schr\u00e4nken sorgf\u00e4ltig aufbewahrt. Gro\u00dfer Wert wurde damals auf das Ringen und das Gewichtheben, das Stemmen gelegt. Und im Ringen lag die Selbecker Turnerschaft bis 1908 etwa immer mit an der Spitze. Da war es der den \u00e4lteren Turnkameraden noch so gut bekannte Heinrich Herkelmann, der auf manchem Turnfest Preise in Gestalt von Standuhren, Sofas und anderen beliebten\u00a0 Gegenst\u00e4nden gewann.<\/p><p>Es zeugt von der tiefen Einsicht in die Bedeutung des Turnens bei den M\u00e4nnern der Selbecker Turnerschaft, da\u00df sie schon fr\u00fch begannen, sich auch der Jugend anzunehmen und sie turnerisch zu betreuen. Im Jahre 1908 wurde bereits eine Sch\u00fclergruppe gegr\u00fcndet.<\/p><p>Dann kam der erste Weltkrieg, der erste gro\u00dfe Einschnitt in das Leben der Menschen unseres Jahrhunderts. Die langen Kriegsjahre rissen auch in die Reihen der Selbecker Turnerschaft empfindliche L\u00fccken: Sieben aktive Turner fielen! Nach dem ersten Weltkriege begann das Turnen von neuem. Neben der Selbecker Turnerschaft hatte bis zum ersten Weltkrieg noch eine zweite Turnergruppe bestanden, die sich \u201eGermania\u201c nannte. Diese ging schlie\u00dflich in die Selbecker Turnerschaft auf. Im Jahre 1926 trat die Selbecker Turnerschaft der Deutsche Turnerschaft bei. Von jetzt ab wurden s\u00e4mtliche Bezirks- und Gauturnfeste der Deutschen Turnerschaft besucht und mancher sch\u00f6ne Erfolg errungen. Damals war der verstorbene Hauptlehrer Karl Boeckmann Vorsitzender des Vereins.<\/p><p>In der Folgezeit gab es immer wieder Bestrebungen, die zahlreichen Einzelvereine der Umgebung zu einem gro\u00dfen Turnverein zusammenzuschlie\u00dfen. Aber die Selbecker Turnerschaft behielt ihre Selbst\u00e4ndigkeit.<\/p><p>In den Bombenjahren des Zweiten Weltkriegs ud in den Notjahren nach 1945 ging das gesamte Verm\u00f6gen an turnerischem Ger\u00e4t verloren. Selbst die Vereinsfahne und ein bei Turnwettk\u00e4mpfen errungenes Banner verbrannten bei einem Bombenangriff.\u00a0 Die allgemeine Not und der Hunger, die Verworrenheit der Lebensumst\u00e4nde nach dem Kriege lie\u00dfen eine Neugr\u00fcndung erst im Jahr 1948 zu. Die Selbecker Turnerschaft hatte dasselbe Schicksal wie so viele andere Vereine: Sie stand vor dem Nichts. Der gr\u00f6\u00dfte Teil des Sportplatzes war in Gartenland umgearbeitet worden, die Umkleidebaracke diente einer Familie als Notwohnung, und es bedurfte langwieriger Auseinandersetzungen, um Platz und Umkleideraum wieder ihrem urspr\u00fcnglichen\u00a0 Zweck zuzuf\u00fchren. Und hier zeigte sich beste turnerische und sportliche Tradition: M\u00e4nner wie August Kimpel und Willi Fraenz sen.\u00a0 gingen mit aller Energie ans Werk, um die Selbecker Turnerschaft neu entstehen zu lassen. Trotz der Geldknappheit unmittelbar nach der W\u00e4hrungsreform gelang es, das notwendige Turnger\u00e4t neu zu beschaffen, vor allem aber, die Selbecker Jugend f\u00fcr das Turnen neu zu gewinnen! Da kein Turnboden vorhanden war, wurde ein\u00a0 von ausgebombtem und Fl\u00fcchtlingen belegter und schlie\u00dflich ger\u00e4umter Saal in der Wirtschaft \u201eAm Brakenberg\u201c notd\u00fcrftig mit eigenen Mitteln und unter Einsatz vieler freiwilliger Arbeitsstunden\u00a0 als Turnsaal instandgesetzt. Ebenso gelang es, den Sportplatz am M\u00e4ckinger Bach wieder in die Hand zu bekommen und herzurichten.<\/p><p>So bl\u00fcht denn seit jener Zeit das turnerische Leben auf der Selbecke von neuem, die schlimmen N\u00f6te sind zwar beseitigt, aber es fehlt noch am Wichtigsten: An einer Turnhalle auf der Selbecke. So m\u00fcssen unsere Turner immer noch zur Turnhalle an der Franzstra\u00dfe, und das ist in den langen Wintermonaten nicht eben bequem. Die Erf\u00fcllung unseres alten Traumes, auf der Selbecke eine Turnhalle zu heben, g\u00e4be uns die M\u00f6glichkeit, die heranwachsende Selbecker Jugend turnerisch restlos zu erfassen.<\/p><p>Ganz besonders wichtig ist die enge Zusammenarbeit zwischen der Selbecker Turnerschaft und der Schule Selbecke. Die Schule Selbecke hat keine Turnhalle, und das Turnen drau\u00dfen wird durch die Unbilden der Witterung in mancher planm\u00e4\u00dfig festgesetzten Stunde unm\u00f6glich gemacht. Da ist von gro\u00dfem Wert, da\u00df sich in der Selbecker Turnerschaft M\u00e4nner und Frauen finden, die sich im Rahmen des Vereins der Schuljugend annehmen und mit ihr regelm\u00e4\u00dfig auf den Turnboden an der Franzstra\u00dfe gehen. Da sind es vor allem die stets unerm\u00fcdlichern Turnbr\u00fcder\u00a0 Willi R\u00fcsseler und Peter Gr\u00e4we, und die Turnschwestern Frau Erika R\u00fcsseler und Frau Lotte Bonner, die sich der Schuljugend\u00a0 innerhalb des Vereins annehmen und so dem zum turnerischen Vorhaben der Schule gro\u00dfe Dienste leisten.<\/p><p>Jedermann im Volke wei\u00df, wie sehr gerade heute die heranwachsende Jugend\u00a0 k\u00f6rperlich wie seelisch bedroht ist, und da ist es nicht dankbar genug anzuerkennen, da\u00df sich M\u00e4nner und Frauen finden ,die zu solchem aufopfernden und selbstlosen Dienst jahraus jahrein immer wieder bereit sind.<\/p><p>Wenn sich aber dann an einem sonnigen Himmelfahrtstage alte und junge Turner zu einem fr\u00f6hlichen Fest drau\u00dfen in unserer herrlichern Heimatnatur zusammenfinden oder sich um die Weihnachtszeit zu einer schlichten und eindrucksvollen\u00a0 Feier unter dem brennenden Lichterbaum versammeln, dann ist alle Arbeit und M\u00fche angesichts der frohen und gl\u00fccklichen Kinderschar reichlich gelohnt! Denn es geht uns letzten Endes um die Jugend, um die, die nach uns kommen und denen wir helfen wollen, einen gesunden K\u00f6rper und eine gesunde Seele mit ins Leben hinausnehmen zu k\u00f6nnen!<\/p>\t\t\t\t\t\t\t\t<\/div>\n\t\t\t\t<\/div>\n\t\t\t\t\t<\/div>\n\t\t\t\t<\/div>\n\t\t\t\t<\/div>\n\t\t","protected":false},"excerpt":{"rendered":"<p>1956: 60 Jahre Selbecker Turnerschaft Armin Vo\u00df ver\u00f6ffentlicht in seiner Dokumentation 75 Jahre Turnen und Sport in der Selbecke in der Festschrift zum 75j\u00e4hrigen Jubil\u00e4um der Selbecker Turnerschaft eine umfassende, durchaus wissenschaftlichen Anspr\u00fcchen gen\u00fcgende \u00a0Darstellung der Geschichte des Vereins seit Ende des 19. Jahrhunderts. In der Festschrift zum 60J\u00e4hrigen der Selbecker Turnerschaft, \u00a0\u00a0im Jahr 1956 [&hellip;]<\/p>\n","protected":false},"author":1,"featured_media":0,"parent":0,"menu_order":0,"comment_status":"closed","ping_status":"closed","template":"elementor_header_footer","meta":{"_acf_changed":false,"footnotes":""},"class_list":["post-2122","page","type-page","status-publish","hentry"],"acf":[],"_links":{"self":[{"href":"http:\/\/selbecke125.de\/index.php?rest_route=\/wp\/v2\/pages\/2122","targetHints":{"allow":["GET"]}}],"collection":[{"href":"http:\/\/selbecke125.de\/index.php?rest_route=\/wp\/v2\/pages"}],"about":[{"href":"http:\/\/selbecke125.de\/index.php?rest_route=\/wp\/v2\/types\/page"}],"author":[{"embeddable":true,"href":"http:\/\/selbecke125.de\/index.php?rest_route=\/wp\/v2\/users\/1"}],"replies":[{"embeddable":true,"href":"http:\/\/selbecke125.de\/index.php?rest_route=%2Fwp%2Fv2%2Fcomments&post=2122"}],"version-history":[{"count":13,"href":"http:\/\/selbecke125.de\/index.php?rest_route=\/wp\/v2\/pages\/2122\/revisions"}],"predecessor-version":[{"id":2221,"href":"http:\/\/selbecke125.de\/index.php?rest_route=\/wp\/v2\/pages\/2122\/revisions\/2221"}],"wp:attachment":[{"href":"http:\/\/selbecke125.de\/index.php?rest_route=%2Fwp%2Fv2%2Fmedia&parent=2122"}],"curies":[{"name":"wp","href":"https:\/\/api.w.org\/{rel}","templated":true}]}}