{"id":1997,"date":"2025-06-09T15:42:02","date_gmt":"2025-06-09T13:42:02","guid":{"rendered":"https:\/\/selbecke125.de\/?page_id=1997"},"modified":"2025-06-09T16:30:30","modified_gmt":"2025-06-09T14:30:30","slug":"landwirtschaft-in-der-selbecke","status":"publish","type":"page","link":"http:\/\/selbecke125.de\/?page_id=1997","title":{"rendered":"Landwirtschaft in der Selbecke"},"content":{"rendered":"\t\t<div data-elementor-type=\"wp-post\" data-elementor-id=\"1997\" class=\"elementor elementor-1997\" data-elementor-post-type=\"page\">\n\t\t\t\t<div class=\"elementor-element elementor-element-5dc2cf0 e-flex e-con-boxed e-con e-parent\" data-id=\"5dc2cf0\" data-element_type=\"container\" data-settings=\"{&quot;jet_parallax_layout_list&quot;:[]}\">\n\t\t\t\t\t<div class=\"e-con-inner\">\n\t\t\t\t<div class=\"elementor-element elementor-element-7b04b5e elementor-widget elementor-widget-spacer\" data-id=\"7b04b5e\" data-element_type=\"widget\" data-widget_type=\"spacer.default\">\n\t\t\t\t<div class=\"elementor-widget-container\">\n\t\t\t\t\t\t\t<div class=\"elementor-spacer\">\n\t\t\t<div class=\"elementor-spacer-inner\"><\/div>\n\t\t<\/div>\n\t\t\t\t\t\t<\/div>\n\t\t\t\t<\/div>\n\t\t\t\t\t<\/div>\n\t\t\t\t<\/div>\n\t\t<div class=\"elementor-element elementor-element-83d8212 e-flex e-con-boxed e-con e-parent\" data-id=\"83d8212\" data-element_type=\"container\" data-settings=\"{&quot;jet_parallax_layout_list&quot;:[]}\">\n\t\t\t\t\t<div class=\"e-con-inner\">\n\t\t\t\t<div class=\"elementor-element elementor-element-f4a51f5 elementor-widget elementor-widget-heading\" data-id=\"f4a51f5\" data-element_type=\"widget\" data-widget_type=\"heading.default\">\n\t\t\t\t<div class=\"elementor-widget-container\">\n\t\t\t\t\t<h2 class=\"elementor-heading-title elementor-size-default\">Landwirtschaft in der Selbecke<\/h2>\t\t\t\t<\/div>\n\t\t\t\t<\/div>\n\t\t\t\t\t<\/div>\n\t\t\t\t<\/div>\n\t\t<div class=\"elementor-element elementor-element-c85f253 e-flex e-con-boxed e-con e-parent\" data-id=\"c85f253\" data-element_type=\"container\" data-settings=\"{&quot;jet_parallax_layout_list&quot;:[]}\">\n\t\t\t\t\t<div class=\"e-con-inner\">\n\t\t\t\t<div class=\"elementor-element elementor-element-99c8475 elementor-widget elementor-widget-text-editor\" data-id=\"99c8475\" data-element_type=\"widget\" data-widget_type=\"text-editor.default\">\n\t\t\t\t<div class=\"elementor-widget-container\">\n\t\t\t\t\t\t\t\t\t<p>In der Festschrift zum 60j\u00e4hrigen Bestehen der Selbecker Turnerschaft hei\u00dft es: <br \/><br \/>[\u2026]wir Heutigen k\u00f6nnen uns kaum noch vorstellen, wie das Leben in der damaligen Zeit war. Auf der Stra\u00dfe trottete noch der Fuhrmann mit der Peitsche in der Hand gem\u00e4chlich neben seinem Gaul her oder sa\u00df hoch oben auf dem Bock seines Wagens. Eine Verkehrsunfallstatistik, die uns heute in steigendem Ma\u00dfe in Schrecken versetzt, gab es noch nicht. [\u2026] Unsere liebe Selbecke freilich war auch damals noch ein stilles Fleckchen Erde. Die Stadt war nicht so leicht zu erreichen wie heute; es gab noch keine Stra\u00dfenbahn und die einzelnen Stadtteile waren baulich noch nicht so zusammengewachsen wie heute.<\/p>\n<p>Zeitzeugen haben berichtet, dass die Selbecke zu Beginn des letzten Jahrhunderts weitgehend von \u00e4rmeren Leuten und Arbeitern bewohnt wurde und dass die Landwirtschaft eine wesentliche Rolle im d\u00f6rflichen Leben spielte.<\/p>\n<p>Zu den Bauernh\u00f6fen und Nebenerwerbsbetrieben bis zur zweiten H\u00e4lfte des letzten Jahrhunderts geh\u00f6rten (beginnend in der oberen Selbecke, vgl. den Kartenausschnitt):<\/p>\n<p>\u00a0<\/p>\t\t\t\t\t\t\t\t<\/div>\n\t\t\t\t<\/div>\n\t\t\t\t\t<\/div>\n\t\t\t\t<\/div>\n\t\t<div class=\"elementor-element elementor-element-08eff02 e-flex e-con-boxed e-con e-parent\" data-id=\"08eff02\" data-element_type=\"container\" data-settings=\"{&quot;jet_parallax_layout_list&quot;:[]}\">\n\t\t\t\t\t<div class=\"e-con-inner\">\n\t\t<div class=\"elementor-element elementor-element-148fa5b e-con-full e-flex e-con e-child\" data-id=\"148fa5b\" data-element_type=\"container\" data-settings=\"{&quot;jet_parallax_layout_list&quot;:[]}\">\n\t\t\t\t<div class=\"elementor-element elementor-element-a2e40bf elementor-widget elementor-widget-image\" data-id=\"a2e40bf\" data-element_type=\"widget\" data-widget_type=\"image.default\">\n\t\t\t\t<div class=\"elementor-widget-container\">\n\t\t\t\t\t\t\t\t\t\t\t\t\t\t\t<img fetchpriority=\"high\" decoding=\"async\" width=\"879\" height=\"1024\" src=\"http:\/\/selbecke125.de\/wp-content\/uploads\/2025\/06\/1_links-879x1024.png\" class=\"attachment-large size-large wp-image-1999\" alt=\"\" srcset=\"http:\/\/selbecke125.de\/wp-content\/uploads\/2025\/06\/1_links-879x1024.png 879w, http:\/\/selbecke125.de\/wp-content\/uploads\/2025\/06\/1_links-258x300.png 258w, http:\/\/selbecke125.de\/wp-content\/uploads\/2025\/06\/1_links-768x895.png 768w, http:\/\/selbecke125.de\/wp-content\/uploads\/2025\/06\/1_links-1319x1536.png 1319w, http:\/\/selbecke125.de\/wp-content\/uploads\/2025\/06\/1_links.png 1663w\" sizes=\"(max-width: 879px) 100vw, 879px\" \/>\t\t\t\t\t\t\t\t\t\t\t\t\t\t\t<\/div>\n\t\t\t\t<\/div>\n\t\t\t\t<\/div>\n\t\t<div class=\"elementor-element elementor-element-01e54ec e-con-full e-flex e-con e-child\" data-id=\"01e54ec\" data-element_type=\"container\" data-settings=\"{&quot;jet_parallax_layout_list&quot;:[]}\">\n\t\t\t\t<div class=\"elementor-element elementor-element-7621dec elementor-widget elementor-widget-text-editor\" data-id=\"7621dec\" data-element_type=\"widget\" data-widget_type=\"text-editor.default\">\n\t\t\t\t<div class=\"elementor-widget-container\">\n\t\t\t\t\t\t\t\t\t<p>1 Karl Schl\u00f6sser \u2013 sp\u00e4ter Gastst\u00e4tte Zum Roten Hirsch \u2013 am Hirtze<\/p>\n<p>2 Karl Goebel \u2013 am Brakenberg, heute Gastst\u00e4tte Zum Tanneneck<\/p>\n<p>3 Heinrich (Heinemann) Kaul &#8211; Buscherberg<\/p>\n<p>4 Horst G\u00f6bel \u2013 sp\u00e4ter Selbecker Hof<\/p>\n<p>5 Paul-Gerd Kalthoff \u2013 heute Gastst\u00e4tte Auf\u00b4m Kamp<\/p>\n<p>6 Otto Kampmann \u2013 Selbecker Stieg<\/p>\n<p>7 Wilhelm Karl G\u00f6bel \u2013 heute Gastst\u00e4tte Rosengarten<\/p>\n<p>8 Karl Rafflenbeul \u2013 Auf dem Killing<\/p>\n<p>9 Fam. Ahrens &#8211; M\u00e4ckingerbach<\/p>\t\t\t\t\t\t\t\t<\/div>\n\t\t\t\t<\/div>\n\t\t\t\t<\/div>\n\t\t\t\t\t<\/div>\n\t\t\t\t<\/div>\n\t\t<div class=\"elementor-element elementor-element-5e81988 e-flex e-con-boxed e-con e-parent\" data-id=\"5e81988\" data-element_type=\"container\" data-settings=\"{&quot;jet_parallax_layout_list&quot;:[]}\">\n\t\t\t\t\t<div class=\"e-con-inner\">\n\t\t\t\t<div class=\"elementor-element elementor-element-c3a5efd elementor-widget elementor-widget-heading\" data-id=\"c3a5efd\" data-element_type=\"widget\" data-widget_type=\"heading.default\">\n\t\t\t\t<div class=\"elementor-widget-container\">\n\t\t\t\t\t<h2 class=\"elementor-heading-title elementor-size-default\">Auf dem Killing<\/h2>\t\t\t\t<\/div>\n\t\t\t\t<\/div>\n\t\t\t\t\t<\/div>\n\t\t\t\t<\/div>\n\t\t<div class=\"elementor-element elementor-element-62da385 e-flex e-con-boxed e-con e-parent\" data-id=\"62da385\" data-element_type=\"container\" data-settings=\"{&quot;jet_parallax_layout_list&quot;:[]}\">\n\t\t\t\t\t<div class=\"e-con-inner\">\n\t\t\t\t<div class=\"elementor-element elementor-element-00316c3 elementor-widget elementor-widget-text-editor\" data-id=\"00316c3\" data-element_type=\"widget\" data-widget_type=\"text-editor.default\">\n\t\t\t\t<div class=\"elementor-widget-container\">\n\t\t\t\t\t\t\t\t\t<p>Horst Rafflenbeul ist Seniorbauer auf dem Killing, sein Sohn Sven bewirtschaftet den Hof seit 2006 nun in16. Generation \u2013 von den H\u00f6fen in der Selbecke besteht nur noch dieser eine landwirtschaftliche Betrieb.<\/p>\n<p>1769 heiratete ein Johann Eberhard vom Rafflenbeul seine Anna Helene Schulte vom Hofe Killing; Caspar Heinrich (1757-1810) \u00fcbernahm nach seiner Heirat 1773 mit Maria Catharina Schulte (1752-1835) den Killing-Hof. Seit jener Zeit hei\u00dft es: Rafflenbeul auf dem Killing. (vgl. WP\/WR-Sonderbeilage 25.2.1986)<\/p>\n<p>Aus Erz\u00e4hlungen wei\u00df man, dass Horsts Opa Mitglied des Sch\u00fctzenvereins Hubertush\u00f6he war, am Sch\u00fctzenstand (heute Ger\u00e4tehaus) hatte er eine Kneipe eingerichtet, die nicht nur bei Sch\u00fctzenfesten gern besucht wurde.<\/p>\t\t\t\t\t\t\t\t<\/div>\n\t\t\t\t<\/div>\n\t\t\t\t\t<\/div>\n\t\t\t\t<\/div>\n\t\t<div class=\"elementor-element elementor-element-19b54eb e-flex e-con-boxed e-con e-parent\" data-id=\"19b54eb\" data-element_type=\"container\" data-settings=\"{&quot;jet_parallax_layout_list&quot;:[]}\">\n\t\t\t\t\t<div class=\"e-con-inner\">\n\t\t<div class=\"elementor-element elementor-element-e655cc2 e-grid e-con-full e-con e-child\" data-id=\"e655cc2\" data-element_type=\"container\" data-settings=\"{&quot;jet_parallax_layout_list&quot;:[]}\">\n\t\t\t\t<div class=\"jupiter-tooltip-widget elementor-element elementor-element-6fe1d4e elementor-widget elementor-widget-image\" data-jupiter-tooltip-settings=\"{&quot;tooltip&quot;:&quot;true&quot;,&quot;tooltipDescription&quot;:&quot;&lt;p&gt;Der Hof in den 20er Jahren&lt;\\\/p&gt;&quot;,&quot;tooltipPlacement&quot;:&quot;top&quot;,&quot;tooltipArrow&quot;:true,&quot;xOffset&quot;:0,&quot;yOffset&quot;:0,&quot;tooltipAnimation&quot;:&quot;fade&quot;,&quot;tooltipTrigger&quot;:&quot;mouseenter&quot;,&quot;zIndex&quot;:999,&quot;customSelector&quot;:&quot;&quot;,&quot;delay&quot;:0}\" data-id=\"6fe1d4e\" data-element_type=\"widget\" data-widget_type=\"image.default\">\n\t\t\t\t<div class=\"elementor-widget-container\">\n\t\t\t\t\t<div id=\"jupiter-tooltip-content-6fe1d4e\" class=\"jupiter-tooltip-widget__content\"><p>Der Hof in den 20er Jahren<\/p><\/div>\t\t\t\t\t\t\t\t\t\t<img decoding=\"async\" width=\"768\" height=\"512\" src=\"http:\/\/selbecke125.de\/wp-content\/uploads\/2025\/06\/2links-768x512.jpg\" class=\"attachment-medium_large size-medium_large wp-image-2003\" alt=\"\" srcset=\"http:\/\/selbecke125.de\/wp-content\/uploads\/2025\/06\/2links-768x512.jpg 768w, http:\/\/selbecke125.de\/wp-content\/uploads\/2025\/06\/2links-300x200.jpg 300w, http:\/\/selbecke125.de\/wp-content\/uploads\/2025\/06\/2links-1024x683.jpg 1024w, http:\/\/selbecke125.de\/wp-content\/uploads\/2025\/06\/2links.jpg 1194w\" sizes=\"(max-width: 768px) 100vw, 768px\" \/>\t\t\t\t\t\t\t\t\t\t\t\t\t\t\t<\/div>\n\t\t\t\t<\/div>\n\t\t\t\t<div class=\"jupiter-tooltip-widget elementor-element elementor-element-50214c4 elementor-widget elementor-widget-image\" data-jupiter-tooltip-settings=\"{&quot;tooltip&quot;:&quot;true&quot;,&quot;tooltipDescription&quot;:&quot;&lt;p&gt;Im Sch\\u00fctzenstand&lt;\\\/p&gt;&quot;,&quot;tooltipPlacement&quot;:&quot;top&quot;,&quot;tooltipArrow&quot;:true,&quot;xOffset&quot;:0,&quot;yOffset&quot;:0,&quot;tooltipAnimation&quot;:&quot;fade&quot;,&quot;tooltipTrigger&quot;:&quot;mouseenter&quot;,&quot;zIndex&quot;:999,&quot;customSelector&quot;:&quot;&quot;,&quot;delay&quot;:0}\" data-id=\"50214c4\" data-element_type=\"widget\" data-widget_type=\"image.default\">\n\t\t\t\t<div class=\"elementor-widget-container\">\n\t\t\t\t\t<div id=\"jupiter-tooltip-content-50214c4\" class=\"jupiter-tooltip-widget__content\"><p>Im Sch\u00fctzenstand<\/p><\/div>\t\t\t\t\t\t\t\t\t\t<img decoding=\"async\" width=\"768\" height=\"543\" src=\"http:\/\/selbecke125.de\/wp-content\/uploads\/2025\/06\/2rechts-768x543.png\" class=\"attachment-medium_large size-medium_large wp-image-2004\" alt=\"\" srcset=\"http:\/\/selbecke125.de\/wp-content\/uploads\/2025\/06\/2rechts-768x543.png 768w, http:\/\/selbecke125.de\/wp-content\/uploads\/2025\/06\/2rechts-300x212.png 300w, http:\/\/selbecke125.de\/wp-content\/uploads\/2025\/06\/2rechts-1024x724.png 1024w, http:\/\/selbecke125.de\/wp-content\/uploads\/2025\/06\/2rechts.png 1243w\" sizes=\"(max-width: 768px) 100vw, 768px\" \/>\t\t\t\t\t\t\t\t\t\t\t\t\t\t\t<\/div>\n\t\t\t\t<\/div>\n\t\t\t\t<\/div>\n\t\t\t\t\t<\/div>\n\t\t\t\t<\/div>\n\t\t<div class=\"elementor-element elementor-element-52fbe50 e-flex e-con-boxed e-con e-parent\" data-id=\"52fbe50\" data-element_type=\"container\" data-settings=\"{&quot;jet_parallax_layout_list&quot;:[]}\">\n\t\t\t\t\t<div class=\"e-con-inner\">\n\t\t\t\t<div class=\"elementor-element elementor-element-3376ab9 elementor-widget elementor-widget-text-editor\" data-id=\"3376ab9\" data-element_type=\"widget\" data-widget_type=\"text-editor.default\">\n\t\t\t\t<div class=\"elementor-widget-container\">\n\t\t\t\t\t\t\t\t\t<p>Bis in die 1960er Jahre gab es auf dem Hof Schweine, K\u00fche und H\u00fchner; mit Pferden und Walze, Egge und Pflug wurden die Felder bestellt und Runkeln und Getreide angebaut. Die Schweine liefen frei herum, alle Monate kam ein Metzger und schlachtete; zur Ernte wurde ein M\u00e4hdrescher vom Ha\u00dfley geliehen; Korn wurde in Behrens M\u00fchle (heute Leste) gemahlen. Die Milchkannen wurden mit Pferd und Wagen zum Bock an der Selbecker Stra\u00dfe gebracht, was im Winter zu Problemen mit den auf dem Weg Schlitten fahrenden Kindern f\u00fchrte \u2013 f\u00fcr die Freunde der beiden S\u00f6hne Karl-Ludwig und Horst war es ansonsten ein Abenteuer im Runkelkeller, auf dem Heuboden, in der Scheune und in den W\u00e4ldern zu spielen.<\/p>\n<p>\u00a0<\/p>\t\t\t\t\t\t\t\t<\/div>\n\t\t\t\t<\/div>\n\t\t\t\t\t<\/div>\n\t\t\t\t<\/div>\n\t\t<div class=\"elementor-element elementor-element-df7653f e-flex e-con-boxed e-con e-parent\" data-id=\"df7653f\" data-element_type=\"container\" data-settings=\"{&quot;jet_parallax_layout_list&quot;:[]}\">\n\t\t\t\t\t<div class=\"e-con-inner\">\n\t\t\t\t<div class=\"jupiter-tooltip-widget elementor-element elementor-element-85b22af elementor-widget elementor-widget-image\" data-jupiter-tooltip-settings=\"{&quot;tooltip&quot;:&quot;true&quot;,&quot;tooltipDescription&quot;:&quot;&lt;p&gt;Karl Rafflenbeul in den 30er Jahren, bevor ein Trecker Angeschafft werden konnte&lt;\\\/p&gt;&quot;,&quot;tooltipPlacement&quot;:&quot;top&quot;,&quot;tooltipArrow&quot;:true,&quot;xOffset&quot;:0,&quot;yOffset&quot;:0,&quot;tooltipAnimation&quot;:&quot;fade&quot;,&quot;tooltipTrigger&quot;:&quot;mouseenter&quot;,&quot;zIndex&quot;:999,&quot;customSelector&quot;:&quot;&quot;,&quot;delay&quot;:0}\" data-id=\"85b22af\" data-element_type=\"widget\" data-widget_type=\"image.default\">\n\t\t\t\t<div class=\"elementor-widget-container\">\n\t\t\t\t\t<div id=\"jupiter-tooltip-content-85b22af\" class=\"jupiter-tooltip-widget__content\"><p>Karl Rafflenbeul in den 30er Jahren, bevor ein Trecker Angeschafft werden konnte<\/p><\/div>\t\t\t\t\t\t\t\t\t\t<img loading=\"lazy\" decoding=\"async\" width=\"1024\" height=\"575\" src=\"http:\/\/selbecke125.de\/wp-content\/uploads\/2025\/06\/3_mitte-1024x575.jpg\" class=\"attachment-large size-large wp-image-2014\" alt=\"\" srcset=\"http:\/\/selbecke125.de\/wp-content\/uploads\/2025\/06\/3_mitte-1024x575.jpg 1024w, http:\/\/selbecke125.de\/wp-content\/uploads\/2025\/06\/3_mitte-300x169.jpg 300w, http:\/\/selbecke125.de\/wp-content\/uploads\/2025\/06\/3_mitte-768x432.jpg 768w, http:\/\/selbecke125.de\/wp-content\/uploads\/2025\/06\/3_mitte-1536x863.jpg 1536w, http:\/\/selbecke125.de\/wp-content\/uploads\/2025\/06\/3_mitte.jpg 1920w\" sizes=\"(max-width: 1024px) 100vw, 1024px\" \/>\t\t\t\t\t\t\t\t\t\t\t\t\t\t\t<\/div>\n\t\t\t\t<\/div>\n\t\t\t\t\t<\/div>\n\t\t\t\t<\/div>\n\t\t<div class=\"elementor-element elementor-element-8d6e2f6 e-flex e-con-boxed e-con e-parent\" data-id=\"8d6e2f6\" data-element_type=\"container\" data-settings=\"{&quot;jet_parallax_layout_list&quot;:[]}\">\n\t\t\t\t\t<div class=\"e-con-inner\">\n\t\t\t\t<div class=\"elementor-element elementor-element-83b5e75 elementor-widget elementor-widget-text-editor\" data-id=\"83b5e75\" data-element_type=\"widget\" data-widget_type=\"text-editor.default\">\n\t\t\t\t<div class=\"elementor-widget-container\">\n\t\t\t\t\t\t\t\t\t<p>Anfang der 50er Jahre wurden Kartoffeln angebaut f\u00fcr die Anzahlung des ersten Treckers; in den Herbstferien verdienten sich die Kinder der Selbecke ein paar Mark bei der Lese auf dem Feld oberhalb des damaligen Sportplatzes.<\/p>\n<p>\u00a0<\/p>\n<p>Aus wirtschaftlichen Gr\u00fcnden spezialisierte sich der Betrieb in den 60er Jahren auf Milchwirtschaft, sein Fortbestehen wurde schlie\u00dflich durch den Neubau am Parkplatz des Freilichtmuseums gesichert: Nach jahrelangen Verhandlungen kam es zu einem Grundst\u00fccks-Tauschvertrag, der\u00a0 Voraussetzung f\u00fcr den Neubau der <em>K\u00e4sedeele<\/em>. Heute werden Superm\u00e4rkte und Raiffeisengesch\u00e4fte mit Milch, Joghurt und K\u00e4se bis nach M\u00fcnster beliefert. Waren es\u00a0 in den 60er Jahren 20 K\u00fche, so stehen heute 95 K\u00fche im Stall am Parkplatz des Freilichtmuseums, noch mal so viele Jungtiere stehen in Breckerfeld auf einem ehemaligem Bauernhof, weil auf dem Killing nicht genug Platz ist.<\/p>\n<p>\u00a0<\/p>\n<p>Horst hat in der Sch\u00fclermannschaft der Turnerschaft Handball gespielt, er war auch mit der Schulmannschaft Stadtmeister. Wegen der k\u00f6rperlichen Einschr\u00e4nkungen seines Vaters und der Arbeit auf dem Hof hat er dann mit dem Handballspielen aufh\u00f6ren m\u00fcssen \u2013 er wollte ja auch Bauer werden, bei Geburten von K\u00e4lbern helfen, N\u00e4chte lang durchwachen und warten, \u201edas war immer mein Ding\u201c.\u00a0\u00a0\u00a0<\/p>\n<p>\u00a0<\/p>\n<p>Verbundenheit mit der Selbecke zeigt Horst durch seine Mitarbeit in der Facebook-Gruppe <em>Du bist Eilper, wenn \u2026.<\/em><\/p>\t\t\t\t\t\t\t\t<\/div>\n\t\t\t\t<\/div>\n\t\t\t\t\t<\/div>\n\t\t\t\t<\/div>\n\t\t<div class=\"elementor-element elementor-element-cdfecf6 e-flex e-con-boxed e-con e-parent\" data-id=\"cdfecf6\" data-element_type=\"container\" data-settings=\"{&quot;jet_parallax_layout_list&quot;:[]}\">\n\t\t\t\t\t<div class=\"e-con-inner\">\n\t\t\t\t<div class=\"elementor-element elementor-element-cf99c97 elementor-widget elementor-widget-heading\" data-id=\"cf99c97\" data-element_type=\"widget\" data-widget_type=\"heading.default\">\n\t\t\t\t<div class=\"elementor-widget-container\">\n\t\t\t\t\t<h2 class=\"elementor-heading-title elementor-size-default\">Hof Brenscheid<\/h2>\t\t\t\t<\/div>\n\t\t\t\t<\/div>\n\t\t\t\t\t<\/div>\n\t\t\t\t<\/div>\n\t\t<div class=\"elementor-element elementor-element-caa61cb e-flex e-con-boxed e-con e-parent\" data-id=\"caa61cb\" data-element_type=\"container\" data-settings=\"{&quot;jet_parallax_layout_list&quot;:[]}\">\n\t\t\t\t\t<div class=\"e-con-inner\">\n\t\t\t\t<div class=\"elementor-element elementor-element-2491522 elementor-widget elementor-widget-text-editor\" data-id=\"2491522\" data-element_type=\"widget\" data-widget_type=\"text-editor.default\">\n\t\t\t\t<div class=\"elementor-widget-container\">\n\t\t\t\t\t\t\t\t\t<p>Lore Kaul lebt in 4. Generation auf dem ehemaligen Hof Brenscheid, dem Namen ihrer Mutter \u2013 die Gegend wurde fr\u00fcher am Hoh genannt. 1960 hat sie ihren Mann Heinrich Kaul geheiratet. Nachdem ihr Vater 1964 ver\u00fcngl\u00fcckte, \u00fcbernahm ihr Mann Heinemann die Arbeit auf dem Hof; vorher hatte er in der Holzwirtschaft beim Forstamt der Stadt gearbeitet.<\/p>\t\t\t\t\t\t\t\t<\/div>\n\t\t\t\t<\/div>\n\t\t\t\t\t<\/div>\n\t\t\t\t<\/div>\n\t\t<div class=\"elementor-element elementor-element-7be6fa0 e-flex e-con-boxed e-con e-parent\" data-id=\"7be6fa0\" data-element_type=\"container\" data-settings=\"{&quot;jet_parallax_layout_list&quot;:[]}\">\n\t\t\t\t\t<div class=\"e-con-inner\">\n\t\t<div class=\"elementor-element elementor-element-0a59149 e-con-full e-flex e-con e-child\" data-id=\"0a59149\" data-element_type=\"container\" data-settings=\"{&quot;jet_parallax_layout_list&quot;:[]}\">\n\t\t\t\t<div class=\"elementor-element elementor-element-dc9416c elementor-widget elementor-widget-image\" data-id=\"dc9416c\" data-element_type=\"widget\" data-widget_type=\"image.default\">\n\t\t\t\t<div class=\"elementor-widget-container\">\n\t\t\t\t\t\t\t\t\t\t\t\t\t\t\t<img loading=\"lazy\" decoding=\"async\" width=\"833\" height=\"1024\" src=\"http:\/\/selbecke125.de\/wp-content\/uploads\/2025\/06\/5links-833x1024.png\" class=\"attachment-large size-large wp-image-2019\" alt=\"\" srcset=\"http:\/\/selbecke125.de\/wp-content\/uploads\/2025\/06\/5links-833x1024.png 833w, http:\/\/selbecke125.de\/wp-content\/uploads\/2025\/06\/5links-244x300.png 244w, http:\/\/selbecke125.de\/wp-content\/uploads\/2025\/06\/5links-768x945.png 768w, http:\/\/selbecke125.de\/wp-content\/uploads\/2025\/06\/5links.png 913w\" sizes=\"(max-width: 833px) 100vw, 833px\" \/>\t\t\t\t\t\t\t\t\t\t\t\t\t\t\t<\/div>\n\t\t\t\t<\/div>\n\t\t\t\t<\/div>\n\t\t<div class=\"elementor-element elementor-element-ce03c5a e-con-full e-flex e-con e-child\" data-id=\"ce03c5a\" data-element_type=\"container\" data-settings=\"{&quot;jet_parallax_layout_list&quot;:[]}\">\n\t\t\t\t<div class=\"elementor-element elementor-element-d4283e3 elementor-widget elementor-widget-image\" data-id=\"d4283e3\" data-element_type=\"widget\" data-widget_type=\"image.default\">\n\t\t\t\t<div class=\"elementor-widget-container\">\n\t\t\t\t\t\t\t\t\t\t\t\t\t\t\t<img loading=\"lazy\" decoding=\"async\" width=\"1024\" height=\"865\" src=\"http:\/\/selbecke125.de\/wp-content\/uploads\/2025\/06\/5rechts-1024x865.png\" class=\"attachment-large size-large wp-image-2020\" alt=\"\" srcset=\"http:\/\/selbecke125.de\/wp-content\/uploads\/2025\/06\/5rechts-1024x865.png 1024w, http:\/\/selbecke125.de\/wp-content\/uploads\/2025\/06\/5rechts-300x254.png 300w, http:\/\/selbecke125.de\/wp-content\/uploads\/2025\/06\/5rechts-768x649.png 768w, http:\/\/selbecke125.de\/wp-content\/uploads\/2025\/06\/5rechts.png 1085w\" sizes=\"(max-width: 1024px) 100vw, 1024px\" \/>\t\t\t\t\t\t\t\t\t\t\t\t\t\t\t<\/div>\n\t\t\t\t<\/div>\n\t\t\t\t<\/div>\n\t\t\t\t\t<\/div>\n\t\t\t\t<\/div>\n\t\t<div class=\"elementor-element elementor-element-bdd97a3 e-flex e-con-boxed e-con e-parent\" data-id=\"bdd97a3\" data-element_type=\"container\" data-settings=\"{&quot;jet_parallax_layout_list&quot;:[]}\">\n\t\t\t\t\t<div class=\"e-con-inner\">\n\t\t\t\t<div class=\"elementor-element elementor-element-15fa155 elementor-widget elementor-widget-text-editor\" data-id=\"15fa155\" data-element_type=\"widget\" data-widget_type=\"text-editor.default\">\n\t\t\t\t<div class=\"elementor-widget-container\">\n\t\t\t\t\t\t\t\t\t<p>Auf dem Hof wurden Rinder und Bullen gez\u00fcchtet und K\u00fche gehalten; ihr Opa hatte ein Milchgesch\u00e4ft, er belieferte die Selbecke und die Stra\u00dfe Zur H\u00f6he. In der Scheune war eine Feilenhauerei, die um Jahrhundertwende gegr\u00fcndet wurde; ihr Vater ist 1898 geboren. Auch unten an der H\u00f6hwaldstra\u00dfe war eine Schmiede und eine Feilenhauerei. Ein Nachbar war Bauer Schulte, der im wesentlichen Rinder z\u00fcchtete.<\/p>\n<p>Als sich in den 70er Jahren herausstellte, dass sich die Landwirtschaft nicht mehr lohnte, zu viel Arbeit bei zu geringem Ertrag, entschieden sie sich stattdessen Wohnungen zu bauen. 1973 wurde aus dem vorherigen Kuhstall ihr jetziges Wohnhaus gebaut. Im wesentlichen f\u00fcr die Tiere wurden Kartoffeln und Runkeln angebaut und Heu gemacht; die Felder geh\u00f6ren ihnen noch heute, sie sind verpachtet u.a. f\u00fcr Schafe.<\/p>\t\t\t\t\t\t\t\t<\/div>\n\t\t\t\t<\/div>\n\t\t\t\t\t<\/div>\n\t\t\t\t<\/div>\n\t\t<div class=\"elementor-element elementor-element-21f04dd e-flex e-con-boxed e-con e-parent\" data-id=\"21f04dd\" data-element_type=\"container\" data-settings=\"{&quot;jet_parallax_layout_list&quot;:[]}\">\n\t\t\t\t\t<div class=\"e-con-inner\">\n\t\t<div class=\"elementor-element elementor-element-ba22d54 e-con-full e-flex e-con e-child\" data-id=\"ba22d54\" data-element_type=\"container\" data-settings=\"{&quot;jet_parallax_layout_list&quot;:[]}\">\n\t\t\t\t<div class=\"elementor-element elementor-element-61b73aa elementor-widget elementor-widget-image\" data-id=\"61b73aa\" data-element_type=\"widget\" data-widget_type=\"image.default\">\n\t\t\t\t<div class=\"elementor-widget-container\">\n\t\t\t\t\t\t\t\t\t\t\t\t\t\t\t<img loading=\"lazy\" decoding=\"async\" width=\"1024\" height=\"670\" src=\"http:\/\/selbecke125.de\/wp-content\/uploads\/2025\/06\/6links-1024x670.jpg\" class=\"attachment-large size-large wp-image-2022\" alt=\"\" srcset=\"http:\/\/selbecke125.de\/wp-content\/uploads\/2025\/06\/6links-1024x670.jpg 1024w, http:\/\/selbecke125.de\/wp-content\/uploads\/2025\/06\/6links-300x196.jpg 300w, http:\/\/selbecke125.de\/wp-content\/uploads\/2025\/06\/6links-768x502.jpg 768w, http:\/\/selbecke125.de\/wp-content\/uploads\/2025\/06\/6links-1536x1005.jpg 1536w, http:\/\/selbecke125.de\/wp-content\/uploads\/2025\/06\/6links.jpg 1920w\" sizes=\"(max-width: 1024px) 100vw, 1024px\" \/>\t\t\t\t\t\t\t\t\t\t\t\t\t\t\t<\/div>\n\t\t\t\t<\/div>\n\t\t\t\t<\/div>\n\t\t<div class=\"elementor-element elementor-element-b7d6dd2 e-con-full e-flex e-con e-child\" data-id=\"b7d6dd2\" data-element_type=\"container\" data-settings=\"{&quot;jet_parallax_layout_list&quot;:[]}\">\n\t\t\t\t<div class=\"elementor-element elementor-element-0376dbf elementor-widget elementor-widget-image\" data-id=\"0376dbf\" data-element_type=\"widget\" data-widget_type=\"image.default\">\n\t\t\t\t<div class=\"elementor-widget-container\">\n\t\t\t\t\t\t\t\t\t\t\t\t\t\t\t<img loading=\"lazy\" decoding=\"async\" width=\"1024\" height=\"738\" src=\"http:\/\/selbecke125.de\/wp-content\/uploads\/2025\/06\/6rechts-1024x738.jpg\" class=\"attachment-large size-large wp-image-2023\" alt=\"\" srcset=\"http:\/\/selbecke125.de\/wp-content\/uploads\/2025\/06\/6rechts-1024x738.jpg 1024w, http:\/\/selbecke125.de\/wp-content\/uploads\/2025\/06\/6rechts-300x216.jpg 300w, http:\/\/selbecke125.de\/wp-content\/uploads\/2025\/06\/6rechts-768x554.jpg 768w, http:\/\/selbecke125.de\/wp-content\/uploads\/2025\/06\/6rechts-1536x1108.jpg 1536w, http:\/\/selbecke125.de\/wp-content\/uploads\/2025\/06\/6rechts-2048x1477.jpg 2048w\" sizes=\"(max-width: 1024px) 100vw, 1024px\" \/>\t\t\t\t\t\t\t\t\t\t\t\t\t\t\t<\/div>\n\t\t\t\t<\/div>\n\t\t\t\t<\/div>\n\t\t\t\t\t<\/div>\n\t\t\t\t<\/div>\n\t\t<div class=\"elementor-element elementor-element-f130bcb e-flex e-con-boxed e-con e-parent\" data-id=\"f130bcb\" data-element_type=\"container\" data-settings=\"{&quot;jet_parallax_layout_list&quot;:[]}\">\n\t\t\t\t\t<div class=\"e-con-inner\">\n\t\t\t\t<div class=\"elementor-element elementor-element-d8e7a0e elementor-widget elementor-widget-text-editor\" data-id=\"d8e7a0e\" data-element_type=\"widget\" data-widget_type=\"text-editor.default\">\n\t\t\t\t<div class=\"elementor-widget-container\">\n\t\t\t\t\t\t\t\t\t<p>Der Hof brannte am 1.10.1943 fast vollst\u00e4ndig ab: Auf dem K\u00f6tting war eine Schein-Eisenh\u00fctte aufgebaut worden, um die Flugzeuge anzulocken und sie dann mit der Flack abzuschie\u00dfen \u2013 eine der Phosphor-Brandbomben schlug auf dem Hof eine, nur das festgestampfte Heu, das nicht so schnell brannte, erm\u00f6glichte es einige M\u00f6bel zuretten. W\u00e4hren der Zeit des Wiederaufbaus wohnte die Familie in der alten Schmiede, \u00fcbernachten konnten sie in einem Zimmer am Brakenberg<\/p>\n<p>Bei Kriegsende kamen die Amerikaner die Selbecke hoch, sie ruhten sich oberhalb der Landstra\u00dfe bei Brenscheidts aus. Die auf dem Hof arbeitende Russin Natalka, die eine ganz enge Beziehung zu Lores Mutter hatte, nahmen sie unter Tr\u00e4nen mit \u2013 sie haben nichts mehr voneinander geh\u00f6rt.<\/p>\n<p>Lore Kaul ist regelm\u00e4\u00dfig zu Veranstaltungen der Turnerschaft gegangen, sie pflegte u.a. engsten Kontakt zu Ilse Kalthoff, dem Goldst\u00fcck. <\/p>\t\t\t\t\t\t\t\t<\/div>\n\t\t\t\t<\/div>\n\t\t\t\t\t<\/div>\n\t\t\t\t<\/div>\n\t\t<div class=\"elementor-element elementor-element-a34611b e-flex e-con-boxed e-con e-parent\" data-id=\"a34611b\" data-element_type=\"container\" data-settings=\"{&quot;jet_parallax_layout_list&quot;:[]}\">\n\t\t\t\t\t<div class=\"e-con-inner\">\n\t\t\t\t<div class=\"elementor-element elementor-element-d99f18d elementor-widget elementor-widget-text-editor\" data-id=\"d99f18d\" data-element_type=\"widget\" data-widget_type=\"text-editor.default\">\n\t\t\t\t<div class=\"elementor-widget-container\">\n\t\t\t\t\t\t\t\t\t<p>Paul-Gerd <strong><em>Kalthoff<\/em> <\/strong>\u00a0ist der Senior <em>Auf\u00b4m Kamp, <\/em>der Hof wurde erstmals 1770 in Dokumenten erw\u00e4hnt.<\/p>\t\t\t\t\t\t\t\t<\/div>\n\t\t\t\t<\/div>\n\t\t\t\t\t<\/div>\n\t\t\t\t<\/div>\n\t\t<div class=\"elementor-element elementor-element-dbf234a e-flex e-con-boxed e-con e-parent\" data-id=\"dbf234a\" data-element_type=\"container\" data-settings=\"{&quot;jet_parallax_layout_list&quot;:[]}\">\n\t\t\t\t\t<div class=\"e-con-inner\">\n\t\t\t\t<div class=\"elementor-element elementor-element-6a6370d elementor-widget elementor-widget-heading\" data-id=\"6a6370d\" data-element_type=\"widget\" data-widget_type=\"heading.default\">\n\t\t\t\t<div class=\"elementor-widget-container\">\n\t\t\t\t\t<h2 class=\"elementor-heading-title elementor-size-default\">Auf\u00b4m Kamp<\/h2>\t\t\t\t<\/div>\n\t\t\t\t<\/div>\n\t\t\t\t\t<\/div>\n\t\t\t\t<\/div>\n\t\t<div class=\"elementor-element elementor-element-0bb6a51 e-flex e-con-boxed e-con e-parent\" data-id=\"0bb6a51\" data-element_type=\"container\" data-settings=\"{&quot;jet_parallax_layout_list&quot;:[]}\">\n\t\t\t\t\t<div class=\"e-con-inner\">\n\t\t<div class=\"elementor-element elementor-element-5e8a9bc e-con-full e-flex e-con e-child\" data-id=\"5e8a9bc\" data-element_type=\"container\" data-settings=\"{&quot;jet_parallax_layout_list&quot;:[]}\">\n\t\t\t\t<div class=\"jupiter-tooltip-widget elementor-element elementor-element-3b795f6 elementor-widget elementor-widget-image\" data-jupiter-tooltip-settings=\"{&quot;tooltip&quot;:&quot;true&quot;,&quot;tooltipDescription&quot;:&quot;&lt;p&gt;Feldarbeit in den 30er Jahren&lt;\\\/p&gt;&quot;,&quot;tooltipPlacement&quot;:&quot;top&quot;,&quot;tooltipArrow&quot;:true,&quot;xOffset&quot;:0,&quot;yOffset&quot;:0,&quot;tooltipAnimation&quot;:&quot;fade&quot;,&quot;tooltipTrigger&quot;:&quot;mouseenter&quot;,&quot;zIndex&quot;:999,&quot;customSelector&quot;:&quot;&quot;,&quot;delay&quot;:0}\" data-id=\"3b795f6\" data-element_type=\"widget\" data-widget_type=\"image.default\">\n\t\t\t\t<div class=\"elementor-widget-container\">\n\t\t\t\t\t<div id=\"jupiter-tooltip-content-3b795f6\" class=\"jupiter-tooltip-widget__content\"><p>Feldarbeit in den 30er Jahren<\/p><\/div>\t\t\t\t\t\t\t\t\t\t<img loading=\"lazy\" decoding=\"async\" width=\"1024\" height=\"619\" src=\"http:\/\/selbecke125.de\/wp-content\/uploads\/2025\/06\/7links-1024x619.jpg\" class=\"attachment-large size-large wp-image-2024\" alt=\"\" srcset=\"http:\/\/selbecke125.de\/wp-content\/uploads\/2025\/06\/7links-1024x619.jpg 1024w, http:\/\/selbecke125.de\/wp-content\/uploads\/2025\/06\/7links-300x181.jpg 300w, http:\/\/selbecke125.de\/wp-content\/uploads\/2025\/06\/7links-768x465.jpg 768w, http:\/\/selbecke125.de\/wp-content\/uploads\/2025\/06\/7links-1536x929.jpg 1536w, http:\/\/selbecke125.de\/wp-content\/uploads\/2025\/06\/7links-2048x1239.jpg 2048w\" sizes=\"(max-width: 1024px) 100vw, 1024px\" \/>\t\t\t\t\t\t\t\t\t\t\t\t\t\t\t<\/div>\n\t\t\t\t<\/div>\n\t\t\t\t<\/div>\n\t\t<div class=\"elementor-element elementor-element-c0cdef5 e-con-full e-flex e-con e-child\" data-id=\"c0cdef5\" data-element_type=\"container\" data-settings=\"{&quot;jet_parallax_layout_list&quot;:[]}\">\n\t\t\t\t<div class=\"elementor-element elementor-element-21bb40c elementor-widget elementor-widget-text-editor\" data-id=\"21bb40c\" data-element_type=\"widget\" data-widget_type=\"text-editor.default\">\n\t\t\t\t<div class=\"elementor-widget-container\">\n\t\t\t\t\t\t\t\t\t<p>Bis 1958 wurden K\u00fche gehalten, dies und weitere Landwirtschaft wie Kartoffeln, Hafer und Getreide f\u00fcr Pferde und das Vieh wurde drangegeben, weil Aufwand und Ertrag nicht mehr im gew\u00fcnschten Verh\u00e4ltnis standen. Von 1961 bis 2005 betrieb Familie Kalthoff eine Hafflinger-Zucht; seit dann haben sie nur noch Einsteller. Die ehemalige Felder sind heute Weiden und f\u00fcrs Heumachen genutzt.<\/p>\t\t\t\t\t\t\t\t<\/div>\n\t\t\t\t<\/div>\n\t\t\t\t<\/div>\n\t\t\t\t\t<\/div>\n\t\t\t\t<\/div>\n\t\t<div class=\"elementor-element elementor-element-3aa0324 e-flex e-con-boxed e-con e-parent\" data-id=\"3aa0324\" data-element_type=\"container\" data-settings=\"{&quot;jet_parallax_layout_list&quot;:[]}\">\n\t\t\t\t\t<div class=\"e-con-inner\">\n\t\t\t\t<div class=\"elementor-element elementor-element-d738cce elementor-widget elementor-widget-text-editor\" data-id=\"d738cce\" data-element_type=\"widget\" data-widget_type=\"text-editor.default\">\n\t\t\t\t<div class=\"elementor-widget-container\">\n\t\t\t\t\t\t\t\t\t<p>Oma Frieda, geb. 1891, war eine schillernde Person: Sie betrieb ab Ende der 20er Jahre neben der Landwirtschaft ein Fuhrgesch\u00e4ft, als erste Frau mit Lastwagenf\u00fchrerschein in Hagen. Da sie finanziell gut gestellt war, fuhr sie mit dem Privatwagen bis nach Paris, und sie soll die erste gewesen sein, die auch mit dem Flugzeug geflogen ist. Diese Oma hatte 3 T\u00f6chter, eine davon (Friedchen) war sp\u00e4ter Mitbesitzerin von Hotel Schmidt &#8211; und von den T\u00f6chtern hatte sp\u00e4ter keine einen F\u00fchrerschein.<\/p>\n<p>Paul Gerds Eltern beobachteten, dass Wanderer aus Wehringhausen regelm\u00e4\u00dfig an ihrem Hof vorbeigingen zu Gastst\u00e4tten im Selbecker Tal, also errichteten sie ab 1958 eine Gastst\u00e4tte im ehemaligen H\u00fchnerstall mit der Folge, dass diese dann zum Zwischenstopp einkehrten<\/p>\n<p>Nach einem Brand im Jahr \u2026 \u2026 entstanden statt der Gastst\u00e4tte ein Hotel und ein Restaurant.<\/p>\t\t\t\t\t\t\t\t<\/div>\n\t\t\t\t<\/div>\n\t\t\t\t\t<\/div>\n\t\t\t\t<\/div>\n\t\t<div class=\"elementor-element elementor-element-a76a5c4 e-flex e-con-boxed e-con e-parent\" data-id=\"a76a5c4\" data-element_type=\"container\" data-settings=\"{&quot;jet_parallax_layout_list&quot;:[]}\">\n\t\t\t\t\t<div class=\"e-con-inner\">\n\t\t<div class=\"elementor-element elementor-element-692e412 e-con-full e-flex e-con e-child\" data-id=\"692e412\" data-element_type=\"container\" data-settings=\"{&quot;jet_parallax_layout_list&quot;:[]}\">\n\t\t\t\t<div class=\"elementor-element elementor-element-da8ed22 elementor-widget elementor-widget-image\" data-id=\"da8ed22\" data-element_type=\"widget\" data-widget_type=\"image.default\">\n\t\t\t\t<div class=\"elementor-widget-container\">\n\t\t\t\t\t\t\t\t\t\t\t\t\t\t\t<img loading=\"lazy\" decoding=\"async\" width=\"1024\" height=\"706\" src=\"http:\/\/selbecke125.de\/wp-content\/uploads\/2025\/06\/8links-1024x706.jpg\" class=\"attachment-large size-large wp-image-2028\" alt=\"\" srcset=\"http:\/\/selbecke125.de\/wp-content\/uploads\/2025\/06\/8links-1024x706.jpg 1024w, http:\/\/selbecke125.de\/wp-content\/uploads\/2025\/06\/8links-300x207.jpg 300w, http:\/\/selbecke125.de\/wp-content\/uploads\/2025\/06\/8links-768x529.jpg 768w, http:\/\/selbecke125.de\/wp-content\/uploads\/2025\/06\/8links-1536x1058.jpg 1536w, http:\/\/selbecke125.de\/wp-content\/uploads\/2025\/06\/8links-2048x1411.jpg 2048w\" sizes=\"(max-width: 1024px) 100vw, 1024px\" \/>\t\t\t\t\t\t\t\t\t\t\t\t\t\t\t<\/div>\n\t\t\t\t<\/div>\n\t\t\t\t<\/div>\n\t\t<div class=\"elementor-element elementor-element-7820522 e-con-full e-flex e-con e-child\" data-id=\"7820522\" data-element_type=\"container\" data-settings=\"{&quot;jet_parallax_layout_list&quot;:[]}\">\n\t\t\t\t<div class=\"elementor-element elementor-element-915425d elementor-widget elementor-widget-text-editor\" data-id=\"915425d\" data-element_type=\"widget\" data-widget_type=\"text-editor.default\">\n\t\t\t\t<div class=\"elementor-widget-container\">\n\t\t\t\t\t\t\t\t\t<p>Paul Gerd geh\u00f6rt zu den letzten Selbeckern, die noch viel von der alten, d\u00f6rflichen Zeit wissen, die das Plattdeutsche wenn nicht perfekt sprechen, so doch verstehen und sich in die alte Kultur einf\u00fchlen k\u00f6nnen. Als junger Mann erfuhr er von Leuten wie Korten Karl, der mit anderen zum Kartenspielen zum Kamp kamen, (fast) alles \u00fcber die Selbecke, ihre Bewohner, deren Beziehungen und Verwandtschafts-verh\u00e4ltnisse.<\/p>\t\t\t\t\t\t\t\t<\/div>\n\t\t\t\t<\/div>\n\t\t\t\t<\/div>\n\t\t\t\t\t<\/div>\n\t\t\t\t<\/div>\n\t\t<div class=\"elementor-element elementor-element-6e84344 e-flex e-con-boxed e-con e-parent\" data-id=\"6e84344\" data-element_type=\"container\" data-settings=\"{&quot;jet_parallax_layout_list&quot;:[]}\">\n\t\t\t\t\t<div class=\"e-con-inner\">\n\t\t\t\t<div class=\"elementor-element elementor-element-87bd12a elementor-widget elementor-widget-heading\" data-id=\"87bd12a\" data-element_type=\"widget\" data-widget_type=\"heading.default\">\n\t\t\t\t<div class=\"elementor-widget-container\">\n\t\t\t\t\t<h2 class=\"elementor-heading-title elementor-size-default\">Hof Kampmann<\/h2>\t\t\t\t<\/div>\n\t\t\t\t<\/div>\n\t\t\t\t\t<\/div>\n\t\t\t\t<\/div>\n\t\t<div class=\"elementor-element elementor-element-6e059a9 e-flex e-con-boxed e-con e-parent\" data-id=\"6e059a9\" data-element_type=\"container\" data-settings=\"{&quot;jet_parallax_layout_list&quot;:[]}\">\n\t\t\t\t\t<div class=\"e-con-inner\">\n\t\t\t\t<div class=\"elementor-element elementor-element-0c0b337 elementor-widget elementor-widget-text-editor\" data-id=\"0c0b337\" data-element_type=\"widget\" data-widget_type=\"text-editor.default\">\n\t\t\t\t<div class=\"elementor-widget-container\">\n\t\t\t\t\t\t\t\t\t<p>Klaus Kampmann wohnt noch auf dem Gel\u00e4nde, auf dem sein Opa Otto nach dem 1. Weltkrieg die Landwirtschaft begann.<\/p>\t\t\t\t\t\t\t\t<\/div>\n\t\t\t\t<\/div>\n\t\t\t\t\t<\/div>\n\t\t\t\t<\/div>\n\t\t<div class=\"elementor-element elementor-element-67fb063 e-flex e-con-boxed e-con e-parent\" data-id=\"67fb063\" data-element_type=\"container\" data-settings=\"{&quot;jet_parallax_layout_list&quot;:[]}\">\n\t\t\t\t\t<div class=\"e-con-inner\">\n\t\t<div class=\"elementor-element elementor-element-38cbe13 e-con-full e-flex e-con e-child\" data-id=\"38cbe13\" data-element_type=\"container\" data-settings=\"{&quot;jet_parallax_layout_list&quot;:[]}\">\n\t\t\t\t<div class=\"jupiter-tooltip-widget elementor-element elementor-element-ef01dc5 elementor-widget elementor-widget-image\" data-jupiter-tooltip-settings=\"{&quot;tooltip&quot;:&quot;true&quot;,&quot;tooltipDescription&quot;:&quot;&lt;p&gt;\\u00a0\\u00a0\\u00a0\\u00a0\\u00a0\\u00a0\\u00a0\\u00a0 An den Orten des alten Hofes (im Bild rechts)&lt;\\\/p&gt;\\n&lt;p&gt;\\u00a0\\u00a0\\u00a0\\u00a0\\u00a0\\u00a0\\u00a0\\u00a0\\u00a0 stehen heute Neubauten und deine Tankstelle&lt;\\\/p&gt;&quot;,&quot;tooltipPlacement&quot;:&quot;top&quot;,&quot;tooltipArrow&quot;:true,&quot;xOffset&quot;:0,&quot;yOffset&quot;:0,&quot;tooltipAnimation&quot;:&quot;fade&quot;,&quot;tooltipTrigger&quot;:&quot;mouseenter&quot;,&quot;zIndex&quot;:999,&quot;customSelector&quot;:&quot;&quot;,&quot;delay&quot;:0}\" data-id=\"ef01dc5\" data-element_type=\"widget\" data-widget_type=\"image.default\">\n\t\t\t\t<div class=\"elementor-widget-container\">\n\t\t\t\t\t<div id=\"jupiter-tooltip-content-ef01dc5\" class=\"jupiter-tooltip-widget__content\"><p>\u00a0\u00a0\u00a0\u00a0\u00a0\u00a0\u00a0\u00a0 An den Orten des alten Hofes (im Bild rechts)<\/p>\n<p>\u00a0\u00a0\u00a0\u00a0\u00a0\u00a0\u00a0\u00a0\u00a0 stehen heute Neubauten und deine Tankstelle<\/p><\/div>\t\t\t\t\t\t\t\t\t\t<img loading=\"lazy\" decoding=\"async\" width=\"1024\" height=\"721\" src=\"http:\/\/selbecke125.de\/wp-content\/uploads\/2025\/06\/9links-1024x721.jpg\" class=\"attachment-large size-large wp-image-2029\" alt=\"\" srcset=\"http:\/\/selbecke125.de\/wp-content\/uploads\/2025\/06\/9links-1024x721.jpg 1024w, http:\/\/selbecke125.de\/wp-content\/uploads\/2025\/06\/9links-300x211.jpg 300w, http:\/\/selbecke125.de\/wp-content\/uploads\/2025\/06\/9links-768x541.jpg 768w, http:\/\/selbecke125.de\/wp-content\/uploads\/2025\/06\/9links-1536x1082.jpg 1536w, http:\/\/selbecke125.de\/wp-content\/uploads\/2025\/06\/9links-2048x1443.jpg 2048w\" sizes=\"(max-width: 1024px) 100vw, 1024px\" \/>\t\t\t\t\t\t\t\t\t\t\t\t\t\t\t<\/div>\n\t\t\t\t<\/div>\n\t\t\t\t<\/div>\n\t\t<div class=\"elementor-element elementor-element-345484e e-con-full e-flex e-con e-child\" data-id=\"345484e\" data-element_type=\"container\" data-settings=\"{&quot;jet_parallax_layout_list&quot;:[]}\">\n\t\t\t\t<div class=\"elementor-element elementor-element-e4192af elementor-widget elementor-widget-text-editor\" data-id=\"e4192af\" data-element_type=\"widget\" data-widget_type=\"text-editor.default\">\n\t\t\t\t<div class=\"elementor-widget-container\">\n\t\t\t\t\t\t\t\t\t<p>Sein Vater kam kriegbesch\u00e4digt aus dem Krieg zur\u00fcck, daher hielt die Familie im Nebenerwerbsbetrieb K\u00fche, Schweine und \u00fcber 30 H\u00fchner. Auf den zugeh\u00f6rigen Feldern wurden Kartoffeln angebaut, und in Weidewirtschaft Getreide f\u00fcr die Tiere. Wesentlicher Bestandteil des Bauernhofs war ein umfangreicher, vielf\u00e4ltiger Bauerngarten; es wurde ges\u00e4t, gepflanzt und angebaut, zur D\u00fcngung der Felder und des Gartens wurden die Latrinen der benachbarten alten Selbecker Schule geleert.<\/p>\t\t\t\t\t\t\t\t<\/div>\n\t\t\t\t<\/div>\n\t\t\t\t<\/div>\n\t\t\t\t\t<\/div>\n\t\t\t\t<\/div>\n\t\t<div class=\"elementor-element elementor-element-4eadca3 e-flex e-con-boxed e-con e-parent\" data-id=\"4eadca3\" data-element_type=\"container\" data-settings=\"{&quot;jet_parallax_layout_list&quot;:[]}\">\n\t\t\t\t\t<div class=\"e-con-inner\">\n\t\t\t\t<div class=\"elementor-element elementor-element-7677ca0 elementor-widget elementor-widget-text-editor\" data-id=\"7677ca0\" data-element_type=\"widget\" data-widget_type=\"text-editor.default\">\n\t\t\t\t<div class=\"elementor-widget-container\">\n\t\t\t\t\t\t\t\t\t<p>Von April bis Oktober und dar\u00fcber hinaus gab es eine reiche Ernte von Salaten und Gem\u00fcse aller Art \u00fcber Erdbeeren und Obst. Die letzte Ernte des Jahres waren jeweils die Kartoffeln. Bei der Ernte war die Nachbarschaftshilfe besonders der Familien G\u00f6bel und Kalthoff immer selbstverst\u00e4ndlich, sie wurde dankbar angenommen.<\/p>\n<p>Heute sind auf einigen Fl\u00e4chen des ehemaligen Hofs H\u00e4user gebaut worden, andere Felder wurden verpachtet, u.a. f\u00fcr Esel und Ponys der Familie Kalthoff.<\/p>\n<p>\u00a0<\/p>\t\t\t\t\t\t\t\t<\/div>\n\t\t\t\t<\/div>\n\t\t\t\t\t<\/div>\n\t\t\t\t<\/div>\n\t\t\t\t<\/div>\n\t\t","protected":false},"excerpt":{"rendered":"<p>Landwirtschaft in der Selbecke In der Festschrift zum 60j\u00e4hrigen Bestehen der Selbecker Turnerschaft hei\u00dft es: [\u2026]wir Heutigen k\u00f6nnen uns kaum noch vorstellen, wie das Leben in der damaligen Zeit war. Auf der Stra\u00dfe trottete noch der Fuhrmann mit der Peitsche in der Hand gem\u00e4chlich neben seinem Gaul her oder sa\u00df hoch oben auf dem Bock [&hellip;]<\/p>\n","protected":false},"author":1,"featured_media":0,"parent":0,"menu_order":0,"comment_status":"closed","ping_status":"closed","template":"elementor_header_footer","meta":{"_acf_changed":false,"footnotes":""},"class_list":["post-1997","page","type-page","status-publish","hentry"],"acf":[],"_links":{"self":[{"href":"http:\/\/selbecke125.de\/index.php?rest_route=\/wp\/v2\/pages\/1997","targetHints":{"allow":["GET"]}}],"collection":[{"href":"http:\/\/selbecke125.de\/index.php?rest_route=\/wp\/v2\/pages"}],"about":[{"href":"http:\/\/selbecke125.de\/index.php?rest_route=\/wp\/v2\/types\/page"}],"author":[{"embeddable":true,"href":"http:\/\/selbecke125.de\/index.php?rest_route=\/wp\/v2\/users\/1"}],"replies":[{"embeddable":true,"href":"http:\/\/selbecke125.de\/index.php?rest_route=%2Fwp%2Fv2%2Fcomments&post=1997"}],"version-history":[{"count":25,"href":"http:\/\/selbecke125.de\/index.php?rest_route=\/wp\/v2\/pages\/1997\/revisions"}],"predecessor-version":[{"id":2038,"href":"http:\/\/selbecke125.de\/index.php?rest_route=\/wp\/v2\/pages\/1997\/revisions\/2038"}],"wp:attachment":[{"href":"http:\/\/selbecke125.de\/index.php?rest_route=%2Fwp%2Fv2%2Fmedia&parent=1997"}],"curies":[{"name":"wp","href":"https:\/\/api.w.org\/{rel}","templated":true}]}}