{"id":17,"date":"2018-10-09T15:57:12","date_gmt":"2018-10-09T15:57:12","guid":{"rendered":"https:\/\/jupiterx.artbees.net\/tantalus\/?page_id=17"},"modified":"2025-07-12T12:59:32","modified_gmt":"2025-07-12T10:59:32","slug":"rent","status":"publish","type":"page","link":"http:\/\/selbecke125.de\/?page_id=17","title":{"rendered":"Rent"},"content":{"rendered":"\t\t<div data-elementor-type=\"wp-post\" data-elementor-id=\"17\" class=\"elementor elementor-17\" data-elementor-post-type=\"page\">\n\t\t\t\t<div class=\"elementor-element elementor-element-0100de0 e-flex e-con-boxed e-con e-parent\" data-id=\"0100de0\" data-element_type=\"container\" data-settings=\"{&quot;jet_parallax_layout_list&quot;:[]}\">\n\t\t\t\t\t<div class=\"e-con-inner\">\n\t\t\t\t<div class=\"elementor-element elementor-element-affdebf elementor-widget elementor-widget-spacer\" data-id=\"affdebf\" data-element_type=\"widget\" data-widget_type=\"spacer.default\">\n\t\t\t\t<div class=\"elementor-widget-container\">\n\t\t\t\t\t\t\t<div class=\"elementor-spacer\">\n\t\t\t<div class=\"elementor-spacer-inner\"><\/div>\n\t\t<\/div>\n\t\t\t\t\t\t<\/div>\n\t\t\t\t<\/div>\n\t\t\t\t\t<\/div>\n\t\t\t\t<\/div>\n\t\t<div class=\"elementor-element elementor-element-e53ca32 e-flex e-con-boxed e-con e-parent\" data-id=\"e53ca32\" data-element_type=\"container\" data-settings=\"{&quot;jet_parallax_layout_list&quot;:[]}\">\n\t\t\t\t\t<div class=\"e-con-inner\">\n\t\t\t\t<div class=\"elementor-element elementor-element-3d5b646 elementor-widget elementor-widget-heading\" data-id=\"3d5b646\" data-element_type=\"widget\" data-widget_type=\"heading.default\">\n\t\t\t\t<div class=\"elementor-widget-container\">\n\t\t\t\t\t<h2 class=\"elementor-heading-title elementor-size-default\">Die Turnerschaft<\/h2>\t\t\t\t<\/div>\n\t\t\t\t<\/div>\n\t\t\t\t\t<\/div>\n\t\t\t\t<\/div>\n\t\t<div class=\"elementor-element elementor-element-82b2f07 e-flex e-con-boxed e-con e-parent\" data-id=\"82b2f07\" data-element_type=\"container\" data-settings=\"{&quot;jet_parallax_layout_list&quot;:[]}\">\n\t\t\t\t\t<div class=\"e-con-inner\">\n\t\t\t\t<div class=\"elementor-element elementor-element-9a107b7 elementor-widget elementor-widget-spacer\" data-id=\"9a107b7\" data-element_type=\"widget\" data-widget_type=\"spacer.default\">\n\t\t\t\t<div class=\"elementor-widget-container\">\n\t\t\t\t\t\t\t<div class=\"elementor-spacer\">\n\t\t\t<div class=\"elementor-spacer-inner\"><\/div>\n\t\t<\/div>\n\t\t\t\t\t\t<\/div>\n\t\t\t\t<\/div>\n\t\t\t\t\t<\/div>\n\t\t\t\t<\/div>\n\t\t<div class=\"elementor-element elementor-element-e351b84 e-flex e-con-boxed e-con e-parent\" data-id=\"e351b84\" data-element_type=\"container\" data-settings=\"{&quot;jet_parallax_layout_list&quot;:[]}\">\n\t\t\t\t\t<div class=\"e-con-inner\">\n\t\t\t\t<div class=\"elementor-element elementor-element-a100b14 elementor-widget elementor-widget-text-editor\" data-id=\"a100b14\" data-element_type=\"widget\" data-widget_type=\"text-editor.default\">\n\t\t\t\t<div class=\"elementor-widget-container\">\n\t\t\t\t\t\t\t\t\t<p>Noch bevor die Selbecke als Wohngebiet aus ihrem Schatten heraustrat, entstand zwischen <strong>Kr\u00e4hnocken<\/strong> und\u00a0 <strong>Am Damm<\/strong> die gro\u00dfe Bewegung der Turnerinnen und Turner. Verbunden mit der Sportvereinsgr\u00fcndung war eine ausgepr\u00e4gte Festfreudigkeit; Alt und Jung schauten begeistert zu, wenn in S\u00e4len und auf freien Pl\u00e4tzen flei\u00dfig geturnt wurde. Diese Sportbewegung ist mit der Geschichte und der Entwicklung der Selbecke untrennbar verbunden.<\/p><p><em>\u201eAus kleinen Anf\u00e4ngen heraus, die bis ins Jahr 1896 zur\u00fcckreichen, hat sich die Selbecker Turnerschaft in den 60 Jahren ihres Bestehens zu beachtlicher Gr\u00f6\u00dfe entwickelt. Sie kann nun auf ein Menschenalter turnerischen Wirkens im Raum an der S\u00fcdgrenze unserer Stadt zur\u00fcckblicken. Seit dem Jahr 1908 besteht bereits eine Jugendabteilung, und die erzieherische Arbeit am Nachwuchs hat man seitdem bewusst in den Mittelpunkt gestellt. Gl\u00fccklicherweis bestand zu allen Zeiten eine gute Verbindung\u00a0 zur Selbecker Schule, deren Lehrkr\u00e4fte stets zum Mitarbeiterkreis der Turnerschaft geh\u00f6rten. Sie turnt, spielt Handball, treibt Leichathletik und wandert.[\u2026] Allen Mitarbeitern aber sei daf\u00fcr Dank gesagt, dass sie sich in unserer zu sehr auf das Materielle gerichteten Gegenwart uneigenn\u00fctzig\u00a0 der Jugend annehmen, um ihr im Sinne der altbew\u00e4hrten Jahnschen Grunds\u00e4tze das notwendige k\u00f6rperliche und charakterliche R\u00fcstzeug f\u00fcr das Leben zu vermitteln.\u201c<\/em><\/p><p><em>\u00a0<\/em>Das schrieb der damalige Stadtdirektor und Sportdezernent Biederbeck\u00a0 <strong><em>Zum Geleit<\/em><\/strong>\u00a0 in der Festschrift zum 60j\u00e4hrigen Bestehen der Selbecker Turnerschaft im Jahr 1956. Heute, fast 70 Jahre nach dem 60J\u00e4hrigen, in einer weitgehend anderen Zeit und Gesellschaft: Gilt diese Aussage noch? Sicher nicht f\u00fcr die Verbindung von Verein und Schule \u2013 aber sonst?<\/p><p>Wir wollen uns also aufmachen, die Geschichte der Selbecker Turnerschaft aufleben zu lassen, u.a. mit Hilfe der Texte und Bilder aus Festschriften und Vereinsnachrichten.\u00a0 Einige Texte \u00fcber die Turnerschaft und ihre Mitglieder sind so umfangreich und informativ, dass wir sie nicht verbessern k\u00f6nnen und wollen; erg\u00e4nzt werden sie durch neue Beitr\u00e4ge der weniger werdenden Zeitzeugen und aktuelle Berichte.<\/p><p>F\u00fcr die Festschrift haben wir die Darstellung der Geschichte und Gegenwart der Turnerschaft in f\u00fcnf Bereiche unterteilt:<\/p><p><strong>C-I<\/strong>\u00a0\u00a0 Gr\u00fcndung und Geschichte des Vereins bis 1945, Gr\u00fcnderjahre, Zeitzeugen und Dokumente<\/p><p><strong>C-II<\/strong> Nachkriegsgeschichte, Neugr\u00fcndung, Festschrift zum 60J\u00e4hrigen, der Verein bis in die 60er Jahre, die bewegten 70er, Gr\u00fcndungen, z.B. Jugendabteilung, F\u00f6rderkreis<\/p><p><strong>C-III<\/strong> Abteilungen und <em>Ableger<\/em>, Turnen, Leichtathletik, Handball, Wandern<\/p><p><strong>C-IV<\/strong>\u00a0 Vereinsleben, Sportst\u00e4tten, Handballtage, Kneipen und Traditionen<\/p><p><strong>C-V<\/strong>\u00a0 Die Turnerschaft im Jubil\u00e4umsjahr<\/p><p>Einige der Beitr\u00e4ge werden hier ver\u00f6ffentlicht, au\u00dferdem solche, die wohl nicht in der Festschrift aufgenommen werden.<\/p>\t\t\t\t\t\t\t\t<\/div>\n\t\t\t\t<\/div>\n\t\t\t\t\t<\/div>\n\t\t\t\t<\/div>\n\t\t\t\t<\/div>\n\t\t","protected":false},"excerpt":{"rendered":"<p>Die Turnerschaft Noch bevor die Selbecke als Wohngebiet aus ihrem Schatten heraustrat, entstand zwischen Kr\u00e4hnocken und\u00a0 Am Damm die gro\u00dfe Bewegung der Turnerinnen und Turner. Verbunden mit der Sportvereinsgr\u00fcndung war eine ausgepr\u00e4gte Festfreudigkeit; Alt und Jung schauten begeistert zu, wenn in S\u00e4len und auf freien Pl\u00e4tzen flei\u00dfig geturnt wurde. Diese Sportbewegung ist mit der Geschichte [&hellip;]<\/p>\n","protected":false},"author":1,"featured_media":0,"parent":0,"menu_order":0,"comment_status":"closed","ping_status":"closed","template":"elementor_header_footer","meta":{"_acf_changed":false,"footnotes":""},"class_list":["post-17","page","type-page","status-publish","hentry"],"acf":[],"_links":{"self":[{"href":"http:\/\/selbecke125.de\/index.php?rest_route=\/wp\/v2\/pages\/17","targetHints":{"allow":["GET"]}}],"collection":[{"href":"http:\/\/selbecke125.de\/index.php?rest_route=\/wp\/v2\/pages"}],"about":[{"href":"http:\/\/selbecke125.de\/index.php?rest_route=\/wp\/v2\/types\/page"}],"author":[{"embeddable":true,"href":"http:\/\/selbecke125.de\/index.php?rest_route=\/wp\/v2\/users\/1"}],"replies":[{"embeddable":true,"href":"http:\/\/selbecke125.de\/index.php?rest_route=%2Fwp%2Fv2%2Fcomments&post=17"}],"version-history":[{"count":4,"href":"http:\/\/selbecke125.de\/index.php?rest_route=\/wp\/v2\/pages\/17\/revisions"}],"predecessor-version":[{"id":2121,"href":"http:\/\/selbecke125.de\/index.php?rest_route=\/wp\/v2\/pages\/17\/revisions\/2121"}],"wp:attachment":[{"href":"http:\/\/selbecke125.de\/index.php?rest_route=%2Fwp%2Fv2%2Fmedia&parent=17"}],"curies":[{"name":"wp","href":"https:\/\/api.w.org\/{rel}","templated":true}]}}